{"id":1,"type":"Standard","slug":"\/","media":[],"seo":{"title":"Emil Frey Digital Services: Emil Frey Deutschland: Rund um das Automobil bestens betreut","meta":[{"name":"description","content":"Vom Neuwagen \u00fcber die Tageszulassung bis hin zum Gebrauchtwagen steht Ihnen Emil Frey mit einer Auswahl von \u00fcber 10.000 Fahrzeugen zur Seite."},{"name":"generator","content":"TYPO3 CMS x T3Headless"},{"name":"twitter:card","content":"summary"}],"link":[{"href":"https:\/\/stage.e2ng.carmato-labs.de\/","rel":"canonical"}],"htmlAttrs":{"lang":"de","dir":null},"bodyAttrs":{"class":"pid-1 layout-layout-0"}},"meta":{"title":"Emil Frey Deutschland: Rund um das Automobil bestens betreut","subtitle":"","abstract":"","description":"Vom Neuwagen \u00fcber die Tageszulassung bis hin zum Gebrauchtwagen steht Ihnen Emil Frey mit einer Auswahl von \u00fcber 10.000 Fahrzeugen zur Seite.","keywords":"","canonical":{"href":"https:\/\/stage.e2ng.carmato-labs.de\/","target":null,"class":null,"title":null,"linkText":"t3:\/\/page?uid=1","additionalAttributes":[]},"robots":{"noIndex":false,"noFollow":false},"author":"","authorEmail":"","ogTitle":"Emil Frey. Das Digitale Autohaus in Ihrer N\u00e4he.","ogDescription":"Vom Neuwagen \u00fcber die Tageszulassung bis hin zum Gebrauchtwagen steht Ihnen Emil Frey mit einer Auswahl von \u00fcber 10.000 Fahrzeugen zur Seite.","ogImage":null,"twitterTitle":"Emil Frey. Das Digitale Autohaus in Ihrer N\u00e4he.","twitterDescription":"Vom Neuwagen \u00fcber die Tageszulassung bis hin zum Gebrauchtwagen steht Ihnen Emil Frey mit einer Auswahl von \u00fcber 10.000 Fahrzeugen zur Seite.","twitterCard":"summary","twitterImage":null},"categories":"","breadcrumbs":[{"title":"Emil Frey Deutschland","link":"\/","target":"","active":1,"current":1,"spacer":0,"hasSubpages":1}],"appearance":{"layout":"layout-0","backendLayout":"1"},"content":{"colPos0":[{"id":14184,"type":"o_02_08__featured_image_slider","colPos":0,"categories":"","appearance":{"layout":"default","frameClass":"default","spaceBefore":"","spaceAfter":""},"context":{"ctype":"o_02_08__featured_image_slider","cid":"O 02-08 Featured Image Slider","task":"14892761"},"content":{"cards":[{"id":7038,"pid":1,"type":"m_01_05__featured_image_card","content":{"settings":{"variant":"light"},"header":{"text":"F\u00f6rderung f\u00fcr E-Fahrzeuge","layout":"3"},"subheader":{"text":"Diese Vorteile k\u00f6nnten bereits dieses Jahr auf Sie zukommen","layout":"3"},"action":[{"id":35237,"pid":1,"type":"a_01_01__action","content":{"text":"Mehr erfahren","link":"\/","layout":"hyperlink-primary","variant":"small","icon":{"name":null,"filename":null,"uri":null,"position":null,"variant":null}}}],"image":[[{"publicUrl":"https:\/\/review.cms.emilfrey.carmato.io\/fileadmin\/_processed_\/3\/e\/csm_EF_Wintershooting2025_72_173cbd01f3.jpg","properties":{"title":null,"alternative":null,"description":null,"mimeType":"image\/jpeg","type":"image","filename":"csm_EF_Wintershooting2025_72_173cbd01f3.jpg","originalUrl":"\/fileadmin\/Mediapool\/01_Fotos_Eigene-Aufnahmen\/Elektromobilitaet\/Web_2000x1333\/EF_Wintershooting2025_72.jpg","uidLocal":9073,"fileReferenceUid":34581,"size":"374 KB","link":null,"dimensions":{"width":1000,"height":1251},"cropDimensions":{"width":1000,"height":1251},"crop":{"desktop":{"cropArea":{"height":0.5997001499250375,"width":1,"x":0,"y":0.008995502248875561},"selectedRatio":"5:2","focusArea":null},"mobil":{"cropArea":{"x":0.23333333333333334,"y":0,"width":0.5333333333333334,"height":1},"selectedRatio":"4:5","focusArea":null}},"autoplay":null,"extension":"jpg","actions":null,"overlay_toggle":1},"breakpoint":"(max-width: 991px)"},{"publicUrl":"https:\/\/review.cms.emilfrey.carmato.io\/fileadmin\/_processed_\/3\/e\/csm_EF_Wintershooting2025_72_960d769c2c.jpg","properties":{"title":null,"alternative":null,"description":null,"mimeType":"image\/jpeg","type":"image","filename":"csm_EF_Wintershooting2025_72_960d769c2c.jpg","originalUrl":"\/fileadmin\/Mediapool\/01_Fotos_Eigene-Aufnahmen\/Elektromobilitaet\/Web_2000x1333\/EF_Wintershooting2025_72.jpg","uidLocal":9073,"fileReferenceUid":34581,"size":"5 MB","link":null,"dimensions":{"width":7008,"height":2801},"cropDimensions":{"width":7008,"height":2801},"crop":{"desktop":{"cropArea":{"height":0.5997001499250375,"width":1,"x":0,"y":0.008995502248875561},"selectedRatio":"5:2","focusArea":null},"mobil":{"cropArea":{"x":0.23333333333333334,"y":0,"width":0.5333333333333334,"height":1},"selectedRatio":"4:5","focusArea":null}},"autoplay":null,"extension":"jpg","actions":null,"overlay_toggle":1},"breakpoint":"(min-width: 992px)"}]]}},{"id":5688,"pid":1,"type":"m_01_05__featured_image_card","content":{"settings":{"variant":"light"},"header":{"text":"","layout":"3"},"subheader":{"text":"","layout":"3"},"action":[],"image":[[{"publicUrl":"https:\/\/review.cms.emilfrey.carmato.io\/fileadmin\/Mediapool\/02_Videos-Eigene-Aufnahmen\/Image\/Image-Emilfrey-Deutschland.mp4","properties":{"title":null,"alternative":null,"description":null,"mimeType":"video\/mp4","type":"video","filename":"Image-Emilfrey-Deutschland.mp4","originalUrl":"\/fileadmin\/Mediapool\/02_Videos-Eigene-Aufnahmen\/Image\/Image-Emilfrey-Deutschland.mp4","uidLocal":8155,"fileReferenceUid":34295,"size":"4 MB","link":null,"dimensions":{"width":0,"height":0},"cropDimensions":{"width":0,"height":0},"crop":"","autoplay":0,"extension":"mp4","actions":null,"overlay_toggle":0},"breakpoint":"(max-width: 991px)"},{"publicUrl":"https:\/\/review.cms.emilfrey.carmato.io\/fileadmin\/Mediapool\/02_Videos-Eigene-Aufnahmen\/Image\/Image-Emilfrey-Deutschland.mp4","properties":{"title":null,"alternative":null,"description":null,"mimeType":"video\/mp4","type":"video","filename":"Image-Emilfrey-Deutschland.mp4","originalUrl":"\/fileadmin\/Mediapool\/02_Videos-Eigene-Aufnahmen\/Image\/Image-Emilfrey-Deutschland.mp4","uidLocal":8155,"fileReferenceUid":34295,"size":"4 MB","link":null,"dimensions":{"width":0,"height":0},"cropDimensions":{"width":0,"height":0},"crop":"","autoplay":0,"extension":"mp4","actions":null,"overlay_toggle":0},"breakpoint":"(min-width: 992px)"}]]}},{"id":7011,"pid":1,"type":"m_01_05__featured_image_card","content":{"settings":{"variant":"light"},"header":{"text":"0,39 % Finanzierung\u00b2","layout":"2"},"subheader":{"text":"Verschiedene MG Modelle inkl. Wunschgeschenk im Wert von bis zu 539 \u20ac\u00b3","layout":"1"},"action":[{"id":35211,"pid":1,"type":"a_01_01__action","content":{"text":"Mehr erfahren","link":"\/sehner-automobile#c16011","layout":"hyperlink-primary","variant":"small","icon":{"name":null,"filename":null,"uri":null,"position":null,"variant":null}}}],"image":[[{"publicUrl":"https:\/\/review.cms.emilfrey.carmato.io\/fileadmin\/Hersteller-Mediapool\/MG\/MG3\/mg-motor_mg3-hybrid-plus_luxury_161.jpg","properties":{"title":null,"alternative":null,"description":null,"mimeType":"image\/jpeg","type":"image","filename":null,"originalUrl":"\/fileadmin\/Hersteller-Mediapool\/MG\/MG3\/mg-motor_mg3-hybrid-plus_luxury_161.jpg","uidLocal":8961,"fileReferenceUid":34541,"size":"301 KB","link":null,"dimensions":{"width":1000,"height":1251},"cropDimensions":{"width":1000,"height":1251},"crop":{"desktop":{"cropArea":{"height":0.5997001499250375,"width":1,"x":0,"y":0.36431784107946025},"selectedRatio":"5:2","focusArea":null},"mobil":{"cropArea":{"x":0.23339999999999997,"y":0,"width":0.5332,"height":1},"selectedRatio":"4:5","focusArea":null}},"autoplay":null,"extension":"jpg","actions":null,"overlay_toggle":1},"breakpoint":"(max-width: 991px)"},{"publicUrl":"https:\/\/review.cms.emilfrey.carmato.io\/fileadmin\/_processed_\/7\/4\/csm_mg-motor_mg3-hybrid-plus_luxury_161_995d501924.jpg","properties":{"title":null,"alternative":null,"description":null,"mimeType":"image\/jpeg","type":"image","filename":"csm_mg-motor_mg3-hybrid-plus_luxury_161_995d501924.jpg","originalUrl":"\/fileadmin\/Hersteller-Mediapool\/MG\/MG3\/mg-motor_mg3-hybrid-plus_luxury_161.jpg","uidLocal":8961,"fileReferenceUid":34541,"size":"539 KB","link":null,"dimensions":{"width":2000,"height":799},"cropDimensions":{"width":2000,"height":799},"crop":{"desktop":{"cropArea":{"height":0.5997001499250375,"width":1,"x":0,"y":0.36431784107946025},"selectedRatio":"5:2","focusArea":null},"mobil":{"cropArea":{"x":0.23339999999999997,"y":0,"width":0.5332,"height":1},"selectedRatio":"4:5","focusArea":null}},"autoplay":null,"extension":"jpg","actions":null,"overlay_toggle":1},"breakpoint":"(min-width: 992px)"}]]}},{"id":6772,"pid":1,"type":"m_01_05__featured_image_card","content":{"settings":{"variant":"light"},"header":{"text":"Renault Captur Evolution","layout":"3"},"subheader":{"text":"Jetzt einsteigen.","layout":"3"},"action":[{"id":34861,"pid":1,"type":"a_01_01__action","content":{"text":"Zum Angebot","link":"\/ahz\/renault-captur","layout":"hyperlink-primary","variant":"small","icon":{"name":null,"filename":null,"uri":null,"position":null,"variant":null}}}],"image":[[{"publicUrl":"https:\/\/review.cms.emilfrey.carmato.io\/fileadmin\/Hersteller-Mediapool\/Ranault\/renault_capturez26v4_R-DAM_1550315.jpg","properties":{"title":"Renault Captur ","alternative":"Renault Captur mit rotem Hintergrund","description":null,"mimeType":"image\/jpeg","type":"image","filename":null,"originalUrl":"\/fileadmin\/Hersteller-Mediapool\/Ranault\/renault_capturez26v4_R-DAM_1550315.jpg","uidLocal":8793,"fileReferenceUid":33909,"size":"5 MB","link":null,"dimensions":{"width":1000,"height":1251},"cropDimensions":{"width":1000,"height":1251},"crop":{"desktop":{"cropArea":{"x":0.3302284009655235,"y":0.2984014209591474,"width":0.589543198068953,"height":0.4191829484902309},"selectedRatio":"5:2","focusArea":null},"mobil":{"cropArea":{"x":0.42322883362936653,"y":0.25932504440497334,"width":0.33254233274126704,"height":0.738898756660746},"selectedRatio":"4:5","focusArea":null}},"autoplay":null,"extension":"jpg","actions":null,"overlay_toggle":1},"breakpoint":"(max-width: 991px)"},{"publicUrl":"https:\/\/review.cms.emilfrey.carmato.io\/fileadmin\/_processed_\/c\/a\/csm_renault_capturez26v4_R-DAM_1550315_1e793288fa.jpg","properties":{"title":"Renault Captur ","alternative":"Renault Captur mit rotem Hintergrund","description":null,"mimeType":"image\/jpeg","type":"image","filename":"csm_renault_capturez26v4_R-DAM_1550315_1e793288fa.jpg","originalUrl":"\/fileadmin\/Hersteller-Mediapool\/Ranault\/renault_capturez26v4_R-DAM_1550315.jpg","uidLocal":8793,"fileReferenceUid":33909,"size":"736 KB","link":null,"dimensions":{"width":2299,"height":919},"cropDimensions":{"width":2299,"height":919},"crop":{"desktop":{"cropArea":{"x":0.3302284009655235,"y":0.2984014209591474,"width":0.589543198068953,"height":0.4191829484902309},"selectedRatio":"5:2","focusArea":null},"mobil":{"cropArea":{"x":0.42322883362936653,"y":0.25932504440497334,"width":0.33254233274126704,"height":0.738898756660746},"selectedRatio":"4:5","focusArea":null}},"autoplay":null,"extension":"jpg","actions":null,"overlay_toggle":1},"breakpoint":"(min-width: 992px)"}]]}},{"id":6785,"pid":1,"type":"m_01_05__featured_image_card","content":{"settings":{"variant":"light"},"header":{"text":"Renault 4 E-Tech","layout":"3"},"subheader":{"text":"Jetzt einsteigen und sparen.","layout":"3"},"action":[{"id":34880,"pid":1,"type":"a_01_01__action","content":{"text":"Zum Angebot","link":"\/sehner-automobile\/renault-4-e-tech","layout":"hyperlink-primary","variant":"small","icon":{"name":null,"filename":null,"uri":null,"position":null,"variant":null}}}],"image":[[{"publicUrl":"https:\/\/review.cms.emilfrey.carmato.io\/fileadmin\/Hersteller-Mediapool\/Ranault\/02.jpg","properties":{"title":"Renault 4 E-Tech ","alternative":"Renault 4 E-Tech vor blauem Hintergrund ","description":null,"mimeType":"image\/jpeg","type":"image","filename":null,"originalUrl":"\/fileadmin\/Hersteller-Mediapool\/Ranault\/02.jpg","uidLocal":8807,"fileReferenceUid":33938,"size":"363 KB","link":null,"dimensions":{"width":1000,"height":1250},"cropDimensions":{"width":1000,"height":1250},"crop":{"desktop":{"cropArea":{"height":0.4,"width":1,"x":0,"y":0.293},"selectedRatio":"5:2","focusArea":null},"mobil":{"cropArea":{"x":0.11600000000000002,"y":0,"width":0.8,"height":1},"selectedRatio":"4:5","focusArea":null}},"autoplay":null,"extension":"jpg","actions":null,"overlay_toggle":0},"breakpoint":"(max-width: 991px)"},{"publicUrl":"https:\/\/review.cms.emilfrey.carmato.io\/fileadmin\/_processed_\/a\/9\/csm_02_5829cd0241.jpg","properties":{"title":"Renault 4 E-Tech ","alternative":"Renault 4 E-Tech vor blauem Hintergrund ","description":null,"mimeType":"image\/jpeg","type":"image","filename":"csm_02_5829cd0241.jpg","originalUrl":"\/fileadmin\/Hersteller-Mediapool\/Ranault\/02.jpg","uidLocal":8807,"fileReferenceUid":33938,"size":"319 KB","link":null,"dimensions":{"width":1440,"height":576},"cropDimensions":{"width":1440,"height":576},"crop":{"desktop":{"cropArea":{"height":0.4,"width":1,"x":0,"y":0.293},"selectedRatio":"5:2","focusArea":null},"mobil":{"cropArea":{"x":0.11600000000000002,"y":0,"width":0.8,"height":1},"selectedRatio":"4:5","focusArea":null}},"autoplay":null,"extension":"jpg","actions":null,"overlay_toggle":0},"breakpoint":"(min-width: 992px)"}]]}},{"id":6488,"pid":1,"type":"m_01_05__featured_image_card","content":{"settings":{"variant":"light"},"header":{"text":"Der Ford Transit Custom PHEV","layout":"3"},"subheader":{"text":"Jetzt f\u00fcr Gewerbekunden.","layout":"3"},"action":[{"id":34535,"pid":1,"type":"a_01_01__action","content":{"text":"Zum Angebot","link":"\/leasing\/ford-transit-custom-kasten-plug-in-hybrid","layout":"hyperlink-primary","variant":"small","icon":{"name":null,"filename":null,"uri":null,"position":null,"variant":null}}}],"image":[[{"publicUrl":"https:\/\/review.cms.emilfrey.carmato.io\/fileadmin\/Hersteller-Mediapool\/Ford\/Transit_Custom_Plug-In-Hybrid\/1FordTransitCustom_Limited_Van_MultiCab_Moondust_Silver_8.jpg","properties":{"title":"Ford Transit PHEV","alternative":"Ford Transit PHEV","description":null,"mimeType":"image\/jpeg","type":"image","filename":"1FordTransitCustom_Limited_Van_MultiCab_Moondust_Silver_8.jpg","originalUrl":"\/fileadmin\/Hersteller-Mediapool\/Ford\/Transit_Custom_Plug-In-Hybrid\/1FordTransitCustom_Limited_Van_MultiCab_Moondust_Silver_8.jpg","uidLocal":8815,"fileReferenceUid":33946,"size":"1 MB","link":null,"dimensions":{"width":5000,"height":2000},"cropDimensions":{"width":5000,"height":2000},"crop":{"desktop":{"cropArea":{"x":0,"y":0,"width":1,"height":1},"selectedRatio":"5:2","focusArea":null},"mobil":{"cropArea":{"x":0.21,"y":0,"width":0.32,"height":1},"selectedRatio":"4:5","focusArea":null}},"autoplay":null,"extension":"jpg","actions":null,"overlay_toggle":1},"breakpoint":"(max-width: 991px)"},{"publicUrl":"https:\/\/review.cms.emilfrey.carmato.io\/fileadmin\/Hersteller-Mediapool\/Ford\/Transit_Custom_Plug-In-Hybrid\/1FordTransitCustom_Limited_Van_MultiCab_Moondust_Silver_8.jpg","properties":{"title":"Ford Transit PHEV","alternative":"Ford Transit PHEV","description":null,"mimeType":"image\/jpeg","type":"image","filename":"1FordTransitCustom_Limited_Van_MultiCab_Moondust_Silver_8.jpg","originalUrl":"\/fileadmin\/Hersteller-Mediapool\/Ford\/Transit_Custom_Plug-In-Hybrid\/1FordTransitCustom_Limited_Van_MultiCab_Moondust_Silver_8.jpg","uidLocal":8815,"fileReferenceUid":33946,"size":"1 MB","link":null,"dimensions":{"width":5000,"height":2000},"cropDimensions":{"width":5000,"height":2000},"crop":{"desktop":{"cropArea":{"x":0,"y":0,"width":1,"height":1},"selectedRatio":"5:2","focusArea":null},"mobil":{"cropArea":{"x":0.21,"y":0,"width":0.32,"height":1},"selectedRatio":"4:5","focusArea":null}},"autoplay":null,"extension":"jpg","actions":null,"overlay_toggle":1},"breakpoint":"(min-width: 992px)"}]]}},{"id":5285,"pid":1,"type":"m_01_05__featured_image_card","content":{"settings":{"variant":"light"},"header":{"text":"365 Tage Gratis Schutz","layout":"3"},"subheader":{"text":"Emil Frey Schutzbrief","layout":"3"},"action":[{"id":30875,"pid":1,"type":"a_01_01__action","content":{"text":"Mehr erfahren","link":"\/schutzbrief","layout":"hyperlink-primary","variant":"small","icon":{"name":null,"filename":null,"uri":null,"position":null,"variant":null}}}],"image":[[{"publicUrl":"https:\/\/review.cms.emilfrey.carmato.io\/fileadmin\/Landesebene\/Kampagnen\/Schutzbrief\/EmilFreySchutzbrief.jpg","properties":{"title":"Emil Frey Schutzbrief","alternative":"Gesch\u00e4ftsfrau steht neben Auto und schaut auf ihr Handy","description":null,"mimeType":"image\/jpeg","type":"image","filename":null,"originalUrl":"\/fileadmin\/Landesebene\/Kampagnen\/Schutzbrief\/EmilFreySchutzbrief.jpg","uidLocal":6305,"fileReferenceUid":28614,"size":"969 KB","link":null,"dimensions":{"width":1000,"height":1250},"cropDimensions":{"width":1000,"height":1250},"crop":{"desktop":{"cropArea":{"x":0.08333333333333333,"y":0,"width":0.8333333333333334,"height":1},"selectedRatio":"5:2","focusArea":null},"mobil":{"cropArea":{"x":0.36666666666666664,"y":0,"width":0.26666666666666666,"height":1},"selectedRatio":"4:5","focusArea":null}},"autoplay":null,"extension":"jpg","actions":null,"overlay_toggle":0},"breakpoint":"(max-width: 991px)"},{"publicUrl":"https:\/\/review.cms.emilfrey.carmato.io\/fileadmin\/_processed_\/1\/5\/csm_EmilFreySchutzbrief_11812d184d.jpg","properties":{"title":"Emil Frey Schutzbrief","alternative":"Gesch\u00e4ftsfrau steht neben Auto und schaut auf ihr Handy","description":null,"mimeType":"image\/jpeg","type":"image","filename":"csm_EmilFreySchutzbrief_11812d184d.jpg","originalUrl":"\/fileadmin\/Landesebene\/Kampagnen\/Schutzbrief\/EmilFreySchutzbrief.jpg","uidLocal":6305,"fileReferenceUid":28614,"size":"498 KB","link":null,"dimensions":{"width":2500,"height":1000},"cropDimensions":{"width":2500,"height":1000},"crop":{"desktop":{"cropArea":{"x":0.08333333333333333,"y":0,"width":0.8333333333333334,"height":1},"selectedRatio":"5:2","focusArea":null},"mobil":{"cropArea":{"x":0.36666666666666664,"y":0,"width":0.26666666666666666,"height":1},"selectedRatio":"4:5","focusArea":null}},"autoplay":null,"extension":"jpg","actions":null,"overlay_toggle":0},"breakpoint":"(min-width: 992px)"}]]}},{"id":7022,"pid":1,"type":"m_01_05__featured_image_card","content":{"settings":{"variant":"light"},"header":{"text":"Test Headline","layout":"1"},"subheader":{"text":"Test Subheadline","layout":"1"},"action":[],"image":[[{"publicUrl":"https:\/\/review.cms.emilfrey.carmato.io\/fileadmin\/user_upload\/AdobeStock_1565451836_001.jpeg","properties":{"title":null,"alternative":null,"description":null,"mimeType":"image\/jpeg","type":"image","filename":"AdobeStock_1565451836_001.jpeg","originalUrl":"\/fileadmin\/user_upload\/AdobeStock_1565451836_001.jpeg","uidLocal":9067,"fileReferenceUid":34556,"size":"1 MB","link":null,"dimensions":{"width":2912,"height":1632},"cropDimensions":{"width":2912,"height":1632},"crop":{"desktop":{"cropArea":{"x":0,"y":0.1431372549019608,"width":1,"height":0.7137254901960784},"selectedRatio":"5:2","focusArea":null},"mobil":{"cropArea":{"x":0.2758241758241758,"y":0,"width":0.4483516483516484,"height":1},"selectedRatio":"4:5","focusArea":null}},"autoplay":null,"extension":"jpeg","actions":null,"overlay_toggle":0},"breakpoint":"(max-width: 991px)"},{"publicUrl":"https:\/\/review.cms.emilfrey.carmato.io\/fileadmin\/_processed_\/f\/8\/csm_AdobeStock_1565451836_001_9296688eac.jpeg","properties":{"title":null,"alternative":null,"description":null,"mimeType":"image\/jpeg","type":"image","filename":"csm_AdobeStock_1565451836_001_9296688eac.jpeg","originalUrl":"\/fileadmin\/user_upload\/AdobeStock_1565451836_001.jpeg","uidLocal":9067,"fileReferenceUid":34556,"size":"1 MB","link":null,"dimensions":{"width":2912,"height":1164},"cropDimensions":{"width":2912,"height":1164},"crop":{"desktop":{"cropArea":{"x":0,"y":0.1431372549019608,"width":1,"height":0.7137254901960784},"selectedRatio":"5:2","focusArea":null},"mobil":{"cropArea":{"x":0.2758241758241758,"y":0,"width":0.4483516483516484,"height":1},"selectedRatio":"4:5","focusArea":null}},"autoplay":null,"extension":"jpeg","actions":null,"overlay_toggle":0},"breakpoint":"(min-width: 992px)"}]]}}]}},{"id":14186,"type":"o_05_08__car_type_slider","colPos":0,"categories":"","appearance":{"layout":"default","frameClass":"default","spaceBefore":"","spaceAfter":""},"context":{"ctype":"o_05_08__car_type_slider","cid":"O 05-08 Car Type Slider","task":"14892761"},"content":{"header":{"text":"Was suchen Sie?","layout":"3"},"cards":[{"id":5336,"pid":1,"type":"m_01_06__car_type_card","content":{"header":{"text":"Gebrauchtwagen","layout":0,"icon":[]},"action":[{"id":31049,"pid":1,"type":"a_01_01__action","content":{"text":"","link":"\/auto-kaufen?art_of_use=gebrauchtfahrzeug","layout":"hyperlink-primary","variant":"small","icon":{"name":null,"filename":null,"uri":null,"position":null,"variant":null}}}],"image":{"publicUrl":"https:\/\/review.cms.emilfrey.carmato.io\/fileadmin\/Landesebene\/cartypeslide-1.jpg","properties":{"title":"Blauer SUV Gebrauchtwagen ","alternative":"Blauer SUV Gebrauchtwagen mit silbernen Felgen vor wei\u00dfem Hintergrund","description":"Entdecken Sie diesen stilvollen Gebrauchtwagen mit dynamischem Design und moderner Technologie. Perfekt f\u00fcr Stadt und Gel\u00e4nde!","mimeType":"image\/jpeg","type":"image","filename":"cartypeslide-1.jpg","originalUrl":"\/fileadmin\/Landesebene\/cartypeslide-1.jpg","uidLocal":7801,"fileReferenceUid":28963,"size":"60 KB","link":null,"dimensions":{"width":2505,"height":1002},"cropDimensions":{"width":2505,"height":1002},"crop":{"desktop":{"cropArea":{"x":0,"y":0,"width":1,"height":1},"selectedRatio":"5:2","focusArea":null}},"autoplay":null,"extension":"jpg","actions":null,"overlay_toggle":0},"breakpoint":"default"}}},{"id":5278,"pid":1,"type":"m_01_06__car_type_card","content":{"header":{"text":"Elektromobilit\u00e4t","layout":0,"icon":{"publicUrl":"https:\/\/review.cms.emilfrey.carmato.io\/fileadmin\/Mediapool\/09_Icons\/Power\/stroke_thin.svg","properties":{"title":null,"alternative":null,"description":null,"mimeType":"image\/svg+xml","type":"image","filename":"stroke_thin.svg","originalUrl":"\/fileadmin\/Mediapool\/09_Icons\/Power\/stroke_thin.svg","uidLocal":2166,"fileReferenceUid":28606,"size":"1 KB","link":null,"dimensions":{"width":24,"height":24},"cropDimensions":{"width":24,"height":24},"crop":{"default":{"cropArea":{"x":0,"y":0,"width":1,"height":1},"selectedRatio":"NaN","focusArea":null},"mobile":{"cropArea":{"x":0,"y":0,"width":1,"height":1},"selectedRatio":"NaN","focusArea":null}},"autoplay":0,"extension":"svg","actions":null,"overlay_toggle":0},"breakpoint":"default"}},"action":[{"id":30867,"pid":1,"type":"a_01_01__action","content":{"text":null,"link":"https:\/\/www.emilfrey.de\/auto-kaufen?fuel=Plug-in-Hybrid,Elektro,Hybrid&sorting=random&page=1","layout":"hyperlink-primary","variant":"small","icon":{"name":null,"filename":null,"uri":null,"position":null,"variant":null}}}],"image":{"publicUrl":"https:\/\/review.cms.emilfrey.carmato.io\/fileadmin\/Landesebene\/elektro.jpg","properties":{"title":"gelber Elektro SUV","alternative":"gelber Elektro SUV mit schwarzem Dach vor wei\u00dfem Hintergrund","description":"Erleben Sie den gelben Elektro-SUV mit innovativer Technik und stilvollem Design. Perfekt f\u00fcr eine umweltfreundliche Fahrt!","mimeType":"image\/jpeg","type":"image","filename":"elektro.jpg","originalUrl":"\/fileadmin\/Landesebene\/elektro.jpg","uidLocal":6734,"fileReferenceUid":28607,"size":"58 KB","link":null,"dimensions":{"width":2505,"height":1002},"cropDimensions":{"width":2505,"height":1002},"crop":{"desktop":{"cropArea":{"x":0,"y":0,"width":1,"height":1},"selectedRatio":"5:2","focusArea":null}},"autoplay":null,"extension":"jpg","actions":null,"overlay_toggle":0},"breakpoint":"default"}}},{"id":5279,"pid":1,"type":"m_01_06__car_type_card","content":{"header":{"text":"Kombi","layout":0,"icon":[]},"action":[{"id":30868,"pid":1,"type":"a_01_01__action","content":{"text":null,"link":"\/auto-kaufen?sorting=random&page=1&vehicle_type=Kombi","layout":"hyperlink-primary","variant":"small","icon":{"name":null,"filename":null,"uri":null,"position":null,"variant":null}}}],"image":{"publicUrl":"https:\/\/review.cms.emilfrey.carmato.io\/fileadmin\/_processed_\/2\/c\/csm_kombi-cts_520e80b046.jpg","properties":{"title":null,"alternative":"Silberner Kombi mit schwarzen Felgen vor wei\u00dfem Hintergrund","description":null,"mimeType":"image\/jpeg","type":"image","filename":"csm_kombi-cts_520e80b046.jpg","originalUrl":"\/fileadmin\/Landesebene\/kombi-cts.jpg","uidLocal":6736,"fileReferenceUid":28608,"size":"143 KB","link":null,"dimensions":{"width":2479,"height":991},"cropDimensions":{"width":2479,"height":991},"crop":{"desktop":{"cropArea":{"x":0.0005000000000000218,"y":0,"width":0.9899999999999999,"height":0.99},"selectedRatio":"5:2","focusArea":null}},"autoplay":null,"extension":"jpg","actions":null,"overlay_toggle":0},"breakpoint":"default"}}},{"id":5280,"pid":1,"type":"m_01_06__car_type_card","content":{"header":{"text":"Nutzfahrzeuge","layout":0,"icon":[]},"action":[{"id":30869,"pid":1,"type":"a_01_01__action","content":{"text":null,"link":"\/auto-kaufen?product_group_name=nutzfahrzeuge","layout":"hyperlink-primary","variant":"small","icon":{"name":null,"filename":null,"uri":null,"position":null,"variant":null}}}],"image":{"publicUrl":"https:\/\/review.cms.emilfrey.carmato.io\/fileadmin\/_processed_\/b\/a\/csm_nutz-cts_8b40154ed4.jpg","properties":{"title":"Grauer Transporter","alternative":"Grauer Transporter mit silbernen Felgen vor wei\u00dfem Hintergrund","description":null,"mimeType":"image\/jpeg","type":"image","filename":"csm_nutz-cts_8b40154ed4.jpg","originalUrl":"\/fileadmin\/Landesebene\/nutz-cts.jpg","uidLocal":6737,"fileReferenceUid":28609,"size":"97 KB","link":null,"dimensions":{"width":2486,"height":994},"cropDimensions":{"width":2486,"height":994},"crop":{"desktop":{"cropArea":{"x":0.0002500000000000109,"y":0,"width":0.9925,"height":0.9925},"selectedRatio":"5:2","focusArea":null}},"autoplay":null,"extension":"jpg","actions":null,"overlay_toggle":0},"breakpoint":"default"}}},{"id":5282,"pid":1,"type":"m_01_06__car_type_card","content":{"header":{"text":"Jahreswagen","layout":0,"icon":[]},"action":[{"id":30871,"pid":1,"type":"a_01_01__action","content":{"text":null,"link":"\/auto-kaufen?sorting=random&page=1&art_of_use=gebrauchtfahrzeug&initial_registration_year=2024,2025","layout":"hyperlink-primary","variant":"small","icon":{"name":null,"filename":null,"uri":null,"position":null,"variant":null}}}],"image":{"publicUrl":"https:\/\/review.cms.emilfrey.carmato.io\/fileadmin\/Landesebene\/SUV-cts.jpg","properties":{"title":"Dunkelblauer SUV","alternative":"dunkelblauer SUV mit schwarzen Felgen vor wei\u00dfem Hintergrund","description":"Erleben Sie SUVs mit sportlichem Design und innovativer Technologie. Perfekt f\u00fcr Stadt und Abenteuer!","mimeType":"image\/jpeg","type":"image","filename":"SUV-cts.jpg","originalUrl":"\/fileadmin\/Landesebene\/SUV-cts.jpg","uidLocal":6738,"fileReferenceUid":28611,"size":"55 KB","link":null,"dimensions":{"width":2505,"height":1002},"cropDimensions":{"width":2505,"height":1002},"crop":{"desktop":{"cropArea":{"x":0,"y":0,"width":1,"height":1},"selectedRatio":"5:2","focusArea":null}},"autoplay":null,"extension":"jpg","actions":null,"overlay_toggle":0},"breakpoint":"default"}}}]}},{"id":14185,"type":"o_05_03__product_slider","colPos":0,"categories":"","appearance":{"layout":"default","frameClass":"default","spaceBefore":"","spaceAfter":""},"context":{"ctype":"o_05_03__product_slider","cid":"O 05-03 Product Slider","task":"14074833"},"content":{"settings":{"theme":"light","variant":"filterbar","sale_badge":false,"hideProductsWithoutImages":false},"header":{"text":"Sofort verf\u00fcgbar","layout":"2"},"bodytext":"Ob privat oder gesch\u00e4ftlich, ob Neu- oder Gebrauchtwagen: Finden Sie Ihren Traumwagen.","brands":[],"dealer":[],"budget":100000,"showElectricCarsOnly":0,"showCampingOnly":0,"showAnniversaryOffersOnly":0}},{"id":14187,"type":"o_04_02__offer","colPos":0,"categories":"","appearance":{"layout":"default","frameClass":"default","spaceBefore":"","spaceAfter":"extra-small"},"context":{"ctype":"o_04_02__offer","cid":"O 04-02 Offer","task":"14074820"},"content":{"settings":{"variant":"5cards","theme":"blue"},"header":{"text":"Herzlich Willkommen bei Emil Frey Deutschland","layout":1},"bodytext":"Wir freuen uns, Sie bei Emil Frey Deutschland zu begr\u00fc\u00dfen. Hier dreht sich alles um Sie und Ihr Auto. Pers\u00f6nlicher Service geh\u00f6rt schon seit 1924 zur DNA unseres Hauses. Sie suchen ein neues Auto? Wir bieten Ihnen alle Fahrzeugkategorien vom Neuwagen \u00fcber Tageszulassungen bis hin zum Gebrauchtwagen. Gemeinsam mit uns finden Sie ihr Traumauto. Zudem sind wir  f\u00fcr Reparaturen in sehr guter Qualit\u00e4t sowie preiswerte Ersatz- und Zubeh\u00f6rteile bekannt.","actions":[{"id":30872,"pid":1,"type":"a_01_01__action","content":{"text":"Alle Angebote im \u00dcberblick","link":"\/leasing","layout":"button-primary-default","variant":"small","icon":{"name":null,"filename":null,"uri":null,"position":null,"variant":null}}}],"offercards":[{"content":{"variant":"campaign","title":"Header: Wir sind ausgezeichnet!","availability":"","headline":"Wir sind ausgezeichnet!","subline":"","imageMedium":[[{"publicUrl":"https:\/\/review.cms.emilfrey.carmato.io\/fileadmin\/Landesebene\/Footer\/6Siegel_AMS_Haendler_gross.jpg","properties":{"title":"Wir sind ausgezeichnet!","alternative":"Wir sind von Auto Motor Sport als TOP Autoh\u00e4ndler 2025 ausgezeichnet ","description":null,"mimeType":"image\/jpeg","type":"image","filename":null,"originalUrl":"\/fileadmin\/Landesebene\/Footer\/6Siegel_AMS_Haendler_gross.jpg","uidLocal":8167,"fileReferenceUid":31091,"size":"95 KB","link":null,"dimensions":{"width":500,"height":667},"cropDimensions":{"width":500,"height":667},"crop":{"image_xl":{"cropArea":{"x":0,"y":0.32572324851864765,"width":1,"height":0.3485535029627048},"selectedRatio":"19:5","focusArea":null},"image_large":{"cropArea":{"x":0,"y":0.23509933774834438,"width":1,"height":0.5298013245033113},"selectedRatio":"5:2","focusArea":null},"image_medium":{"cropArea":{"x":0.028125,"y":0,"width":0.94375,"height":1},"selectedRatio":"5:4","focusArea":null},"image_small":{"cropArea":{"x":0.216875,"y":0,"width":0.56625,"height":1},"selectedRatio":"3:4","focusArea":null}},"autoplay":null,"extension":"jpg","actions":null,"overlay_toggle":0},"breakpoint":"image_small"},{"publicUrl":"https:\/\/review.cms.emilfrey.carmato.io\/fileadmin\/Landesebene\/Footer\/6Siegel_AMS_Haendler_gross.jpg","properties":{"title":"Wir sind ausgezeichnet!","alternative":"Wir sind von Auto Motor Sport als TOP Autoh\u00e4ndler 2025 ausgezeichnet ","description":null,"mimeType":"image\/jpeg","type":"image","filename":null,"originalUrl":"\/fileadmin\/Landesebene\/Footer\/6Siegel_AMS_Haendler_gross.jpg","uidLocal":8167,"fileReferenceUid":31091,"size":"95 KB","link":null,"dimensions":{"width":1000,"height":801},"cropDimensions":{"width":1000,"height":801},"crop":{"image_xl":{"cropArea":{"x":0,"y":0.32572324851864765,"width":1,"height":0.3485535029627048},"selectedRatio":"19:5","focusArea":null},"image_large":{"cropArea":{"x":0,"y":0.23509933774834438,"width":1,"height":0.5298013245033113},"selectedRatio":"5:2","focusArea":null},"image_medium":{"cropArea":{"x":0.028125,"y":0,"width":0.94375,"height":1},"selectedRatio":"5:4","focusArea":null},"image_small":{"cropArea":{"x":0.216875,"y":0,"width":0.56625,"height":1},"selectedRatio":"3:4","focusArea":null}},"autoplay":null,"extension":"jpg","actions":null,"overlay_toggle":0},"breakpoint":"image_medium"},{"publicUrl":"https:\/\/review.cms.emilfrey.carmato.io\/fileadmin\/Landesebene\/Footer\/6Siegel_AMS_Haendler_gross.jpg","properties":{"title":"Wir sind ausgezeichnet!","alternative":"Wir sind von Auto Motor Sport als TOP Autoh\u00e4ndler 2025 ausgezeichnet ","description":null,"mimeType":"image\/jpeg","type":"image","filename":null,"originalUrl":"\/fileadmin\/Landesebene\/Footer\/6Siegel_AMS_Haendler_gross.jpg","uidLocal":8167,"fileReferenceUid":31091,"size":"95 KB","link":null,"dimensions":{"width":2000,"height":800},"cropDimensions":{"width":2000,"height":800},"crop":{"image_xl":{"cropArea":{"x":0,"y":0.32572324851864765,"width":1,"height":0.3485535029627048},"selectedRatio":"19:5","focusArea":null},"image_large":{"cropArea":{"x":0,"y":0.23509933774834438,"width":1,"height":0.5298013245033113},"selectedRatio":"5:2","focusArea":null},"image_medium":{"cropArea":{"x":0.028125,"y":0,"width":0.94375,"height":1},"selectedRatio":"5:4","focusArea":null},"image_small":{"cropArea":{"x":0.216875,"y":0,"width":0.56625,"height":1},"selectedRatio":"3:4","focusArea":null}},"autoplay":null,"extension":"jpg","actions":null,"overlay_toggle":0},"breakpoint":"image_large"},{"publicUrl":"https:\/\/review.cms.emilfrey.carmato.io\/fileadmin\/Landesebene\/Footer\/6Siegel_AMS_Haendler_gross.jpg","properties":{"title":"Wir sind ausgezeichnet!","alternative":"Wir sind von Auto Motor Sport als TOP Autoh\u00e4ndler 2025 ausgezeichnet ","description":null,"mimeType":"image\/jpeg","type":"image","filename":null,"originalUrl":"\/fileadmin\/Landesebene\/Footer\/6Siegel_AMS_Haendler_gross.jpg","uidLocal":8167,"fileReferenceUid":31091,"size":"95 KB","link":null,"dimensions":{"width":2800,"height":737},"cropDimensions":{"width":2800,"height":737},"crop":{"image_xl":{"cropArea":{"x":0,"y":0.32572324851864765,"width":1,"height":0.3485535029627048},"selectedRatio":"19:5","focusArea":null},"image_large":{"cropArea":{"x":0,"y":0.23509933774834438,"width":1,"height":0.5298013245033113},"selectedRatio":"5:2","focusArea":null},"image_medium":{"cropArea":{"x":0.028125,"y":0,"width":0.94375,"height":1},"selectedRatio":"5:4","focusArea":null},"image_small":{"cropArea":{"x":0.216875,"y":0,"width":0.56625,"height":1},"selectedRatio":"3:4","focusArea":null}},"autoplay":null,"extension":"jpg","actions":null,"overlay_toggle":0},"breakpoint":"image_xl"}]],"slogan":".","wltp":"","theme":"light","legaltext":"","styleMode":"emilfrey","usp":[],"actions":[{"id":33237,"pid":42,"type":"a_01_01__action","content":{"text":"","link":"\/auto-kaufen","layout":"button-primary-default","variant":"small","icon":{"name":null,"filename":null,"uri":null,"position":null,"variant":null}}}],"offerbrand":[],"displaymode":"universal"},"id":4720,"pid":1,"type":"m_01_09__offercard"},{"content":{"variant":"leasing-bonus","title":"Sehner Automobile: MG Finanzierung","availability":"Verschiedene MG Modelle","availabilityShort":"MG Modelle","headline":"0,39 % Finanzierung","headlineShort":"0,39 % Finanzierung","subline":"Geschenk im Wert von bis zu 539,99 \u20ac gratis ausw\u00e4hlen\u00b3","sublineShort":"Finanzierung + Wunschgeschenk","imageMedium":[[{"publicUrl":"https:\/\/review.cms.emilfrey.carmato.io\/fileadmin\/Hersteller-Mediapool\/MG\/MG3\/mg-motor_mg3-hybrid-plus_luxury_161.jpg","properties":{"title":null,"alternative":null,"description":null,"mimeType":"image\/jpeg","type":"image","filename":null,"originalUrl":"\/fileadmin\/Hersteller-Mediapool\/MG\/MG3\/mg-motor_mg3-hybrid-plus_luxury_161.jpg","uidLocal":8961,"fileReferenceUid":34536,"size":"301 KB","link":null,"dimensions":{"width":500,"height":668},"cropDimensions":{"width":500,"height":668},"crop":{"image_xl":{"cropArea":{"height":0.39430284857571213,"width":0.999,"x":0,"y":0.4362818590704648},"selectedRatio":"19:5","focusArea":null},"image_large":{"cropArea":{"x":0.0003748125937030977,"y":0.36431784107946025,"width":0.9992503748125938,"height":0.5997001499250375},"selectedRatio":"5:2","focusArea":null},"image_medium":{"cropArea":{"x":0.0834375,"y":0,"width":0.833125,"height":1},"selectedRatio":"5:4","focusArea":null},"image_small":{"cropArea":{"x":0.2500625,"y":0,"width":0.499875,"height":1},"selectedRatio":"3:4","focusArea":null}},"autoplay":null,"extension":"jpg","actions":null,"overlay_toggle":1},"breakpoint":"image_small"},{"publicUrl":"https:\/\/review.cms.emilfrey.carmato.io\/fileadmin\/Hersteller-Mediapool\/MG\/MG3\/mg-motor_mg3-hybrid-plus_luxury_161.jpg","properties":{"title":null,"alternative":null,"description":null,"mimeType":"image\/jpeg","type":"image","filename":null,"originalUrl":"\/fileadmin\/Hersteller-Mediapool\/MG\/MG3\/mg-motor_mg3-hybrid-plus_luxury_161.jpg","uidLocal":8961,"fileReferenceUid":34536,"size":"301 KB","link":null,"dimensions":{"width":1000,"height":801},"cropDimensions":{"width":1000,"height":801},"crop":{"image_xl":{"cropArea":{"height":0.39430284857571213,"width":0.999,"x":0,"y":0.4362818590704648},"selectedRatio":"19:5","focusArea":null},"image_large":{"cropArea":{"x":0.0003748125937030977,"y":0.36431784107946025,"width":0.9992503748125938,"height":0.5997001499250375},"selectedRatio":"5:2","focusArea":null},"image_medium":{"cropArea":{"x":0.0834375,"y":0,"width":0.833125,"height":1},"selectedRatio":"5:4","focusArea":null},"image_small":{"cropArea":{"x":0.2500625,"y":0,"width":0.499875,"height":1},"selectedRatio":"3:4","focusArea":null}},"autoplay":null,"extension":"jpg","actions":null,"overlay_toggle":1},"breakpoint":"image_medium"},{"publicUrl":"https:\/\/review.cms.emilfrey.carmato.io\/fileadmin\/Hersteller-Mediapool\/MG\/MG3\/mg-motor_mg3-hybrid-plus_luxury_161.jpg","properties":{"title":null,"alternative":null,"description":null,"mimeType":"image\/jpeg","type":"image","filename":null,"originalUrl":"\/fileadmin\/Hersteller-Mediapool\/MG\/MG3\/mg-motor_mg3-hybrid-plus_luxury_161.jpg","uidLocal":8961,"fileReferenceUid":34536,"size":"301 KB","link":null,"dimensions":{"width":2000,"height":800},"cropDimensions":{"width":2000,"height":800},"crop":{"image_xl":{"cropArea":{"height":0.39430284857571213,"width":0.999,"x":0,"y":0.4362818590704648},"selectedRatio":"19:5","focusArea":null},"image_large":{"cropArea":{"x":0.0003748125937030977,"y":0.36431784107946025,"width":0.9992503748125938,"height":0.5997001499250375},"selectedRatio":"5:2","focusArea":null},"image_medium":{"cropArea":{"x":0.0834375,"y":0,"width":0.833125,"height":1},"selectedRatio":"5:4","focusArea":null},"image_small":{"cropArea":{"x":0.2500625,"y":0,"width":0.499875,"height":1},"selectedRatio":"3:4","focusArea":null}},"autoplay":null,"extension":"jpg","actions":null,"overlay_toggle":1},"breakpoint":"image_large"},{"publicUrl":"https:\/\/review.cms.emilfrey.carmato.io\/fileadmin\/Hersteller-Mediapool\/MG\/MG3\/mg-motor_mg3-hybrid-plus_luxury_161.jpg","properties":{"title":null,"alternative":null,"description":null,"mimeType":"image\/jpeg","type":"image","filename":"mg-motor_mg3-hybrid-plus_luxury_161.jpg","originalUrl":"\/fileadmin\/Hersteller-Mediapool\/MG\/MG3\/mg-motor_mg3-hybrid-plus_luxury_161.jpg","uidLocal":8961,"fileReferenceUid":34536,"size":"301 KB","link":null,"dimensions":{"width":2000,"height":1333},"cropDimensions":{"width":2000,"height":1333},"crop":{"image_xl":{"cropArea":{"height":0.39430284857571213,"width":0.999,"x":0,"y":0.4362818590704648},"selectedRatio":"19:5","focusArea":null},"image_large":{"cropArea":{"x":0.0003748125937030977,"y":0.36431784107946025,"width":0.9992503748125938,"height":0.5997001499250375},"selectedRatio":"5:2","focusArea":null},"image_medium":{"cropArea":{"x":0.0834375,"y":0,"width":0.833125,"height":1},"selectedRatio":"5:4","focusArea":null},"image_small":{"cropArea":{"x":0.2500625,"y":0,"width":0.499875,"height":1},"selectedRatio":"3:4","focusArea":null}},"autoplay":null,"extension":"jpg","actions":null,"overlay_toggle":1},"breakpoint":"image_xl"}]],"ctaboxText":"z. B. MG3 Comfort","ctaboxTextShort":"MG3 Comfort","ctaboxPretext":"ab","ctaboxPrice":"145","ctaboxTime":"Monat\u00b2","ctaboxColor":"emf_scy_red","slogan":"Finanzierungsangebot\u00b9: MG3 ab 145 \u20ac mtl.\u00b2 inkl. Wunschgeschenk\u00b3","wltp":"Kraftstoffverbrauch kombiniert (WLTP): 4,4 l\/100 km; CO\u2082-Emissionen kombiniert (WLTP): 100 g\/km; Energieeffizienzklasse: A.","theme":"light","legaltext":"","styleMode":"emilfrey","usp":[{"icon":[{"publicUrl":"https:\/\/review.cms.emilfrey.carmato.io\/fileadmin\/Mediapool\/09_Icons\/Discount\/stroke_fat.svg","properties":{"title":null,"alternative":null,"description":null,"mimeType":"image\/svg+xml","type":"image","filename":"stroke_fat.svg","originalUrl":"\/fileadmin\/Mediapool\/09_Icons\/Discount\/stroke_fat.svg","uidLocal":2113,"fileReferenceUid":34537,"size":"1 KB","link":null,"dimensions":{"width":24,"height":24},"cropDimensions":{"width":24,"height":24},"crop":"","autoplay":0,"extension":"svg","actions":null,"overlay_toggle":0},"breakpoint":"default"}],"headline":"Limitiertes Angebot","subline":"","hoverHeadline":"","hoverText":"","uid":2657,"_localizedUid":2657,"_languageUid":0,"_versionedUid":2657,"pid":42},{"icon":[{"publicUrl":"https:\/\/review.cms.emilfrey.carmato.io\/fileadmin\/Mediapool\/09_Icons\/Clock\/stroke_medium.svg","properties":{"title":null,"alternative":null,"description":null,"mimeType":"image\/svg+xml","type":"image","filename":"stroke_medium.svg","originalUrl":"\/fileadmin\/Mediapool\/09_Icons\/Clock\/stroke_medium.svg","uidLocal":2100,"fileReferenceUid":34538,"size":"681 B","link":null,"dimensions":{"width":24,"height":24},"cropDimensions":{"width":24,"height":24},"crop":"","autoplay":0,"extension":"svg","actions":null,"overlay_toggle":0},"breakpoint":"default"}],"headline":"Sofort verf\u00fcgbar","subline":"","hoverHeadline":"","hoverText":"","uid":2658,"_localizedUid":2658,"_languageUid":0,"_versionedUid":2658,"pid":42},{"icon":[{"publicUrl":"https:\/\/review.cms.emilfrey.carmato.io\/fileadmin\/Mediapool\/09_Icons\/Experience\/stroke_filled.svg","properties":{"title":null,"alternative":null,"description":null,"mimeType":"image\/svg+xml","type":"image","filename":"stroke_filled.svg","originalUrl":"\/fileadmin\/Mediapool\/09_Icons\/Experience\/stroke_filled.svg","uidLocal":2129,"fileReferenceUid":34539,"size":"1 KB","link":null,"dimensions":{"width":24,"height":24},"cropDimensions":{"width":24,"height":24},"crop":"","autoplay":0,"extension":"svg","actions":null,"overlay_toggle":0},"breakpoint":"default"}],"headline":"Bis zu 539 \u20ac gratis Geschenk\u00b2","subline":"","hoverHeadline":"","hoverText":"","uid":2659,"_localizedUid":2659,"_languageUid":0,"_versionedUid":2659,"pid":42},{"icon":[{"publicUrl":"https:\/\/review.cms.emilfrey.carmato.io\/fileadmin\/Mediapool\/09_Icons\/Star\/stroke_fat.svg","properties":{"title":null,"alternative":"Star Icon","description":null,"mimeType":"image\/svg+xml","type":"image","filename":"stroke_fat.svg","originalUrl":"\/fileadmin\/Mediapool\/09_Icons\/Star\/stroke_fat.svg","uidLocal":2196,"fileReferenceUid":34540,"size":"905 B","link":null,"dimensions":{"width":24,"height":24},"cropDimensions":{"width":24,"height":24},"crop":"","autoplay":0,"extension":"svg","actions":null,"overlay_toggle":0},"breakpoint":"default"}],"headline":"Unterschiedliche Varianten","subline":"","hoverHeadline":"","hoverText":"","uid":2660,"_localizedUid":2660,"_languageUid":0,"_versionedUid":2660,"pid":42}],"actions":[{"id":35210,"pid":42,"type":"a_01_01__action","content":{"text":"Zum Angebot","link":"\/sehner-automobile#c16011","layout":"button-primary-default","variant":"small","icon":{"name":null,"filename":null,"uri":null,"position":null,"variant":null}}}],"offerbrand":[],"displaymode":"universal"},"id":5433,"pid":1,"type":"m_01_09__offercard"},{"content":{"variant":"leasing-bonus","title":"AHZ: StartseiteAngebotsmodul Renault Captur Q3 25","availability":"Finanzierungsangebot","availabilityShort":"Finanzierung","headline":"Renault Captur Evolution","headlineShort":"Renault Captur Evolution","subline":"Renault Capture - Modern, effizient, komfortabel.","sublineShort":"Renault Capture - Modern, effizient, komfortabel.","imageMedium":[[{"publicUrl":"https:\/\/review.cms.emilfrey.carmato.io\/fileadmin\/Hersteller-Mediapool\/Ranault\/renault_capturez26v4_R-DAM_1550315.jpg","properties":{"title":"Renault Captur","alternative":"Renault Captur vor rotem Hintergrund ","description":null,"mimeType":"image\/jpeg","type":"image","filename":"renault_capturez26v4_R-DAM_1550315.jpg","originalUrl":"\/fileadmin\/Hersteller-Mediapool\/Ranault\/renault_capturez26v4_R-DAM_1550315.jpg","uidLocal":8793,"fileReferenceUid":33936,"size":"5 MB","link":null,"dimensions":{"width":3900,"height":2194},"cropDimensions":{"width":3900,"height":2194},"crop":{"image_xl":{"cropArea":{"x":0.0001868880083800552,"y":0.2682060390763766,"width":0.9986262239832399,"height":0.46714031971580816},"selectedRatio":"19:5","focusArea":null},"image_large":{"cropArea":{"x":0.2820277588012934,"y":0.24866785079928955,"width":0.7169444823974132,"height":0.5097690941385435},"selectedRatio":"5:2","focusArea":null},"image_medium":{"cropArea":{"x":0.296,"y":0.00014585232452149667,"width":0.703,"height":0.999708295350957},"selectedRatio":"5:4","focusArea":null},"image_small":{"cropArea":{"x":0.3930384615384615,"y":0,"width":0.4219230769230769,"height":1},"selectedRatio":"3:4","focusArea":null}},"autoplay":null,"extension":"jpg","actions":null,"overlay_toggle":1},"breakpoint":"image_small"},{"publicUrl":"https:\/\/review.cms.emilfrey.carmato.io\/fileadmin\/Hersteller-Mediapool\/Ranault\/renault_capturez26v4_R-DAM_1550315.jpg","properties":{"title":"Renault Captur","alternative":"Renault Captur vor rotem Hintergrund ","description":null,"mimeType":"image\/jpeg","type":"image","filename":"renault_capturez26v4_R-DAM_1550315.jpg","originalUrl":"\/fileadmin\/Hersteller-Mediapool\/Ranault\/renault_capturez26v4_R-DAM_1550315.jpg","uidLocal":8793,"fileReferenceUid":33936,"size":"5 MB","link":null,"dimensions":{"width":3900,"height":2194},"cropDimensions":{"width":3900,"height":2194},"crop":{"image_xl":{"cropArea":{"x":0.0001868880083800552,"y":0.2682060390763766,"width":0.9986262239832399,"height":0.46714031971580816},"selectedRatio":"19:5","focusArea":null},"image_large":{"cropArea":{"x":0.2820277588012934,"y":0.24866785079928955,"width":0.7169444823974132,"height":0.5097690941385435},"selectedRatio":"5:2","focusArea":null},"image_medium":{"cropArea":{"x":0.296,"y":0.00014585232452149667,"width":0.703,"height":0.999708295350957},"selectedRatio":"5:4","focusArea":null},"image_small":{"cropArea":{"x":0.3930384615384615,"y":0,"width":0.4219230769230769,"height":1},"selectedRatio":"3:4","focusArea":null}},"autoplay":null,"extension":"jpg","actions":null,"overlay_toggle":1},"breakpoint":"image_medium"},{"publicUrl":"https:\/\/review.cms.emilfrey.carmato.io\/fileadmin\/Hersteller-Mediapool\/Ranault\/renault_capturez26v4_R-DAM_1550315.jpg","properties":{"title":"Renault Captur","alternative":"Renault Captur vor rotem Hintergrund ","description":null,"mimeType":"image\/jpeg","type":"image","filename":"renault_capturez26v4_R-DAM_1550315.jpg","originalUrl":"\/fileadmin\/Hersteller-Mediapool\/Ranault\/renault_capturez26v4_R-DAM_1550315.jpg","uidLocal":8793,"fileReferenceUid":33936,"size":"5 MB","link":null,"dimensions":{"width":3900,"height":2194},"cropDimensions":{"width":3900,"height":2194},"crop":{"image_xl":{"cropArea":{"x":0.0001868880083800552,"y":0.2682060390763766,"width":0.9986262239832399,"height":0.46714031971580816},"selectedRatio":"19:5","focusArea":null},"image_large":{"cropArea":{"x":0.2820277588012934,"y":0.24866785079928955,"width":0.7169444823974132,"height":0.5097690941385435},"selectedRatio":"5:2","focusArea":null},"image_medium":{"cropArea":{"x":0.296,"y":0.00014585232452149667,"width":0.703,"height":0.999708295350957},"selectedRatio":"5:4","focusArea":null},"image_small":{"cropArea":{"x":0.3930384615384615,"y":0,"width":0.4219230769230769,"height":1},"selectedRatio":"3:4","focusArea":null}},"autoplay":null,"extension":"jpg","actions":null,"overlay_toggle":1},"breakpoint":"image_large"},{"publicUrl":"https:\/\/review.cms.emilfrey.carmato.io\/fileadmin\/Hersteller-Mediapool\/Ranault\/renault_capturez26v4_R-DAM_1550315.jpg","properties":{"title":"Renault Captur","alternative":"Renault Captur vor rotem Hintergrund ","description":null,"mimeType":"image\/jpeg","type":"image","filename":"renault_capturez26v4_R-DAM_1550315.jpg","originalUrl":"\/fileadmin\/Hersteller-Mediapool\/Ranault\/renault_capturez26v4_R-DAM_1550315.jpg","uidLocal":8793,"fileReferenceUid":33936,"size":"5 MB","link":null,"dimensions":{"width":3900,"height":2194},"cropDimensions":{"width":3900,"height":2194},"crop":{"image_xl":{"cropArea":{"x":0.0001868880083800552,"y":0.2682060390763766,"width":0.9986262239832399,"height":0.46714031971580816},"selectedRatio":"19:5","focusArea":null},"image_large":{"cropArea":{"x":0.2820277588012934,"y":0.24866785079928955,"width":0.7169444823974132,"height":0.5097690941385435},"selectedRatio":"5:2","focusArea":null},"image_medium":{"cropArea":{"x":0.296,"y":0.00014585232452149667,"width":0.703,"height":0.999708295350957},"selectedRatio":"5:4","focusArea":null},"image_small":{"cropArea":{"x":0.3930384615384615,"y":0,"width":0.4219230769230769,"height":1},"selectedRatio":"3:4","focusArea":null}},"autoplay":null,"extension":"jpg","actions":null,"overlay_toggle":1},"breakpoint":"image_xl"}]],"ctaboxText":"Renault Captur","ctaboxTextShort":"Renault Captur","ctaboxPretext":"ab","ctaboxPrice":"149","ctaboxTime":"Monat\u00b9","ctaboxColor":"emf_scy_red","slogan":"Renault Captur \u2013 attraktive Finanzierung ab 149 \u20ac mtl.\u00b9.","wltp":"Kraftstoffverbrauch kombiniert in l\/100\u202fkm: 5,9; CO\u2082-Emissionen kombiniert in g\/km: 133; CO\u2082-Klasse: D","theme":"light","legaltext":"","styleMode":"emilfrey","usp":[{"icon":[{"publicUrl":"https:\/\/review.cms.emilfrey.carmato.io\/fileadmin\/Mediapool\/09_Icons\/Experience\/stroke_filled.svg","properties":{"title":null,"alternative":null,"description":null,"mimeType":"image\/svg+xml","type":"image","filename":"stroke_filled.svg","originalUrl":"\/fileadmin\/Mediapool\/09_Icons\/Experience\/stroke_filled.svg","uidLocal":2129,"fileReferenceUid":33911,"size":"1 KB","link":null,"dimensions":{"width":24,"height":24},"cropDimensions":{"width":24,"height":24},"crop":"","autoplay":0,"extension":"svg","actions":null,"overlay_toggle":0},"breakpoint":"default"}],"headline":"Sofort verf\u00fcgbar","subline":"","hoverHeadline":"","hoverText":"","uid":2621,"_localizedUid":2621,"_languageUid":0,"_versionedUid":2621,"pid":42},{"icon":[{"publicUrl":"https:\/\/review.cms.emilfrey.carmato.io\/fileadmin\/user_upload\/stroke_medium.svg","properties":{"title":null,"alternative":null,"description":null,"mimeType":"image\/svg+xml","type":"image","filename":"stroke_medium.svg","originalUrl":"\/fileadmin\/user_upload\/stroke_medium.svg","uidLocal":6391,"fileReferenceUid":33912,"size":"1 KB","link":null,"dimensions":{"width":24,"height":24},"cropDimensions":{"width":24,"height":24},"crop":"","autoplay":0,"extension":"svg","actions":null,"overlay_toggle":0},"breakpoint":"default"}],"headline":"Privatkundenangebot","subline":"","hoverHeadline":"","hoverText":"","uid":2622,"_localizedUid":2622,"_languageUid":0,"_versionedUid":2622,"pid":42},{"icon":[{"publicUrl":"https:\/\/review.cms.emilfrey.carmato.io\/fileadmin\/Mediapool\/09_Icons\/Calender\/stroke_medium.svg","properties":{"title":null,"alternative":null,"description":null,"mimeType":"image\/svg+xml","type":"image","filename":"stroke_medium.svg","originalUrl":"\/fileadmin\/Mediapool\/09_Icons\/Calender\/stroke_medium.svg","uidLocal":2075,"fileReferenceUid":33913,"size":"4 KB","link":null,"dimensions":{"width":24,"height":24},"cropDimensions":{"width":24,"height":24},"crop":"","autoplay":0,"extension":"svg","actions":null,"overlay_toggle":0},"breakpoint":"default"}],"headline":"Nur solange der Vorrat reicht","subline":"","hoverHeadline":"","hoverText":"","uid":2623,"_localizedUid":2623,"_languageUid":0,"_versionedUid":2623,"pid":42},{"icon":[{"publicUrl":"https:\/\/review.cms.emilfrey.carmato.io\/fileadmin\/Mediapool\/09_Icons\/Benefit\/Stroke_filled.svg","properties":{"title":null,"alternative":null,"description":null,"mimeType":"image\/svg+xml","type":"image","filename":"Stroke_filled.svg","originalUrl":"\/fileadmin\/Mediapool\/09_Icons\/Benefit\/Stroke_filled.svg","uidLocal":2070,"fileReferenceUid":33914,"size":"2 KB","link":null,"dimensions":{"width":24,"height":24},"cropDimensions":{"width":24,"height":24},"crop":"","autoplay":0,"extension":"svg","actions":null,"overlay_toggle":0},"breakpoint":"default"}],"headline":"Top-Finanzierungskonditionen","subline":"","hoverHeadline":"","hoverText":"","uid":2624,"_localizedUid":2624,"_languageUid":0,"_versionedUid":2624,"pid":42}],"actions":[{"id":34862,"pid":42,"type":"a_01_01__action","content":{"text":"Zum Angebot","link":"\/ahz\/renault-captur","layout":"button-secondary-default","variant":"small","icon":{"name":"arrow","filename":"arrow.svg","uri":"https:\/\/review.cms.emilfrey.carmato.io\/_assets\/958eaeec355dd4ee2749415835d6fe8d\/Images\/actions\/icons\/arrow.svg","position":"leading-icon","variant":"medium"}}}],"offerbrand":[],"displaymode":"universal"},"id":4719,"pid":1,"type":"m_01_09__offercard"},{"content":{"variant":"leasing-bonus","title":"Renault 4 E-Tech","availability":"Km-Leasingangebot","availabilityShort":"Km-Leasing","headline":"Renault 4 E-Tech","headlineShort":"Renault 4 E-Tech","subline":"Finanzierung ab 199 \u20ac mtl.\u00b9","sublineShort":"Renault 4 E-Tech","imageMedium":[[{"publicUrl":"https:\/\/review.cms.emilfrey.carmato.io\/fileadmin\/Hersteller-Mediapool\/Ranault\/4860d08158.jpg","properties":{"title":"Renault E-Tech","alternative":"Renault E-Tech vor blauem Hintergrund","description":null,"mimeType":"image\/jpeg","type":"image","filename":null,"originalUrl":"\/fileadmin\/Hersteller-Mediapool\/Ranault\/4860d08158.jpg","uidLocal":8922,"fileReferenceUid":34293,"size":"256 KB","link":null,"dimensions":{"width":500,"height":667},"cropDimensions":{"width":500,"height":667},"crop":{"image_xl":{"cropArea":{"x":0,"y":0.2660818713450292,"width":1,"height":0.46783625730994155},"selectedRatio":"19:5","focusArea":null},"image_large":{"cropArea":{"x":0,"y":0.14444444444444443,"width":1,"height":0.7111111111111111},"selectedRatio":"5:2","focusArea":null},"image_medium":{"cropArea":{"x":0.1484375,"y":0,"width":0.703125,"height":1},"selectedRatio":"5:4","focusArea":null},"image_small":{"cropArea":{"x":0.2890625,"y":0,"width":0.421875,"height":1},"selectedRatio":"3:4","focusArea":null}},"autoplay":null,"extension":"jpg","actions":null,"overlay_toggle":1},"breakpoint":"image_small"},{"publicUrl":"https:\/\/review.cms.emilfrey.carmato.io\/fileadmin\/Hersteller-Mediapool\/Ranault\/4860d08158.jpg","properties":{"title":"Renault E-Tech","alternative":"Renault E-Tech vor blauem Hintergrund","description":null,"mimeType":"image\/jpeg","type":"image","filename":null,"originalUrl":"\/fileadmin\/Hersteller-Mediapool\/Ranault\/4860d08158.jpg","uidLocal":8922,"fileReferenceUid":34293,"size":"256 KB","link":null,"dimensions":{"width":1000,"height":800},"cropDimensions":{"width":1000,"height":800},"crop":{"image_xl":{"cropArea":{"x":0,"y":0.2660818713450292,"width":1,"height":0.46783625730994155},"selectedRatio":"19:5","focusArea":null},"image_large":{"cropArea":{"x":0,"y":0.14444444444444443,"width":1,"height":0.7111111111111111},"selectedRatio":"5:2","focusArea":null},"image_medium":{"cropArea":{"x":0.1484375,"y":0,"width":0.703125,"height":1},"selectedRatio":"5:4","focusArea":null},"image_small":{"cropArea":{"x":0.2890625,"y":0,"width":0.421875,"height":1},"selectedRatio":"3:4","focusArea":null}},"autoplay":null,"extension":"jpg","actions":null,"overlay_toggle":1},"breakpoint":"image_medium"},{"publicUrl":"https:\/\/review.cms.emilfrey.carmato.io\/fileadmin\/Hersteller-Mediapool\/Ranault\/4860d08158.jpg","properties":{"title":"Renault E-Tech","alternative":"Renault E-Tech vor blauem Hintergrund","description":null,"mimeType":"image\/jpeg","type":"image","filename":null,"originalUrl":"\/fileadmin\/Hersteller-Mediapool\/Ranault\/4860d08158.jpg","uidLocal":8922,"fileReferenceUid":34293,"size":"256 KB","link":null,"dimensions":{"width":2000,"height":800},"cropDimensions":{"width":2000,"height":800},"crop":{"image_xl":{"cropArea":{"x":0,"y":0.2660818713450292,"width":1,"height":0.46783625730994155},"selectedRatio":"19:5","focusArea":null},"image_large":{"cropArea":{"x":0,"y":0.14444444444444443,"width":1,"height":0.7111111111111111},"selectedRatio":"5:2","focusArea":null},"image_medium":{"cropArea":{"x":0.1484375,"y":0,"width":0.703125,"height":1},"selectedRatio":"5:4","focusArea":null},"image_small":{"cropArea":{"x":0.2890625,"y":0,"width":0.421875,"height":1},"selectedRatio":"3:4","focusArea":null}},"autoplay":null,"extension":"jpg","actions":null,"overlay_toggle":1},"breakpoint":"image_large"},{"publicUrl":"https:\/\/review.cms.emilfrey.carmato.io\/fileadmin\/Hersteller-Mediapool\/Ranault\/4860d08158.jpg","properties":{"title":"Renault E-Tech","alternative":"Renault E-Tech vor blauem Hintergrund","description":null,"mimeType":"image\/jpeg","type":"image","filename":null,"originalUrl":"\/fileadmin\/Hersteller-Mediapool\/Ranault\/4860d08158.jpg","uidLocal":8922,"fileReferenceUid":34293,"size":"256 KB","link":null,"dimensions":{"width":2800,"height":737},"cropDimensions":{"width":2800,"height":737},"crop":{"image_xl":{"cropArea":{"x":0,"y":0.2660818713450292,"width":1,"height":0.46783625730994155},"selectedRatio":"19:5","focusArea":null},"image_large":{"cropArea":{"x":0,"y":0.14444444444444443,"width":1,"height":0.7111111111111111},"selectedRatio":"5:2","focusArea":null},"image_medium":{"cropArea":{"x":0.1484375,"y":0,"width":0.703125,"height":1},"selectedRatio":"5:4","focusArea":null},"image_small":{"cropArea":{"x":0.2890625,"y":0,"width":0.421875,"height":1},"selectedRatio":"3:4","focusArea":null}},"autoplay":null,"extension":"jpg","actions":null,"overlay_toggle":1},"breakpoint":"image_xl"}]],"ctaboxText":"Renault 4 E-Tech","ctaboxTextShort":"Renault 4 ETech","ctaboxPretext":"ab","ctaboxPrice":"209","ctaboxTime":"Monat\u00b9","ctaboxColor":"emf_scy_green","slogan":"Renault 4 E-Tech - Leasing ab 199 \u20ac mtl.\u00b9","wltp":"Stromverbrauch kombiniert in KWh\/100km: 14,7; CO\u2082-Emissionen kombiniert in g\/km: 0; CO\u2082-Klasse:A","theme":"light","legaltext":"","styleMode":"emilfrey","usp":[{"icon":[{"publicUrl":"https:\/\/review.cms.emilfrey.carmato.io\/fileadmin\/user_upload\/stroke_medium.svg","properties":{"title":null,"alternative":null,"description":null,"mimeType":"image\/svg+xml","type":"image","filename":"stroke_medium.svg","originalUrl":"\/fileadmin\/user_upload\/stroke_medium.svg","uidLocal":6391,"fileReferenceUid":33845,"size":"1 KB","link":null,"dimensions":{"width":24,"height":24},"cropDimensions":{"width":24,"height":24},"crop":"","autoplay":0,"extension":"svg","actions":null,"overlay_toggle":0},"breakpoint":"default"}],"headline":"Privatleasing-Angebot","subline":"","hoverHeadline":"","hoverText":"","uid":2607,"_localizedUid":2607,"_languageUid":0,"_versionedUid":2607,"pid":42},{"icon":[{"publicUrl":"https:\/\/review.cms.emilfrey.carmato.io\/fileadmin\/Mediapool\/09_Icons\/Experience\/stroke_filled.svg","properties":{"title":null,"alternative":null,"description":null,"mimeType":"image\/svg+xml","type":"image","filename":"stroke_filled.svg","originalUrl":"\/fileadmin\/Mediapool\/09_Icons\/Experience\/stroke_filled.svg","uidLocal":2129,"fileReferenceUid":33846,"size":"1 KB","link":null,"dimensions":{"width":24,"height":24},"cropDimensions":{"width":24,"height":24},"crop":"","autoplay":0,"extension":"svg","actions":null,"overlay_toggle":0},"breakpoint":"default"}],"headline":"Kompakt-SUV","subline":"","hoverHeadline":"","hoverText":"","uid":2608,"_localizedUid":2608,"_languageUid":0,"_versionedUid":2608,"pid":42},{"icon":[{"publicUrl":"https:\/\/review.cms.emilfrey.carmato.io\/fileadmin\/Mediapool\/09_Icons\/Electric_Car\/elektromobilitaet-icon-navigation.png","properties":{"title":null,"alternative":null,"description":null,"mimeType":"image\/png","type":"image","filename":null,"originalUrl":"\/fileadmin\/Mediapool\/09_Icons\/Electric_Car\/elektromobilitaet-icon-navigation.png","uidLocal":4585,"fileReferenceUid":33899,"size":"74 KB","link":null,"dimensions":{"width":50,"height":50},"cropDimensions":{"width":50,"height":50},"crop":"","autoplay":null,"extension":"png","actions":null,"overlay_toggle":0},"breakpoint":"default"}],"headline":"Vollelektrisch","subline":"","hoverHeadline":"","hoverText":"","uid":2620,"_localizedUid":2620,"_languageUid":0,"_versionedUid":2620,"pid":42}],"actions":[{"id":34833,"pid":42,"type":"a_01_01__action","content":{"text":"Zum Angebot","link":"\/sehner-automobile\/renault-4-e-tech","layout":"button-secondary-default","variant":"small","icon":{"name":"arrow","filename":"arrow.svg","uri":"https:\/\/review.cms.emilfrey.carmato.io\/_assets\/958eaeec355dd4ee2749415835d6fe8d\/Images\/actions\/icons\/arrow.svg","position":"leading-icon","variant":"medium"}}}],"offerbrand":[],"displaymode":"universal"},"id":5205,"pid":1,"type":"m_01_09__offercard"},{"content":{"variant":"campaign","title":"EF Autofinanzierung online","availability":"Bequem \u2022 schnell \u2022 sicher","headline":"Autofinanzierung online abschlie\u00dfen","subline":"Jetzt online beantragen.","imageMedium":[[{"publicUrl":"https:\/\/review.cms.emilfrey.carmato.io\/fileadmin\/Mediapool\/03_Stock\/Webseite_neue_Bilder\/EF_Shooting_16.Mai.2024_4.jpg","properties":{"title":"Junge Gesch\u00e4ftsfrau sitzt mit Tablet auf Treppe","alternative":"Junge Gesch\u00e4ftsfrau sitzt mit Tablet auf Treppe","description":"Eine moderne Gesch\u00e4ftsfrau sitzt mit einem Tablet auf einer wei\u00dfen Treppe. Flexibles Arbeiten in einer stilvollen, minimalistischen Umgebung.","mimeType":"image\/jpeg","type":"image","filename":"EF_Shooting_16.Mai.2024_4.jpg","originalUrl":"\/fileadmin\/Mediapool\/03_Stock\/Webseite_neue_Bilder\/EF_Shooting_16.Mai.2024_4.jpg","uidLocal":7595,"fileReferenceUid":27773,"size":"249 KB","link":null,"dimensions":{"width":2500,"height":1667},"cropDimensions":{"width":2500,"height":1667},"crop":{"image_xl":{"cropArea":{"x":0.000449835082458776,"y":0.19040479760119938,"width":0.9991003298350825,"height":0.39430284857571213},"selectedRatio":"19:5","focusArea":null},"image_large":{"cropArea":{"x":0.00014992503748126183,"y":0.13793103448275862,"width":0.9997001499250375,"height":0.5997001499250375},"selectedRatio":"5:2","focusArea":null},"image_medium":{"cropArea":{"x":0.083,"y":0.00029994001199760045,"width":0.833,"height":0.9994001199760048},"selectedRatio":"5:4","focusArea":null},"image_small":{"cropArea":{"x":0.314,"y":9.998000399917743e-5,"width":0.5,"height":0.9998000399920016},"selectedRatio":"3:4","focusArea":null}},"autoplay":null,"extension":"jpg","actions":null,"overlay_toggle":1},"breakpoint":"image_small"},{"publicUrl":"https:\/\/review.cms.emilfrey.carmato.io\/fileadmin\/Mediapool\/03_Stock\/Webseite_neue_Bilder\/EF_Shooting_16.Mai.2024_4.jpg","properties":{"title":"Junge Gesch\u00e4ftsfrau sitzt mit Tablet auf Treppe","alternative":"Junge Gesch\u00e4ftsfrau sitzt mit Tablet auf Treppe","description":"Eine moderne Gesch\u00e4ftsfrau sitzt mit einem Tablet auf einer wei\u00dfen Treppe. Flexibles Arbeiten in einer stilvollen, minimalistischen Umgebung.","mimeType":"image\/jpeg","type":"image","filename":"EF_Shooting_16.Mai.2024_4.jpg","originalUrl":"\/fileadmin\/Mediapool\/03_Stock\/Webseite_neue_Bilder\/EF_Shooting_16.Mai.2024_4.jpg","uidLocal":7595,"fileReferenceUid":27773,"size":"249 KB","link":null,"dimensions":{"width":2500,"height":1667},"cropDimensions":{"width":2500,"height":1667},"crop":{"image_xl":{"cropArea":{"x":0.000449835082458776,"y":0.19040479760119938,"width":0.9991003298350825,"height":0.39430284857571213},"selectedRatio":"19:5","focusArea":null},"image_large":{"cropArea":{"x":0.00014992503748126183,"y":0.13793103448275862,"width":0.9997001499250375,"height":0.5997001499250375},"selectedRatio":"5:2","focusArea":null},"image_medium":{"cropArea":{"x":0.083,"y":0.00029994001199760045,"width":0.833,"height":0.9994001199760048},"selectedRatio":"5:4","focusArea":null},"image_small":{"cropArea":{"x":0.314,"y":9.998000399917743e-5,"width":0.5,"height":0.9998000399920016},"selectedRatio":"3:4","focusArea":null}},"autoplay":null,"extension":"jpg","actions":null,"overlay_toggle":1},"breakpoint":"image_medium"},{"publicUrl":"https:\/\/review.cms.emilfrey.carmato.io\/fileadmin\/Mediapool\/03_Stock\/Webseite_neue_Bilder\/EF_Shooting_16.Mai.2024_4.jpg","properties":{"title":"Junge Gesch\u00e4ftsfrau sitzt mit Tablet auf Treppe","alternative":"Junge Gesch\u00e4ftsfrau sitzt mit Tablet auf Treppe","description":"Eine moderne Gesch\u00e4ftsfrau sitzt mit einem Tablet auf einer wei\u00dfen Treppe. Flexibles Arbeiten in einer stilvollen, minimalistischen Umgebung.","mimeType":"image\/jpeg","type":"image","filename":"EF_Shooting_16.Mai.2024_4.jpg","originalUrl":"\/fileadmin\/Mediapool\/03_Stock\/Webseite_neue_Bilder\/EF_Shooting_16.Mai.2024_4.jpg","uidLocal":7595,"fileReferenceUid":27773,"size":"249 KB","link":null,"dimensions":{"width":2500,"height":1667},"cropDimensions":{"width":2500,"height":1667},"crop":{"image_xl":{"cropArea":{"x":0.000449835082458776,"y":0.19040479760119938,"width":0.9991003298350825,"height":0.39430284857571213},"selectedRatio":"19:5","focusArea":null},"image_large":{"cropArea":{"x":0.00014992503748126183,"y":0.13793103448275862,"width":0.9997001499250375,"height":0.5997001499250375},"selectedRatio":"5:2","focusArea":null},"image_medium":{"cropArea":{"x":0.083,"y":0.00029994001199760045,"width":0.833,"height":0.9994001199760048},"selectedRatio":"5:4","focusArea":null},"image_small":{"cropArea":{"x":0.314,"y":9.998000399917743e-5,"width":0.5,"height":0.9998000399920016},"selectedRatio":"3:4","focusArea":null}},"autoplay":null,"extension":"jpg","actions":null,"overlay_toggle":1},"breakpoint":"image_large"},{"publicUrl":"https:\/\/review.cms.emilfrey.carmato.io\/fileadmin\/Mediapool\/03_Stock\/Webseite_neue_Bilder\/EF_Shooting_16.Mai.2024_4.jpg","properties":{"title":"Junge Gesch\u00e4ftsfrau sitzt mit Tablet auf Treppe","alternative":"Junge Gesch\u00e4ftsfrau sitzt mit Tablet auf Treppe","description":"Eine moderne Gesch\u00e4ftsfrau sitzt mit einem Tablet auf einer wei\u00dfen Treppe. Flexibles Arbeiten in einer stilvollen, minimalistischen Umgebung.","mimeType":"image\/jpeg","type":"image","filename":"EF_Shooting_16.Mai.2024_4.jpg","originalUrl":"\/fileadmin\/Mediapool\/03_Stock\/Webseite_neue_Bilder\/EF_Shooting_16.Mai.2024_4.jpg","uidLocal":7595,"fileReferenceUid":27773,"size":"249 KB","link":null,"dimensions":{"width":2500,"height":1667},"cropDimensions":{"width":2500,"height":1667},"crop":{"image_xl":{"cropArea":{"x":0.000449835082458776,"y":0.19040479760119938,"width":0.9991003298350825,"height":0.39430284857571213},"selectedRatio":"19:5","focusArea":null},"image_large":{"cropArea":{"x":0.00014992503748126183,"y":0.13793103448275862,"width":0.9997001499250375,"height":0.5997001499250375},"selectedRatio":"5:2","focusArea":null},"image_medium":{"cropArea":{"x":0.083,"y":0.00029994001199760045,"width":0.833,"height":0.9994001199760048},"selectedRatio":"5:4","focusArea":null},"image_small":{"cropArea":{"x":0.314,"y":9.998000399917743e-5,"width":0.5,"height":0.9998000399920016},"selectedRatio":"3:4","focusArea":null}},"autoplay":null,"extension":"jpg","actions":null,"overlay_toggle":1},"breakpoint":"image_xl"}]],"slogan":"Jetzt online beantragen.","wltp":"","theme":"light","legaltext":"","styleMode":"emilfrey","usp":[],"actions":[{"id":28092,"pid":42,"type":"a_01_01__action","content":{"text":"","link":"\/auto-kaufen?digital_financing=1","layout":"button-primary-default","variant":"small","icon":{"name":null,"filename":null,"uri":null,"position":null,"variant":null}}}],"offerbrand":[],"displaymode":"universal"},"id":4717,"pid":1,"type":"m_01_09__offercard"}]}},{"id":14188,"type":"o_03_08__text","colPos":0,"categories":"","appearance":{"layout":"default","frameClass":"default","spaceBefore":"small","spaceAfter":"small"},"context":{"ctype":"o_03_08__text","cid":"O 03-08 Text","task":"14073201"},"content":{"settings":{"variant":"cols3","position":"left","theme":"blue","fontsize":"small"},"actions":[],"header":{"text":"","layout":1},"subheader":{"text":"","layout":4},"col1":{"bodytext":"<p><sup>1<\/sup>in Kilometerleasing-Angebot von Mobilize Financial Services, Gesch\u00e4ftsbereich der RCI Banque S.A. Niederlassung Deutschland, Jagenbergstr. 1, 41468 Neuss, zzgl. \u00dcberf\u00fchrungskosten. G\u00fcltig f\u00fcr Privatkund\/-innen mit Leasingvertrag bis zum 31.12.2025 und Zulassung bis zum 30.06.2025. Bei allen teilnehmenden Renault Partnern.<\/p>","list_layout":"bullet","list":[]},"col2":{"bodytext":"<p><sup>2&nbsp;<\/sup>Ein&nbsp;<strong>unverbindliches Finanzierungsangebot<\/strong>&nbsp;zzgl. \u00dcberf\u00fchrung i. H. v. 999,00 \u20ac inkl. MwSt. (separate Berechnung).&nbsp;Alle Preise verstehen sich inkl. MwSt.&nbsp;<strong>Vermittlung erfolgt ausschlie\u00dflich f\u00fcr den Kreditgeber BNP Paribas S.A. Niederlassung Deutschland, R\u00fcdesheimer Stra\u00dfe 1, 80686 M\u00fcnchen. Das Finanzierungsangebot entspricht dem Beispiel nach \u00a7 17 Abs. 4 PAngV.&nbsp;Angebot gilt nur bei Bestelldatum im Zeitraum vom 01.09.2025 bis 31.10.2025 und nur bei teilnehmenden MG-Vertriebspartnern. Informationen zu individuellen Preisen und Finanzangeboten erhalten Sie bei MG Motor Deutschland oder Ihren teilnehmenden MG-Vertriebspartnern.&nbsp;<\/strong>Widerrufsrecht: Der Darlehensnehmer kann seine Vertragserkl\u00e4rung innerhalb von 14 Tagen ohne Angabe von Gr\u00fcnden widerrufen. Zur Wahrung der Widerrufsfrist gen\u00fcgt die rechtzeitige Absendung des Widerrufs, wenn die Erkl\u00e4rung auf einem dauerhaften Datentr\u00e4ger (z. B. Brief, Telefax, E-Mail) erfolgt. Der Widerruf ist zu richten an: BNP Paribas S.A. Niederlassung Deutschland, Wuhanstra\u00dfe 5, 47051 Duisburg (Fax: 02 03\/34 69 54-09; Tel.: 02 03\/34 69 54-02; E- Mail:&nbsp;<a href=\"mailto:widerruf@consorsfinanz.de)\">widerruf@consorsfinanz.de)<\/a>.<\/p>","list_layout":"bullet","list":null},"col3":{"bodytext":"<p><sup>3&nbsp;<\/sup>Der Aktionszeitraum ist vom 17.10.2025 bis 31.10.2025. Die Aktion ist g\u00fcltig f\u00fcr den Erwerb eines der folgenden, an der Aktion teilnehmenden MG-Modelle: MG3, MG ZS, MG HS. Teilnehmende Emil Frey Betriebe: Emil Frey Sehner Automobile GmbH, Cannstatter Str. 46, 70190 Stuttgart. Beim Erwerb eines Aktionsfahrzeugs im genannten Zeitraum, erhalten die ersten 100 K\u00e4ufer\/-innen einen 250\u20ac Warengutschein. Damit kann bei \"MeinWunschgeschenk\" ein Artikel mit einem Warenwert bis zu 539,99\u20ac erworben werden. Die Einl\u00f6sung erfolgt ausschlie\u00dflich auf der Website&nbsp;<a href=\"http:\/\/www.meinwunschgeschenk.de\/emilfrey\" target=\"_blank\" rel=\"noreferrer\" title=\"http:\/\/www.meinwunschgeschenk.de\/emilfrey\">www.meinwunschgeschenk.de\/emilfrey<\/a><u>.<\/u>&nbsp;Eine Auszahlung oder Verrechnung des Gutscheins ist ausgeschlossen. Ein Anspruch auf den Gutschein besteht nur bei einem Abschluss eines rechtswirksamen Kauf-, Finanzierungs- oder Leasingvertrags, und nach erfolgter Fahrzeugauslieferung im genannten Aktionszeitraum. Es gelten die Einl\u00f6sebedingungen der Living Bytes GmbH - Website:&nbsp;<a href=\"http:\/\/www.meinwunschgeschenk.de\/\" target=\"{$styles.content.links.extTarget}\" rel=\"noreferrer\">www.meinwunschgeschenk.de<\/a>. Pro Fahrzeug wird nur ein Gutschein ausgegeben. Ausgabe der Gutscheine solange der Vorrat reicht. Das Angebot ist g\u00fcltig f\u00fcr private und gewerbliche Endkunden, jedoch nicht an Wiederverk\u00e4ufer.&nbsp;Nur so lange Vorrat reicht.<\/p>","list_layout":"bullet","list":null}}},{"id":7792,"type":"o_04_05__brands","colPos":0,"categories":"","appearance":{"layout":"default","frameClass":"default","spaceBefore":"medium","spaceAfter":"medium"},"context":{"ctype":"o_04_05__brands","cid":"O0405Brands","task":"14290841"},"content":{"settings":{"theme":"light"},"header":{"text":"Unsere Marken","layout":"2"},"bodytext":"","brands":[{"localId":4,"apiBrandId":4,"name":"Kia","alias":"","logo":[{"publicUrl":"https:\/\/review.cms.emilfrey.carmato.io\/fileadmin\/Landesebene\/Kia.svg","properties":{"title":null,"alternative":null,"description":null,"mimeType":"image\/svg+xml","type":"image","filename":"Kia.svg","originalUrl":"\/fileadmin\/Landesebene\/Kia.svg","uidLocal":9080,"fileReferenceUid":34598,"size":"2 KB","link":null,"dimensions":{"width":80,"height":80},"cropDimensions":{"width":80,"height":80},"crop":{"brand_logo":{"cropArea":{"x":0,"y":2.6470559078006773e-11,"width":17,"height":8.99999999994706},"selectedRatio":"17:9","focusArea":null}},"autoplay":0,"extension":"svg","actions":null,"overlay_toggle":0},"breakpoint":"default"}],"logocustomsized":[{"publicUrl":"https:\/\/review.cms.emilfrey.carmato.io\/fileadmin\/Landesebene\/Kia.svg","properties":{"title":null,"alternative":null,"description":null,"mimeType":"image\/svg+xml","type":"image","filename":"Kia.svg","originalUrl":"\/fileadmin\/Landesebene\/Kia.svg","uidLocal":9080,"fileReferenceUid":34599,"size":"2 KB","link":null,"dimensions":{"width":80,"height":80},"cropDimensions":{"width":80,"height":80},"crop":{"default":{"cropArea":{"x":0,"y":0,"width":1,"height":1},"selectedRatio":"NaN","focusArea":null}},"autoplay":0,"extension":"svg","actions":null,"overlay_toggle":0},"breakpoint":"default"}],"logocolored":[],"landingpage":"","link":[],"filter":"\/auto-kaufen?manufacturer_name=KIA"},{"localId":59,"apiBrandId":59,"name":"ABARTH","alias":"","logo":[{"publicUrl":"https:\/\/review.cms.emilfrey.carmato.io\/library\/brand\/abarth_unisize.svg","properties":{"title":"Abarth Markenlogo","alternative":"Abarth Markenlogo","description":"Abarth Markenlogo","mimeType":"image\/svg+xml","type":"image","filename":"abarth_unisize.svg","originalUrl":"\/library\/brand\/abarth_unisize.svg","uidLocal":19,"fileReferenceUid":1759,"size":"6 KB","link":null,"dimensions":{"width":68,"height":36},"cropDimensions":{"width":68,"height":36},"crop":{"brand_logo":{"cropArea":{"x":3.999999999973529,"y":0,"width":9.00000000005294,"height":9},"selectedRatio":"17:9","focusArea":null}},"autoplay":0,"extension":"svg","actions":null,"overlay_toggle":0},"breakpoint":"default"}],"logocustomsized":[{"publicUrl":"https:\/\/review.cms.emilfrey.carmato.io\/library\/brand\/abarth_customsize.svg","properties":{"title":"Abarth Markenlogo","alternative":"Abarth Markenlogo","description":"Abarth Markenlogo","mimeType":"image\/svg+xml","type":"image","filename":"abarth_customsize.svg","originalUrl":"\/library\/brand\/abarth_customsize.svg","uidLocal":20,"fileReferenceUid":1760,"size":"6 KB","link":null,"dimensions":{"width":30,"height":32},"cropDimensions":{"width":30,"height":32},"crop":{"default":{"cropArea":{"x":0,"y":0,"width":1,"height":1},"selectedRatio":"NaN","focusArea":null}},"autoplay":0,"extension":"svg","actions":null,"overlay_toggle":0},"breakpoint":"default"}],"logocolored":[],"landingpage":"\/markenwelt\/abarth","link":"\/markenwelt\/abarth","filter":"\/auto-kaufen?manufacturer_name=ABARTH"},{"localId":9,"apiBrandId":9,"name":"ALFA ROMEO","alias":"alfa","logo":[{"publicUrl":"https:\/\/review.cms.emilfrey.carmato.io\/library\/brand\/alfaromeo_unisize.svg","properties":{"title":"Alfa Romeo Markenlogo","alternative":"Alfa Romeo Markenlogo","description":"Alfa Romeo Markenlogo","mimeType":"image\/svg+xml","type":"image","filename":"alfaromeo_unisize.svg","originalUrl":"\/library\/brand\/alfaromeo_unisize.svg","uidLocal":27,"fileReferenceUid":554,"size":"9 KB","link":null,"dimensions":{"width":68,"height":36},"cropDimensions":{"width":68,"height":36},"crop":{"brand_logo":{"cropArea":{"x":3.999999999973529,"y":0,"width":9.00000000005294,"height":9},"selectedRatio":"17:9","focusArea":null}},"autoplay":0,"extension":"svg","actions":null,"overlay_toggle":0},"breakpoint":"default"}],"logocustomsized":[{"publicUrl":"https:\/\/review.cms.emilfrey.carmato.io\/library\/brand\/alfaRomeo_customsize.svg","properties":{"title":"Alfa Romeo Markenlogo","alternative":"Alfa Romeo Markenlogo","description":"Alfa Romeo Markenlogo","mimeType":"image\/svg+xml","type":"image","filename":"alfaRomeo_customsize.svg","originalUrl":"\/library\/brand\/alfaRomeo_customsize.svg","uidLocal":22,"fileReferenceUid":555,"size":"9 KB","link":null,"dimensions":{"width":31,"height":31},"cropDimensions":{"width":31,"height":31},"crop":{"default":{"cropArea":{"x":0,"y":0,"width":1,"height":1},"selectedRatio":"NaN","focusArea":null}},"autoplay":0,"extension":"svg","actions":null,"overlay_toggle":0},"breakpoint":"default"}],"logocolored":[],"landingpage":"\/markenwelt\/alfa-romeo","link":"\/markenwelt\/alfa-romeo","filter":"\/auto-kaufen\/ALFA_ROMEO"},{"localId":196,"apiBrandId":167,"name":"Alpine","alias":"","logo":[{"publicUrl":"https:\/\/review.cms.emilfrey.carmato.io\/library\/brand\/ALPINE_UNISIZE_EMBLEM_LETTER_BLACK.svg","properties":{"title":null,"alternative":null,"description":null,"mimeType":"image\/svg+xml","type":"image","filename":"ALPINE_UNISIZE_EMBLEM_LETTER_BLACK.svg","originalUrl":"\/library\/brand\/ALPINE_UNISIZE_EMBLEM_LETTER_BLACK.svg","uidLocal":8424,"fileReferenceUid":32072,"size":"1 KB","link":null,"dimensions":{"width":68,"height":36},"cropDimensions":{"width":68,"height":36},"crop":{"brand_logo":{"cropArea":{"x":3.999999999973529,"y":0,"width":9.00000000005294,"height":9},"selectedRatio":"17:9","focusArea":null}},"autoplay":0,"extension":"svg","actions":null,"overlay_toggle":0},"breakpoint":"default"}],"logocustomsized":[{"publicUrl":"https:\/\/review.cms.emilfrey.carmato.io\/library\/brand\/ALPINE_CUSTOM_EMBLEM_LETTER_BLACK.svg","properties":{"title":null,"alternative":null,"description":null,"mimeType":"image\/svg+xml","type":"image","filename":"ALPINE_CUSTOM_EMBLEM_LETTER_BLACK.svg","originalUrl":"\/library\/brand\/ALPINE_CUSTOM_EMBLEM_LETTER_BLACK.svg","uidLocal":8425,"fileReferenceUid":32073,"size":"1 KB","link":null,"dimensions":{"width":53,"height":36},"cropDimensions":{"width":53,"height":36},"crop":{"default":{"cropArea":{"x":0,"y":0,"width":1,"height":1},"selectedRatio":"NaN","focusArea":null}},"autoplay":0,"extension":"svg","actions":null,"overlay_toggle":0},"breakpoint":"default"}],"logocolored":[],"landingpage":"\/markenwelt\/alpine","link":"\/markenwelt\/alpine","filter":"\/auto-kaufen\/alpine"},{"localId":10,"apiBrandId":10,"name":"ASTON MARTIN","alias":"aston","logo":[{"publicUrl":"https:\/\/review.cms.emilfrey.carmato.io\/library\/brand\/astonmartin_unisize.svg","properties":{"title":"Aston Martin Markenlogo","alternative":"Aston Martin Markenlogo","description":"Aston Martin Markenlogo","mimeType":"image\/svg+xml","type":"image","filename":"astonmartin_unisize.svg","originalUrl":"\/library\/brand\/astonmartin_unisize.svg","uidLocal":26,"fileReferenceUid":556,"size":"18 KB","link":null,"dimensions":{"width":68,"height":36},"cropDimensions":{"width":68,"height":36},"crop":{"brand_logo":{"cropArea":{"x":3.999999999973529,"y":0,"width":9.00000000005294,"height":9},"selectedRatio":"17:9","focusArea":null}},"autoplay":0,"extension":"svg","actions":null,"overlay_toggle":0},"breakpoint":"default"}],"logocustomsized":[{"publicUrl":"https:\/\/review.cms.emilfrey.carmato.io\/library\/brand\/astonMartin_customsize.svg","properties":{"title":"Aston Martin Markenlogo","alternative":"Aston Martin Markenlogo","description":"Aston Martin Markenlogo","mimeType":"image\/svg+xml","type":"image","filename":"astonMartin_customsize.svg","originalUrl":"\/library\/brand\/astonMartin_customsize.svg","uidLocal":30,"fileReferenceUid":557,"size":"18 KB","link":null,"dimensions":{"width":59,"height":24},"cropDimensions":{"width":59,"height":24},"crop":{"default":{"cropArea":{"x":0,"y":0,"width":1,"height":1},"selectedRatio":"NaN","focusArea":null}},"autoplay":0,"extension":"svg","actions":null,"overlay_toggle":0},"breakpoint":"default"}],"logocolored":[],"landingpage":"\/markenwelt\/aston-martin","link":"\/markenwelt\/aston-martin","filter":"\/auto-kaufen?manufacturer_name=ASTON MARTIN"},{"localId":11,"apiBrandId":11,"name":"AUDI","alias":"","logo":[{"publicUrl":"https:\/\/review.cms.emilfrey.carmato.io\/library\/brand\/audi_unisize.svg","properties":{"title":"Audi Markenlogo","alternative":"Audi Markenlogo","description":"Audi Markenlogo","mimeType":"image\/svg+xml","type":"image","filename":"audi_unisize.svg","originalUrl":"\/library\/brand\/audi_unisize.svg","uidLocal":25,"fileReferenceUid":558,"size":"3 KB","link":null,"dimensions":{"width":68,"height":36},"cropDimensions":{"width":68,"height":36},"crop":{"brand_logo":{"cropArea":{"x":3.999999999973529,"y":0,"width":9.00000000005294,"height":9},"selectedRatio":"17:9","focusArea":null}},"autoplay":0,"extension":"svg","actions":null,"overlay_toggle":0},"breakpoint":"default"}],"logocustomsized":[{"publicUrl":"https:\/\/review.cms.emilfrey.carmato.io\/library\/brand\/audi_customsize.svg","properties":{"title":"Audi Markenlogo","alternative":"Audi Markenlogo","description":"Audi Markenlogo","mimeType":"image\/svg+xml","type":"image","filename":"audi_customsize.svg","originalUrl":"\/library\/brand\/audi_customsize.svg","uidLocal":31,"fileReferenceUid":559,"size":"3 KB","link":null,"dimensions":{"width":50,"height":18},"cropDimensions":{"width":50,"height":18},"crop":{"default":{"cropArea":{"x":0,"y":0,"width":1,"height":1},"selectedRatio":"NaN","focusArea":null}},"autoplay":0,"extension":"svg","actions":null,"overlay_toggle":0},"breakpoint":"default"}],"logocolored":[],"landingpage":"\/markenwelt\/audi","link":"\/markenwelt\/audi","filter":"\/auto-kaufen\/audi"},{"localId":12,"apiBrandId":12,"name":"Bentley","alias":"Bentley","logo":[{"publicUrl":"https:\/\/review.cms.emilfrey.carmato.io\/library\/brand\/EMF_Bentley_Simplified_unisize.svg","properties":{"title":null,"alternative":null,"description":null,"mimeType":"image\/svg+xml","type":"image","filename":"EMF_Bentley_Simplified_unisize.svg","originalUrl":"\/library\/brand\/EMF_Bentley_Simplified_unisize.svg","uidLocal":8656,"fileReferenceUid":33299,"size":"12 KB","link":null,"dimensions":{"width":68,"height":36},"cropDimensions":{"width":68,"height":36},"crop":{"brand_logo":{"cropArea":{"x":3.999999999973529,"y":0,"width":9.00000000005294,"height":9},"selectedRatio":"17:9","focusArea":null}},"autoplay":0,"extension":"svg","actions":null,"overlay_toggle":0},"breakpoint":"default"}],"logocustomsized":[{"publicUrl":"https:\/\/review.cms.emilfrey.carmato.io\/library\/brand\/EMF_Bentley_Simplified_customised__1_.svg","properties":{"title":null,"alternative":null,"description":null,"mimeType":"image\/svg+xml","type":"image","filename":"EMF_Bentley_Simplified_customised__1_.svg","originalUrl":"\/library\/brand\/EMF_Bentley_Simplified_customised__1_.svg","uidLocal":8657,"fileReferenceUid":33300,"size":"12 KB","link":null,"dimensions":{"width":68,"height":31},"cropDimensions":{"width":68,"height":31},"crop":{"default":{"cropArea":{"x":0,"y":0,"width":1,"height":1},"selectedRatio":"NaN","focusArea":null}},"autoplay":0,"extension":"svg","actions":null,"overlay_toggle":0},"breakpoint":"default"}],"logocolored":[],"landingpage":"\/markenwelt\/bentley","link":"\/markenwelt\/bentley","filter":"\/auto-kaufen?manufacturer_name=BENTLEY"},{"localId":13,"apiBrandId":13,"name":"BMW","alias":"","logo":[{"publicUrl":"https:\/\/review.cms.emilfrey.carmato.io\/library\/brand\/bmw_unisize.svg","properties":{"title":"BMW Markenlogo","alternative":"BMW Markenlogo","description":"BMW Markenlogo","mimeType":"image\/svg+xml","type":"image","filename":"bmw_unisize.svg","originalUrl":"\/library\/brand\/bmw_unisize.svg","uidLocal":23,"fileReferenceUid":562,"size":"3 KB","link":null,"dimensions":{"width":68,"height":36},"cropDimensions":{"width":68,"height":36},"crop":{"brand_logo":{"cropArea":{"x":3.999999999973529,"y":0,"width":9.00000000005294,"height":9},"selectedRatio":"17:9","focusArea":null}},"autoplay":0,"extension":"svg","actions":null,"overlay_toggle":0},"breakpoint":"default"}],"logocustomsized":[{"publicUrl":"https:\/\/review.cms.emilfrey.carmato.io\/library\/brand\/bmw_customsize.svg","properties":{"title":"BMW Markenlogo","alternative":"BMW Logo in Schwarz-Weiss","description":"BMW Markenlogo","mimeType":"image\/svg+xml","type":"image","filename":"bmw_customsize.svg","originalUrl":"\/library\/brand\/bmw_customsize.svg","uidLocal":24,"fileReferenceUid":563,"size":"3 KB","link":null,"dimensions":{"width":31,"height":31},"cropDimensions":{"width":31,"height":31},"crop":{"default":{"cropArea":{"x":0,"y":0,"width":1,"height":1},"selectedRatio":"NaN","focusArea":null}},"autoplay":0,"extension":"svg","actions":null,"overlay_toggle":0},"breakpoint":"default"}],"logocolored":[{"publicUrl":"https:\/\/review.cms.emilfrey.carmato.io\/library\/brand\/bmw_customsize-farbig.png","properties":{"title":"BMW Markenlogo","alternative":"BMW Logo in Farbe","description":"BMW Markenlogo","mimeType":"image\/png","type":"image","filename":"bmw_customsize-farbig.png","originalUrl":"\/library\/brand\/bmw_customsize-farbig.png","uidLocal":5410,"fileReferenceUid":18684,"size":"68 KB","link":null,"dimensions":{"width":1573,"height":1595},"cropDimensions":{"width":1573,"height":1595},"crop":{"default":{"cropArea":{"x":0,"y":0,"width":1,"height":1},"selectedRatio":"NaN","focusArea":null}},"autoplay":null,"extension":"png","actions":null,"overlay_toggle":0},"breakpoint":"default"}],"landingpage":"\/markenwelt\/bmw","link":"\/markenwelt\/bmw","filter":"\/auto-kaufen\/BMW"},{"localId":19,"apiBrandId":19,"name":"Citro\u00ebn","alias":"Citro\u00ebn","logo":[{"publicUrl":"https:\/\/review.cms.emilfrey.carmato.io\/library\/brand\/citroen_unifiedsize.svg","properties":{"title":"Citroen Markenlogo","alternative":"Citroen Markenlogo","description":"Citroen Markenlogo","mimeType":"image\/svg+xml","type":"image","filename":"citroen_unifiedsize.svg","originalUrl":"\/library\/brand\/citroen_unifiedsize.svg","uidLocal":5420,"fileReferenceUid":18812,"size":"5 KB","link":null,"dimensions":{"width":68,"height":36},"cropDimensions":{"width":68,"height":36},"crop":{"brand_logo":{"cropArea":{"x":3.999999999973529,"y":0,"width":9.00000000005294,"height":9},"selectedRatio":"17:9","focusArea":null}},"autoplay":0,"extension":"svg","actions":null,"overlay_toggle":0},"breakpoint":"default"}],"logocustomsized":[{"publicUrl":"https:\/\/review.cms.emilfrey.carmato.io\/library\/brand\/citroen_customsize_new.svg","properties":{"title":"Citroen Markenlogo","alternative":"Citroen Markenlogo","description":"Citroen Markenlogo","mimeType":"image\/svg+xml","type":"image","filename":"citroen_customsize_new.svg","originalUrl":"\/library\/brand\/citroen_customsize_new.svg","uidLocal":5419,"fileReferenceUid":18813,"size":"5 KB","link":null,"dimensions":{"width":50,"height":36},"cropDimensions":{"width":50,"height":36},"crop":{"default":{"cropArea":{"x":0,"y":0,"width":1,"height":1},"selectedRatio":"NaN","focusArea":null}},"autoplay":0,"extension":"svg","actions":null,"overlay_toggle":0},"breakpoint":"default"}],"logocolored":[],"landingpage":"\/markenwelt\/citroen","link":"\/markenwelt\/citroen","filter":"\/auto-kaufen\/citroen"},{"localId":66,"apiBrandId":66,"name":"CUPRA","alias":"","logo":[{"publicUrl":"https:\/\/review.cms.emilfrey.carmato.io\/library\/brand\/cupra_unisize.svg","properties":{"title":"Cupra Markenlogo","alternative":"Cupra Markenlogo","description":"Cupra Markenlogo","mimeType":"image\/svg+xml","type":"image","filename":"cupra_unisize.svg","originalUrl":"\/library\/brand\/cupra_unisize.svg","uidLocal":38,"fileReferenceUid":1770,"size":"7 KB","link":null,"dimensions":{"width":68,"height":36},"cropDimensions":{"width":68,"height":36},"crop":{"brand_logo":{"cropArea":{"x":3.999999999973529,"y":0,"width":9.00000000005294,"height":9},"selectedRatio":"17:9","focusArea":null}},"autoplay":0,"extension":"svg","actions":null,"overlay_toggle":0},"breakpoint":"default"}],"logocustomsized":[{"publicUrl":"https:\/\/review.cms.emilfrey.carmato.io\/library\/brand\/cupra_customsize.svg","properties":{"title":"Cupra Markenlogo","alternative":"Cupra Markenlogo","description":"Cupra Markenlogo","mimeType":"image\/svg+xml","type":"image","filename":"cupra_customsize.svg","originalUrl":"\/library\/brand\/cupra_customsize.svg","uidLocal":46,"fileReferenceUid":1771,"size":"7 KB","link":null,"dimensions":{"width":46,"height":31},"cropDimensions":{"width":46,"height":31},"crop":{"default":{"cropArea":{"x":0,"y":0,"width":1,"height":1},"selectedRatio":"NaN","focusArea":null}},"autoplay":0,"extension":"svg","actions":null,"overlay_toggle":0},"breakpoint":"default"}],"logocolored":[{"publicUrl":"https:\/\/review.cms.emilfrey.carmato.io\/library\/brand\/cupra_unisize.svg","properties":{"title":"Cupra Markenlogo","alternative":"Cupra Markenlogo","description":"Cupra Markenlogo","mimeType":"image\/svg+xml","type":"image","filename":"cupra_unisize.svg","originalUrl":"\/library\/brand\/cupra_unisize.svg","uidLocal":38,"fileReferenceUid":21861,"size":"7 KB","link":null,"dimensions":{"width":68,"height":36},"cropDimensions":{"width":68,"height":36},"crop":{"default":{"cropArea":{"x":0,"y":0,"width":1,"height":1},"selectedRatio":"NaN","focusArea":null}},"autoplay":0,"extension":"svg","actions":null,"overlay_toggle":0},"breakpoint":"default"}],"landingpage":"\/markenwelt\/cupra","link":"\/markenwelt\/cupra","filter":"\/auto-kaufen\/CUPRA"},{"localId":20,"apiBrandId":20,"name":"DACIA","alias":"","logo":[{"publicUrl":"https:\/\/review.cms.emilfrey.carmato.io\/library\/brand\/dacia_unisize1.svg","properties":{"title":"Dacia Markenlogo","alternative":"Dacia Markenlogo","description":"Dacia Markenlogo","mimeType":"image\/svg+xml","type":"image","filename":"dacia_unisize1.svg","originalUrl":"\/library\/brand\/dacia_unisize1.svg","uidLocal":7744,"fileReferenceUid":28721,"size":"3 KB","link":null,"dimensions":{"width":68,"height":36},"cropDimensions":{"width":68,"height":36},"crop":{"brand_logo":{"cropArea":{"x":3.999999999973529,"y":0,"width":9.00000000005294,"height":9},"selectedRatio":"17:9","focusArea":null}},"autoplay":0,"extension":"svg","actions":null,"overlay_toggle":0},"breakpoint":"default"}],"logocustomsized":[{"publicUrl":"https:\/\/review.cms.emilfrey.carmato.io\/library\/brand\/dacia_customsize1.svg","properties":{"title":"Dacia Markenlogo","alternative":"Dacia Markenlogo","description":"Dacia Markenlogo","mimeType":"image\/svg+xml","type":"image","filename":"dacia_customsize1.svg","originalUrl":"\/library\/brand\/dacia_customsize1.svg","uidLocal":7745,"fileReferenceUid":28722,"size":"3 KB","link":null,"dimensions":{"width":52,"height":32},"cropDimensions":{"width":52,"height":32},"crop":{"default":{"cropArea":{"x":0,"y":0,"width":1,"height":1},"selectedRatio":"NaN","focusArea":null}},"autoplay":0,"extension":"svg","actions":null,"overlay_toggle":0},"breakpoint":"default"}],"logocolored":[{"publicUrl":"https:\/\/review.cms.emilfrey.carmato.io\/library\/brand\/dacia_customsize1.svg","properties":{"title":"Dacia Markenlogo","alternative":"Dacia Markenlogo","description":"Dacia Markenlogo","mimeType":"image\/svg+xml","type":"image","filename":"dacia_customsize1.svg","originalUrl":"\/library\/brand\/dacia_customsize1.svg","uidLocal":7745,"fileReferenceUid":28723,"size":"3 KB","link":null,"dimensions":{"width":52,"height":32},"cropDimensions":{"width":52,"height":32},"crop":{"default":{"cropArea":{"x":0,"y":0,"width":1,"height":1},"selectedRatio":"NaN","focusArea":null}},"autoplay":0,"extension":"svg","actions":null,"overlay_toggle":0},"breakpoint":"default"}],"landingpage":"\/markenwelt\/dacia","link":"\/markenwelt\/dacia","filter":"\/auto-kaufen\/dacia"},{"localId":25,"apiBrandId":25,"name":"Ferrari","alias":"","logo":[{"publicUrl":"https:\/\/review.cms.emilfrey.carmato.io\/library\/brand\/Brand_ferrari__type_unisize.svg","properties":{"title":"Ferrari Markenlogo","alternative":"Ferrari Markenlogo","description":"Ferrari Markenlogo","mimeType":"image\/svg+xml","type":"image","filename":"Brand_ferrari__type_unisize.svg","originalUrl":"\/library\/brand\/Brand_ferrari__type_unisize.svg","uidLocal":6097,"fileReferenceUid":20555,"size":"52 KB","link":null,"dimensions":{"width":68,"height":36},"cropDimensions":{"width":68,"height":36},"crop":{"brand_logo":{"cropArea":{"x":3.999999999973529,"y":0,"width":9.00000000005294,"height":9},"selectedRatio":"17:9","focusArea":null}},"autoplay":0,"extension":"svg","actions":null,"overlay_toggle":0},"breakpoint":"default"}],"logocustomsized":[{"publicUrl":"https:\/\/review.cms.emilfrey.carmato.io\/library\/brand\/Brand_ferrari__type_customsize__1_.svg","properties":{"title":"Ferrari Markenlogo","alternative":"Ferrari Markenlogo","description":"Ferrari Markenlogo","mimeType":"image\/svg+xml","type":"image","filename":"Brand_ferrari__type_customsize__1_.svg","originalUrl":"\/library\/brand\/Brand_ferrari__type_customsize__1_.svg","uidLocal":6098,"fileReferenceUid":20556,"size":"52 KB","link":null,"dimensions":{"width":26,"height":36},"cropDimensions":{"width":26,"height":36},"crop":{"default":{"cropArea":{"x":0,"y":0,"width":1,"height":1},"selectedRatio":"NaN","focusArea":null}},"autoplay":0,"extension":"svg","actions":null,"overlay_toggle":0},"breakpoint":"default"}],"logocolored":[],"landingpage":"https:\/\/munich.ferraridealers.com\/de-DE\/","link":"https:\/\/munich.ferraridealers.com\/de-DE\/","filter":"\/auto-kaufen?manufacturer_name=FERRARI"},{"localId":26,"apiBrandId":26,"name":"FIAT","alias":"","logo":[{"publicUrl":"https:\/\/review.cms.emilfrey.carmato.io\/library\/fiat_unisize.svg","properties":{"title":null,"alternative":null,"description":null,"mimeType":"image\/svg+xml","type":"image","filename":"fiat_unisize.svg","originalUrl":"\/library\/fiat_unisize.svg","uidLocal":7316,"fileReferenceUid":26202,"size":"1 KB","link":null,"dimensions":{"width":68,"height":36},"cropDimensions":{"width":68,"height":36},"crop":{"brand_logo":{"cropArea":{"x":3.999999999973529,"y":0,"width":9.00000000005294,"height":9},"selectedRatio":"17:9","focusArea":null}},"autoplay":0,"extension":"svg","actions":null,"overlay_toggle":0},"breakpoint":"default"}],"logocustomsized":[{"publicUrl":"https:\/\/review.cms.emilfrey.carmato.io\/library\/fiat_customsize.svg","properties":{"title":null,"alternative":null,"description":null,"mimeType":"image\/svg+xml","type":"image","filename":"fiat_customsize.svg","originalUrl":"\/library\/fiat_customsize.svg","uidLocal":7315,"fileReferenceUid":26203,"size":"1 KB","link":null,"dimensions":{"width":33,"height":25},"cropDimensions":{"width":33,"height":25},"crop":{"default":{"cropArea":{"x":0,"y":0,"width":1,"height":1},"selectedRatio":"NaN","focusArea":null}},"autoplay":0,"extension":"svg","actions":null,"overlay_toggle":0},"breakpoint":"default"}],"logocolored":[],"landingpage":"\/markenwelt\/fiat","link":"\/markenwelt\/fiat","filter":"\/auto-kaufen?manufacturer_name=FIAT"},{"localId":27,"apiBrandId":27,"name":"FIAT PROFESSIONAL","alias":"","logo":[{"publicUrl":"https:\/\/review.cms.emilfrey.carmato.io\/library\/brand\/fiatProfessional_unisize.svg","properties":{"title":"Fiat Markenlogo","alternative":"Fiat Markenlogo","description":"Fiat Markenlogo","mimeType":"image\/svg+xml","type":"image","filename":"fiatProfessional_unisize.svg","originalUrl":"\/library\/brand\/fiatProfessional_unisize.svg","uidLocal":7520,"fileReferenceUid":27278,"size":"13 KB","link":null,"dimensions":{"width":68,"height":37},"cropDimensions":{"width":68,"height":37},"crop":{"brand_logo":{"cropArea":{"x":3.8749999999727947,"y":0,"width":9.250000000054412,"height":9},"selectedRatio":"17:9","focusArea":null}},"autoplay":0,"extension":"svg","actions":null,"overlay_toggle":0},"breakpoint":"default"}],"logocustomsized":[{"publicUrl":"https:\/\/review.cms.emilfrey.carmato.io\/fileadmin\/user_upload\/fiatProfessional_customsize__1_.svg","properties":{"title":null,"alternative":null,"description":null,"mimeType":"image\/svg+xml","type":"image","filename":"fiatProfessional_customsize__1_.svg","originalUrl":"\/fileadmin\/user_upload\/fiatProfessional_customsize__1_.svg","uidLocal":7523,"fileReferenceUid":27289,"size":"13 KB","link":null,"dimensions":{"width":36,"height":30},"cropDimensions":{"width":36,"height":30},"crop":{"default":{"cropArea":{"x":0,"y":0,"width":1,"height":1},"selectedRatio":"NaN","focusArea":null}},"autoplay":0,"extension":"svg","actions":null,"overlay_toggle":0},"breakpoint":"default"}],"logocolored":[],"landingpage":"\/markenwelt\/fiat","link":"\/markenwelt\/fiat","filter":""},{"localId":29,"apiBrandId":29,"name":"FORD","alias":"","logo":[{"publicUrl":"https:\/\/review.cms.emilfrey.carmato.io\/library\/brand\/ford_unisize.svg","properties":{"title":"Ford Markenlogo","alternative":"Ford Markenlogo","description":"Ford Markenlogo","mimeType":"image\/svg+xml","type":"image","filename":"ford_unisize.svg","originalUrl":"\/library\/brand\/ford_unisize.svg","uidLocal":51,"fileReferenceUid":591,"size":"7 KB","link":null,"dimensions":{"width":68,"height":36},"cropDimensions":{"width":68,"height":36},"crop":{"brand_logo":{"cropArea":{"x":3.999999999973529,"y":0,"width":9.00000000005294,"height":9},"selectedRatio":"17:9","focusArea":null}},"autoplay":0,"extension":"svg","actions":null,"overlay_toggle":0},"breakpoint":"default"}],"logocustomsized":[{"publicUrl":"https:\/\/review.cms.emilfrey.carmato.io\/library\/brand\/ford_customsize.svg","properties":{"title":"Ford Markenlogo","alternative":"Ford Markenlogo","description":"Ford Markenlogo","mimeType":"image\/svg+xml","type":"image","filename":"ford_customsize.svg","originalUrl":"\/library\/brand\/ford_customsize.svg","uidLocal":43,"fileReferenceUid":592,"size":"7 KB","link":null,"dimensions":{"width":43,"height":17},"cropDimensions":{"width":43,"height":17},"crop":{"default":{"cropArea":{"x":0,"y":0,"width":1,"height":1},"selectedRatio":"NaN","focusArea":null}},"autoplay":0,"extension":"svg","actions":null,"overlay_toggle":0},"breakpoint":"default"}],"logocolored":[{"publicUrl":"https:\/\/review.cms.emilfrey.carmato.io\/library\/brand\/ford_customsize-farbig.svg","properties":{"title":"Ford Markenlogo","alternative":"Ford Markenlogo","description":"Ford Markenlogo","mimeType":"image\/svg+xml","type":"image","filename":"ford_customsize-farbig.svg","originalUrl":"\/library\/brand\/ford_customsize-farbig.svg","uidLocal":6345,"fileReferenceUid":21793,"size":"4 KB","link":null,"dimensions":{"width":43,"height":17},"cropDimensions":{"width":43,"height":17},"crop":{"default":{"cropArea":{"x":0,"y":0,"width":1,"height":1},"selectedRatio":"NaN","focusArea":null}},"autoplay":0,"extension":"svg","actions":null,"overlay_toggle":0},"breakpoint":"default"}],"landingpage":"\/markenwelt\/ford","link":"\/markenwelt\/ford","filter":"\/auto-kaufen\/FORD"},{"localId":149,"apiBrandId":0,"name":"GWM","alias":"GWM","logo":[{"publicUrl":"https:\/\/review.cms.emilfrey.carmato.io\/library\/brand\/gwm_unisize.svg","properties":{"title":null,"alternative":null,"description":null,"mimeType":"image\/svg+xml","type":"image","filename":"gwm_unisize.svg","originalUrl":"\/library\/brand\/gwm_unisize.svg","uidLocal":7260,"fileReferenceUid":25686,"size":"5 KB","link":null,"dimensions":{"width":68,"height":36},"cropDimensions":{"width":68,"height":36},"crop":{"brand_logo":{"cropArea":{"x":3.999999999973529,"y":0,"width":9.00000000005294,"height":9},"selectedRatio":"17:9","focusArea":null}},"autoplay":0,"extension":"svg","actions":null,"overlay_toggle":0},"breakpoint":"default"}],"logocustomsized":[{"publicUrl":"https:\/\/review.cms.emilfrey.carmato.io\/library\/brand\/gwm_customsize.svg","properties":{"title":"GWM Markenlogo","alternative":"GWM Markenlogo","description":"GWM Markenlogo","mimeType":"image\/svg+xml","type":"image","filename":"gwm_customsize.svg","originalUrl":"\/library\/brand\/gwm_customsize.svg","uidLocal":7259,"fileReferenceUid":25687,"size":"5 KB","link":null,"dimensions":{"width":44,"height":36},"cropDimensions":{"width":44,"height":36},"crop":{"default":{"cropArea":{"x":0,"y":0,"width":1,"height":1},"selectedRatio":"NaN","focusArea":null}},"autoplay":0,"extension":"svg","actions":null,"overlay_toggle":0},"breakpoint":"default"}],"logocolored":[],"landingpage":"\/auto-kaufen\/GWM","link":"\/auto-kaufen\/GWM","filter":"\/auto-kaufen\/GWM"},{"localId":33,"apiBrandId":33,"name":"HYUNDAI","alias":"","logo":[{"publicUrl":"https:\/\/review.cms.emilfrey.carmato.io\/library\/brand\/hyundai_unisize.svg","properties":{"title":"Hyundai Markenlogo","alternative":"Hyundai Markenlogo","description":"Hyundai Markenlogo","mimeType":"image\/svg+xml","type":"image","filename":"hyundai_unisize.svg","originalUrl":"\/library\/brand\/hyundai_unisize.svg","uidLocal":56,"fileReferenceUid":599,"size":"4 KB","link":null,"dimensions":{"width":68,"height":36},"cropDimensions":{"width":68,"height":36},"crop":{"brand_logo":{"cropArea":{"x":3.999999999973529,"y":0,"width":9.00000000005294,"height":9},"selectedRatio":"17:9","focusArea":null}},"autoplay":0,"extension":"svg","actions":null,"overlay_toggle":0},"breakpoint":"default"}],"logocustomsized":[{"publicUrl":"https:\/\/review.cms.emilfrey.carmato.io\/library\/brand\/hyundai_customsize.svg","properties":{"title":"Hyundai Markenlogo","alternative":"Hyundai Markenlogo","description":"Hyundai Markenlogo","mimeType":"image\/svg+xml","type":"image","filename":"hyundai_customsize.svg","originalUrl":"\/library\/brand\/hyundai_customsize.svg","uidLocal":54,"fileReferenceUid":600,"size":"4 KB","link":null,"dimensions":{"width":67,"height":10},"cropDimensions":{"width":67,"height":10},"crop":{"default":{"cropArea":{"x":0,"y":0,"width":1,"height":1},"selectedRatio":"NaN","focusArea":null}},"autoplay":0,"extension":"svg","actions":null,"overlay_toggle":0},"breakpoint":"default"}],"logocolored":[],"landingpage":"\/markenwelt\/hyundai","link":"\/markenwelt\/hyundai","filter":"\/auto-kaufen?manufacturer_name=HYUNDAI"},{"localId":6,"apiBrandId":6,"name":"Jaguar","alias":"","logo":[{"publicUrl":"https:\/\/review.cms.emilfrey.carmato.io\/library\/brand\/jaguar_unisize-neu.svg","properties":{"title":"Jaguar Markenlogo","alternative":"Jaguar Markenlogo","description":"Jaguar Markenlogo","mimeType":"image\/svg+xml","type":"image","filename":"jaguar_unisize-neu.svg","originalUrl":"\/library\/brand\/jaguar_unisize-neu.svg","uidLocal":6342,"fileReferenceUid":21788,"size":"4 KB","link":null,"dimensions":{"width":68,"height":36},"cropDimensions":{"width":68,"height":36},"crop":{"brand_logo":{"cropArea":{"x":3.999999999973529,"y":0,"width":9.00000000005294,"height":9},"selectedRatio":"17:9","focusArea":null}},"autoplay":0,"extension":"svg","actions":null,"overlay_toggle":0},"breakpoint":"default"}],"logocustomsized":[{"publicUrl":"https:\/\/review.cms.emilfrey.carmato.io\/library\/brand\/jaguar_customsize-neu.svg","properties":{"title":"Jaguar Markenlogo","alternative":"Jaguar Markenlogo","description":"Jaguar Markenlogo","mimeType":"image\/svg+xml","type":"image","filename":"jaguar_customsize-neu.svg","originalUrl":"\/library\/brand\/jaguar_customsize-neu.svg","uidLocal":6341,"fileReferenceUid":21789,"size":"4 KB","link":null,"dimensions":{"width":68,"height":6},"cropDimensions":{"width":68,"height":6},"crop":{"default":{"cropArea":{"x":0,"y":0,"width":1,"height":1},"selectedRatio":"NaN","focusArea":null}},"autoplay":0,"extension":"svg","actions":null,"overlay_toggle":0},"breakpoint":"default"}],"logocolored":[{"publicUrl":"https:\/\/review.cms.emilfrey.carmato.io\/library\/brand\/jaguar_customsize-neu.svg","properties":{"title":"Jaguar Markenlogo","alternative":"Jaguar Markenlogo","description":"Jaguar Markenlogo","mimeType":"image\/svg+xml","type":"image","filename":"jaguar_customsize-neu.svg","originalUrl":"\/library\/brand\/jaguar_customsize-neu.svg","uidLocal":6341,"fileReferenceUid":21790,"size":"4 KB","link":null,"dimensions":{"width":68,"height":6},"cropDimensions":{"width":68,"height":6},"crop":{"default":{"cropArea":{"x":0,"y":0,"width":1,"height":1},"selectedRatio":"NaN","focusArea":null}},"autoplay":0,"extension":"svg","actions":null,"overlay_toggle":0},"breakpoint":"default"}],"landingpage":"\/markenwelt\/jaguar","link":"\/markenwelt\/jaguar","filter":"\/auto-kaufen\/JAGUAR"},{"localId":37,"apiBrandId":37,"name":"JEEP","alias":"","logo":[{"publicUrl":"https:\/\/review.cms.emilfrey.carmato.io\/library\/brand\/jeep_unisize.svg","properties":{"title":"Jeep Markenlogo","alternative":"Jeep Markenlogo","description":"Jeep Markenlogo","mimeType":"image\/svg+xml","type":"image","filename":"jeep_unisize.svg","originalUrl":"\/library\/brand\/jeep_unisize.svg","uidLocal":61,"fileReferenceUid":18674,"size":"2 KB","link":null,"dimensions":{"width":68,"height":36},"cropDimensions":{"width":68,"height":36},"crop":{"brand_logo":{"cropArea":{"x":3.999999999973529,"y":0,"width":9.00000000005294,"height":9},"selectedRatio":"17:9","focusArea":null}},"autoplay":0,"extension":"svg","actions":null,"overlay_toggle":0},"breakpoint":"default"}],"logocustomsized":[{"publicUrl":"https:\/\/review.cms.emilfrey.carmato.io\/library\/brand\/jeep_customsize.svg","properties":{"title":"Jeep Markenlogo","alternative":"Jeep Markenlogo","description":"Jeep Markenlogo","mimeType":"image\/svg+xml","type":"image","filename":"jeep_customsize.svg","originalUrl":"\/library\/brand\/jeep_customsize.svg","uidLocal":59,"fileReferenceUid":18675,"size":"2 KB","link":null,"dimensions":{"width":48,"height":19},"cropDimensions":{"width":48,"height":19},"crop":{"default":{"cropArea":{"x":0,"y":0,"width":1,"height":1},"selectedRatio":"NaN","focusArea":null}},"autoplay":0,"extension":"svg","actions":null,"overlay_toggle":0},"breakpoint":"default"}],"logocolored":[],"landingpage":"\/auto-kaufen\/JEEP","link":"\/auto-kaufen\/JEEP","filter":"\/auto-kaufen?manufacturer_name=JEEP"},{"localId":7,"apiBrandId":7,"name":"Land Rover","alias":"","logo":[{"publicUrl":"https:\/\/review.cms.emilfrey.carmato.io\/library\/brand\/land-rover_unisize.svg","properties":{"title":null,"alternative":null,"description":null,"mimeType":"image\/svg+xml","type":"image","filename":"land-rover_unisize.svg","originalUrl":"\/library\/brand\/land-rover_unisize.svg","uidLocal":9071,"fileReferenceUid":34557,"size":"6 KB","link":null,"dimensions":{"width":68,"height":37},"cropDimensions":{"width":68,"height":37},"crop":{"brand_logo":{"cropArea":{"x":3.8749999999727947,"y":0,"width":9.250000000054412,"height":9},"selectedRatio":"17:9","focusArea":null}},"autoplay":0,"extension":"svg","actions":null,"overlay_toggle":0},"breakpoint":"default"}],"logocustomsized":[{"publicUrl":"https:\/\/review.cms.emilfrey.carmato.io\/library\/brand\/land-rover_customsize.svg","properties":{"title":null,"alternative":null,"description":null,"mimeType":"image\/svg+xml","type":"image","filename":"land-rover_customsize.svg","originalUrl":"\/library\/brand\/land-rover_customsize.svg","uidLocal":9072,"fileReferenceUid":34558,"size":"6 KB","link":null,"dimensions":{"width":53,"height":29},"cropDimensions":{"width":53,"height":29},"crop":{"default":{"cropArea":{"x":0,"y":0,"width":1,"height":1},"selectedRatio":"NaN","focusArea":null}},"autoplay":0,"extension":"svg","actions":null,"overlay_toggle":0},"breakpoint":"default"}],"logocolored":[],"landingpage":"\/markenwelt\/land-rover","link":"\/markenwelt\/land-rover","filter":"\/auto-kaufen\/LAND_ROVER"},{"localId":222,"apiBrandId":0,"name":"LEAPMOTOR","alias":"LEAPMOTOR","logo":[{"publicUrl":"https:\/\/review.cms.emilfrey.carmato.io\/library\/brand\/EMF_Leapmotor_unisize.svg","properties":{"title":null,"alternative":null,"description":null,"mimeType":"image\/svg+xml","type":"image","filename":"EMF_Leapmotor_unisize.svg","originalUrl":"\/library\/brand\/EMF_Leapmotor_unisize.svg","uidLocal":8659,"fileReferenceUid":33301,"size":"8 KB","link":null,"dimensions":{"width":68,"height":36},"cropDimensions":{"width":68,"height":36},"crop":{"brand_logo":{"cropArea":{"x":3.999999999973529,"y":0,"width":9.00000000005294,"height":9},"selectedRatio":"17:9","focusArea":null}},"autoplay":0,"extension":"svg","actions":null,"overlay_toggle":0},"breakpoint":"default"}],"logocustomsized":[{"publicUrl":"https:\/\/review.cms.emilfrey.carmato.io\/library\/brand\/EMF_Leapmotor_customised.svg","properties":{"title":null,"alternative":null,"description":null,"mimeType":"image\/svg+xml","type":"image","filename":"EMF_Leapmotor_customised.svg","originalUrl":"\/library\/brand\/EMF_Leapmotor_customised.svg","uidLocal":8658,"fileReferenceUid":33302,"size":"8 KB","link":null,"dimensions":{"width":68,"height":27},"cropDimensions":{"width":68,"height":27},"crop":{"default":{"cropArea":{"x":0,"y":0,"width":1,"height":1},"selectedRatio":"NaN","focusArea":null}},"autoplay":0,"extension":"svg","actions":null,"overlay_toggle":0},"breakpoint":"default"}],"logocolored":[],"landingpage":"\/","link":"\/","filter":"\/auto-kaufen"},{"localId":2,"apiBrandId":2,"name":"Lexus","alias":"","logo":[{"publicUrl":"https:\/\/review.cms.emilfrey.carmato.io\/library\/brand\/lexus_unisize.svg","properties":{"title":"Lexus Markenlogo","alternative":"Lexus Markenlogo","description":"Lexus Markenlogo","mimeType":"image\/svg+xml","type":"image","filename":"lexus_unisize.svg","originalUrl":"\/library\/brand\/lexus_unisize.svg","uidLocal":67,"fileReferenceUid":544,"size":"2 KB","link":null,"dimensions":{"width":68,"height":36},"cropDimensions":{"width":68,"height":36},"crop":{"brand_logo":{"cropArea":{"x":3.999999999973529,"y":0,"width":9.00000000005294,"height":9},"selectedRatio":"17:9","focusArea":null}},"autoplay":0,"extension":"svg","actions":null,"overlay_toggle":0},"breakpoint":"default"}],"logocustomsized":[{"publicUrl":"https:\/\/review.cms.emilfrey.carmato.io\/library\/brand\/lexus_customsize.svg","properties":{"title":"Lexus Markenlogo","alternative":"Lexus Markenlogo","description":"Lexus Markenlogo","mimeType":"image\/svg+xml","type":"image","filename":"lexus_customsize.svg","originalUrl":"\/library\/brand\/lexus_customsize.svg","uidLocal":79,"fileReferenceUid":545,"size":"2 KB","link":null,"dimensions":{"width":48,"height":8},"cropDimensions":{"width":48,"height":8},"crop":{"default":{"cropArea":{"x":0,"y":0,"width":1,"height":1},"selectedRatio":"NaN","focusArea":null}},"autoplay":0,"extension":"svg","actions":null,"overlay_toggle":0},"breakpoint":"default"}],"logocolored":[],"landingpage":"\/markenwelt\/lexus","link":"\/markenwelt\/lexus","filter":"\/auto-kaufen?manufacturer_name=LEXUS"},{"localId":41,"apiBrandId":41,"name":"MAZDA","alias":"","logo":[{"publicUrl":"https:\/\/review.cms.emilfrey.carmato.io\/library\/brand\/mazda_unisize.svg","properties":{"title":"Mazda Markenlogo","alternative":"Mazda Markenlogo","description":"Mazda Markenlogo","mimeType":"image\/svg+xml","type":"image","filename":"mazda_unisize.svg","originalUrl":"\/library\/brand\/mazda_unisize.svg","uidLocal":71,"fileReferenceUid":107,"size":"4 KB","link":null,"dimensions":{"width":68,"height":36},"cropDimensions":{"width":68,"height":36},"crop":{"brand_logo":{"cropArea":{"x":3.999999999973529,"y":0,"width":9.00000000005294,"height":9},"selectedRatio":"17:9","focusArea":null}},"autoplay":0,"extension":"svg","actions":null,"overlay_toggle":0},"breakpoint":"default"}],"logocustomsized":[{"publicUrl":"https:\/\/review.cms.emilfrey.carmato.io\/library\/brand\/mazda_customsize.svg","properties":{"title":"Mazda Markenlogo","alternative":"Mazda Markenlogo","description":"Mazda Markenlogo","mimeType":"image\/svg+xml","type":"image","filename":"mazda_customsize.svg","originalUrl":"\/library\/brand\/mazda_customsize.svg","uidLocal":72,"fileReferenceUid":108,"size":"4 KB","link":null,"dimensions":{"width":30,"height":31},"cropDimensions":{"width":30,"height":31},"crop":{"default":{"cropArea":{"x":0,"y":0,"width":1,"height":1},"selectedRatio":"NaN","focusArea":null}},"autoplay":0,"extension":"svg","actions":null,"overlay_toggle":0},"breakpoint":"default"}],"logocolored":[],"landingpage":"\/markenwelt\/mazda","link":"\/markenwelt\/mazda","filter":"\/auto-kaufen?manufacturer_name=MAZDA"},{"localId":42,"apiBrandId":42,"name":"Mercedes","alias":"Mercedes-Benz","logo":[{"publicUrl":"https:\/\/review.cms.emilfrey.carmato.io\/library\/brand\/mercedes_unisize2.svg","properties":{"title":"Mercedes Markenlogo","alternative":"Mercedes Markenlogo","description":"Mercedes Markenlogo","mimeType":"image\/svg+xml","type":"image","filename":"mercedes_unisize2.svg","originalUrl":"\/library\/brand\/mercedes_unisize2.svg","uidLocal":6258,"fileReferenceUid":21659,"size":"8 KB","link":null,"dimensions":{"width":68,"height":36},"cropDimensions":{"width":68,"height":36},"crop":{"brand_logo":{"cropArea":{"x":3.999999999973529,"y":0,"width":9.00000000005294,"height":9},"selectedRatio":"17:9","focusArea":null}},"autoplay":0,"extension":"svg","actions":null,"overlay_toggle":0},"breakpoint":"default"}],"logocustomsized":[{"publicUrl":"https:\/\/review.cms.emilfrey.carmato.io\/library\/brand\/mercedes_customsize2.svg","properties":{"title":"Mercedes Markenlogo","alternative":"Mercedes Markenlogo","description":"Mercedes Markenlogo","mimeType":"image\/svg+xml","type":"image","filename":"mercedes_customsize2.svg","originalUrl":"\/library\/brand\/mercedes_customsize2.svg","uidLocal":6262,"fileReferenceUid":21660,"size":"8 KB","link":null,"dimensions":{"width":31,"height":31},"cropDimensions":{"width":31,"height":31},"crop":{"default":{"cropArea":{"x":0,"y":0,"width":1,"height":1},"selectedRatio":"NaN","focusArea":null}},"autoplay":0,"extension":"svg","actions":null,"overlay_toggle":0},"breakpoint":"default"}],"logocolored":[],"landingpage":"\/markenwelt\/mercedes-benz","link":"\/markenwelt\/mercedes-benz","filter":"\/auto-kaufen\/MERCEDES_BENZ"},{"localId":43,"apiBrandId":43,"name":"MG","alias":"","logo":[{"publicUrl":"https:\/\/review.cms.emilfrey.carmato.io\/library\/brand\/mg_unisize.svg","properties":{"title":"MG Markenlogo","alternative":"MG Markenlogo","description":"MG Markenlogo","mimeType":"image\/svg+xml","type":"image","filename":"mg_unisize.svg","originalUrl":"\/library\/brand\/mg_unisize.svg","uidLocal":179,"fileReferenceUid":18802,"size":"4 KB","link":null,"dimensions":{"width":68,"height":36},"cropDimensions":{"width":68,"height":36},"crop":{"brand_logo":{"cropArea":{"x":3.999999999973529,"y":0,"width":9.00000000005294,"height":9},"selectedRatio":"17:9","focusArea":null}},"autoplay":0,"extension":"svg","actions":null,"overlay_toggle":0},"breakpoint":"default"}],"logocustomsized":[{"publicUrl":"https:\/\/review.cms.emilfrey.carmato.io\/library\/brand\/mg_customsize.svg","properties":{"title":"MG Markenlogo","alternative":"MG Markenlogo","description":"MG Markenlogo","mimeType":"image\/svg+xml","type":"image","filename":"mg_customsize.svg","originalUrl":"\/library\/brand\/mg_customsize.svg","uidLocal":119,"fileReferenceUid":18803,"size":"4 KB","link":null,"dimensions":{"width":35,"height":34},"cropDimensions":{"width":35,"height":34},"crop":{"default":{"cropArea":{"x":0,"y":0,"width":1,"height":1},"selectedRatio":"NaN","focusArea":null}},"autoplay":0,"extension":"svg","actions":null,"overlay_toggle":0},"breakpoint":"default"}],"logocolored":[],"landingpage":"\/auto-kaufen\/mg","link":"\/auto-kaufen\/mg","filter":"\/auto-kaufen\/mg"},{"localId":44,"apiBrandId":44,"name":"MINI","alias":"","logo":[{"publicUrl":"https:\/\/review.cms.emilfrey.carmato.io\/library\/brand\/mini_unisize.svg","properties":{"title":"Mini Markenlogo","alternative":"Mini Logo in Schwarz-Weiss","description":"Mini Markenlogo","mimeType":"image\/svg+xml","type":"image","filename":"mini_unisize.svg","originalUrl":"\/library\/brand\/mini_unisize.svg","uidLocal":86,"fileReferenceUid":1762,"size":"2 KB","link":null,"dimensions":{"width":68,"height":36},"cropDimensions":{"width":68,"height":36},"crop":{"brand_logo":{"cropArea":{"x":3.999999999973529,"y":0,"width":9.00000000005294,"height":9},"selectedRatio":"17:9","focusArea":null}},"autoplay":0,"extension":"svg","actions":null,"overlay_toggle":0},"breakpoint":"default"}],"logocustomsized":[{"publicUrl":"https:\/\/review.cms.emilfrey.carmato.io\/library\/brand\/mini_customsize.svg","properties":{"title":"Mini Markenlogo","alternative":"Mini Logo in Schwarz-Weiss","description":"Mini Markenlogo","mimeType":"image\/svg+xml","type":"image","filename":"mini_customsize.svg","originalUrl":"\/library\/brand\/mini_customsize.svg","uidLocal":73,"fileReferenceUid":1763,"size":"2 KB","link":null,"dimensions":{"width":52,"height":23},"cropDimensions":{"width":52,"height":23},"crop":{"default":{"cropArea":{"x":0,"y":0,"width":1,"height":1},"selectedRatio":"NaN","focusArea":null}},"autoplay":0,"extension":"svg","actions":null,"overlay_toggle":0},"breakpoint":"default"}],"logocolored":[],"landingpage":"\/markenwelt\/mini","link":"\/markenwelt\/mini","filter":"\/auto-kaufen?manufacturer_name=MINI"},{"localId":5,"apiBrandId":5,"name":"Mitsubishi","alias":"MMC","logo":[{"publicUrl":"https:\/\/review.cms.emilfrey.carmato.io\/library\/brand\/mitsubishi_type_unisize.svg","properties":{"title":"Mitsubishi Markenlogo","alternative":"Mitsubishi Markenlogo","description":"Mitsubishi Markenlogo","mimeType":"image\/svg+xml","type":"image","filename":"mitsubishi_type_unisize.svg","originalUrl":"\/library\/brand\/mitsubishi_type_unisize.svg","uidLocal":4633,"fileReferenceUid":16172,"size":"5 KB","link":null,"dimensions":{"width":68,"height":53},"cropDimensions":{"width":68,"height":53},"crop":{"brand_logo":{"cropArea":{"x":1.8749999999610296,"y":0,"width":13.250000000077941,"height":9},"selectedRatio":"17:9","focusArea":null}},"autoplay":0,"extension":"svg","actions":null,"overlay_toggle":0},"breakpoint":"default"}],"logocustomsized":[{"publicUrl":"https:\/\/review.cms.emilfrey.carmato.io\/library\/brand\/mitsubishi_type_customsize.svg","properties":{"title":"Mitsubishi Markenlogo","alternative":"Mitsubishi Markenlogo","description":"Mitsubishi Markenlogo","mimeType":"image\/svg+xml","type":"image","filename":"mitsubishi_type_customsize.svg","originalUrl":"\/library\/brand\/mitsubishi_type_customsize.svg","uidLocal":4632,"fileReferenceUid":16173,"size":"5 KB","link":null,"dimensions":{"width":49,"height":53},"cropDimensions":{"width":49,"height":53},"crop":{"default":{"cropArea":{"x":0,"y":0,"width":1,"height":1},"selectedRatio":"NaN","focusArea":null}},"autoplay":0,"extension":"svg","actions":null,"overlay_toggle":0},"breakpoint":"default"}],"logocolored":[{"publicUrl":"https:\/\/review.cms.emilfrey.carmato.io\/library\/brand\/mitsubishi_type_unisize-farbe.svg","properties":{"title":"Mitsubishi Markenlogo","alternative":"Mitsubishi Markenlogo","description":"Mitsubishi Markenlogo","mimeType":"image\/svg+xml","type":"image","filename":"mitsubishi_type_unisize-farbe.svg","originalUrl":"\/library\/brand\/mitsubishi_type_unisize-farbe.svg","uidLocal":6354,"fileReferenceUid":21872,"size":"3 KB","link":null,"dimensions":{"width":52,"height":53},"cropDimensions":{"width":52,"height":53},"crop":{"default":{"cropArea":{"height":0.9933333333333333,"width":0.7604166666666666,"x":0.11458333333333333,"y":0},"selectedRatio":"NaN","focusArea":null}},"autoplay":0,"extension":"svg","actions":null,"overlay_toggle":0},"breakpoint":"default"}],"landingpage":"\/markenwelt\/mitsubishi","link":"\/markenwelt\/mitsubishi","filter":"\/auto-kaufen\/MITSUBISHI"},{"localId":45,"apiBrandId":45,"name":"NISSAN","alias":"","logo":[{"publicUrl":"https:\/\/review.cms.emilfrey.carmato.io\/library\/brand\/Brand_Nissan__type_unisize.svg","properties":{"title":"Nissan Markenlogo","alternative":"Nissan Markenlogo","description":"Nissan Markenlogo","mimeType":"image\/svg+xml","type":"image","filename":"Brand_Nissan__type_unisize.svg","originalUrl":"\/library\/brand\/Brand_Nissan__type_unisize.svg","uidLocal":5423,"fileReferenceUid":18816,"size":"3 KB","link":null,"dimensions":{"width":68,"height":36},"cropDimensions":{"width":68,"height":36},"crop":{"brand_logo":{"cropArea":{"x":3.999999999973529,"y":0,"width":9.00000000005294,"height":9},"selectedRatio":"17:9","focusArea":null}},"autoplay":0,"extension":"svg","actions":null,"overlay_toggle":0},"breakpoint":"default"}],"logocustomsized":[{"publicUrl":"https:\/\/review.cms.emilfrey.carmato.io\/library\/brand\/Brand_Nissan__type_customsize.svg","properties":{"title":"Nissan Markenlogo","alternative":"Nissan Markenlogo","description":"Nissan Markenlogo","mimeType":"image\/svg+xml","type":"image","filename":"Brand_Nissan__type_customsize.svg","originalUrl":"\/library\/brand\/Brand_Nissan__type_customsize.svg","uidLocal":5424,"fileReferenceUid":18817,"size":"3 KB","link":null,"dimensions":{"width":52,"height":36},"cropDimensions":{"width":52,"height":36},"crop":{"default":{"cropArea":{"x":0,"y":0,"width":1,"height":1},"selectedRatio":"NaN","focusArea":null}},"autoplay":0,"extension":"svg","actions":null,"overlay_toggle":0},"breakpoint":"default"}],"logocolored":[],"landingpage":"\/markenwelt\/nissan","link":"\/markenwelt\/nissan","filter":"\/auto-kaufen\/nissan"},{"localId":46,"apiBrandId":46,"name":"OPEL","alias":"","logo":[{"publicUrl":"https:\/\/review.cms.emilfrey.carmato.io\/library\/brand\/opel_unisize.svg","properties":{"title":"Opel Markenlogo","alternative":"Opel Markenlogo","description":"Opel Markenlogo","mimeType":"image\/svg+xml","type":"image","filename":"opel_unisize.svg","originalUrl":"\/library\/brand\/opel_unisize.svg","uidLocal":83,"fileReferenceUid":1764,"size":"1 KB","link":null,"dimensions":{"width":68,"height":36},"cropDimensions":{"width":68,"height":36},"crop":{"brand_logo":{"cropArea":{"x":3.999999999973529,"y":0,"width":9.00000000005294,"height":9},"selectedRatio":"17:9","focusArea":null}},"autoplay":0,"extension":"svg","actions":null,"overlay_toggle":0},"breakpoint":"default"}],"logocustomsized":[{"publicUrl":"https:\/\/review.cms.emilfrey.carmato.io\/library\/brand\/opel_customsize.svg","properties":{"title":"Opel Markenlogo","alternative":"Opel Markenlogo","description":"Opel Markenlogo","mimeType":"image\/svg+xml","type":"image","filename":"opel_customsize.svg","originalUrl":"\/library\/brand\/opel_customsize.svg","uidLocal":85,"fileReferenceUid":1765,"size":"1 KB","link":null,"dimensions":{"width":38,"height":31},"cropDimensions":{"width":38,"height":31},"crop":{"default":{"cropArea":{"x":0,"y":0,"width":1,"height":1},"selectedRatio":"NaN","focusArea":null}},"autoplay":0,"extension":"svg","actions":null,"overlay_toggle":0},"breakpoint":"default"}],"logocolored":[],"landingpage":"\/markenwelt\/opel","link":"\/markenwelt\/opel","filter":"\/auto-kaufen?manufacturer_name=OPEL"},{"localId":47,"apiBrandId":47,"name":"PEUGEOT","alias":"PEUGEOT","logo":[{"publicUrl":"https:\/\/review.cms.emilfrey.carmato.io\/library\/brand\/peugeot_unisize.svg","properties":{"title":"Peugeot Markenlogo","alternative":"Peugeot Markenlogo","description":"Peugeot Markenlogo","mimeType":"image\/svg+xml","type":"image","filename":"peugeot_unisize.svg","originalUrl":"\/library\/brand\/peugeot_unisize.svg","uidLocal":96,"fileReferenceUid":15628,"size":"19 KB","link":null,"dimensions":{"width":68,"height":36},"cropDimensions":{"width":68,"height":36},"crop":{"brand_logo":{"cropArea":{"x":3.999999999973529,"y":0,"width":9.00000000005294,"height":9},"selectedRatio":"17:9","focusArea":null}},"autoplay":0,"extension":"svg","actions":null,"overlay_toggle":0},"breakpoint":"default"}],"logocustomsized":[{"publicUrl":"https:\/\/review.cms.emilfrey.carmato.io\/library\/brand\/peugeot_customsize.svg","properties":{"title":"Peugeot Markenlogo","alternative":"Peugeot Markenlogo","description":"Peugeot Markenlogo","mimeType":"image\/svg+xml","type":"image","filename":"peugeot_customsize.svg","originalUrl":"\/library\/brand\/peugeot_customsize.svg","uidLocal":101,"fileReferenceUid":15629,"size":"19 KB","link":null,"dimensions":{"width":33,"height":36},"cropDimensions":{"width":33,"height":36},"crop":{"default":{"cropArea":{"x":0,"y":0,"width":1,"height":1},"selectedRatio":"NaN","focusArea":null}},"autoplay":0,"extension":"svg","actions":null,"overlay_toggle":0},"breakpoint":"default"}],"logocolored":[],"landingpage":"\/markenwelt\/peugeot","link":"\/markenwelt\/peugeot","filter":"\/auto-kaufen\/PEUGEOT"},{"localId":71,"apiBrandId":71,"name":"Polestar","alias":"","logo":[{"publicUrl":"https:\/\/review.cms.emilfrey.carmato.io\/library\/brand\/polestar_unisize.svg","properties":{"title":"Polestar Markenlogo","alternative":"Polestar Markenlogo","description":"Polestar Markenlogo","mimeType":"image\/svg+xml","type":"image","filename":"polestar_unisize.svg","originalUrl":"\/library\/brand\/polestar_unisize.svg","uidLocal":165,"fileReferenceUid":1757,"size":"8 KB","link":null,"dimensions":{"width":68,"height":36},"cropDimensions":{"width":68,"height":36},"crop":{"brand_logo":{"cropArea":{"x":3.999999999973529,"y":0,"width":9.00000000005294,"height":9},"selectedRatio":"17:9","focusArea":null}},"autoplay":0,"extension":"svg","actions":null,"overlay_toggle":0},"breakpoint":"default"}],"logocustomsized":[{"publicUrl":"https:\/\/review.cms.emilfrey.carmato.io\/library\/brand\/polestar_customsize.svg","properties":{"title":"Polestar Markenlogo","alternative":"Polestar Markenlogo","description":"Polestar Markenlogo","mimeType":"image\/svg+xml","type":"image","filename":"polestar_customsize.svg","originalUrl":"\/library\/brand\/polestar_customsize.svg","uidLocal":134,"fileReferenceUid":1758,"size":"8 KB","link":null,"dimensions":{"width":61,"height":14},"cropDimensions":{"width":61,"height":14},"crop":{"default":{"cropArea":{"x":0,"y":0,"width":1,"height":1},"selectedRatio":"NaN","focusArea":null}},"autoplay":0,"extension":"svg","actions":null,"overlay_toggle":0},"breakpoint":"default"}],"logocolored":[],"landingpage":"\/markenwelt\/polestar","link":"\/markenwelt\/polestar","filter":"\/auto-kaufen?manufacturer_name=POLESTAR"},{"localId":49,"apiBrandId":49,"name":"PORSCHE","alias":"","logo":[{"publicUrl":"https:\/\/review.cms.emilfrey.carmato.io\/library\/brand\/porsche_unisize.svg","properties":{"title":"Porsche Markenlogo ","alternative":"Porsche Markenlogo ","description":"Porsche Markenlogo ","mimeType":"image\/svg+xml","type":"image","filename":"porsche_unisize.svg","originalUrl":"\/library\/brand\/porsche_unisize.svg","uidLocal":75,"fileReferenceUid":20310,"size":"34 KB","link":null,"dimensions":{"width":68,"height":36},"cropDimensions":{"width":68,"height":36},"crop":{"brand_logo":{"cropArea":{"x":3.999999999973529,"y":0,"width":9.00000000005294,"height":9},"selectedRatio":"17:9","focusArea":null}},"autoplay":0,"extension":"svg","actions":null,"overlay_toggle":0},"breakpoint":"default"}],"logocustomsized":[{"publicUrl":"https:\/\/review.cms.emilfrey.carmato.io\/library\/brand\/porsche_customsize.svg","properties":{"title":"Porsche Markenlogo","alternative":"Porsche Markenlogo","description":"Porsche Markenlogo","mimeType":"image\/svg+xml","type":"image","filename":"porsche_customsize.svg","originalUrl":"\/library\/brand\/porsche_customsize.svg","uidLocal":99,"fileReferenceUid":20311,"size":"34 KB","link":null,"dimensions":{"width":24,"height":30},"cropDimensions":{"width":24,"height":30},"crop":{"default":{"cropArea":{"height":0.9666666666666667,"width":1,"x":0,"y":0},"selectedRatio":"NaN","focusArea":null}},"autoplay":0,"extension":"svg","actions":null,"overlay_toggle":0},"breakpoint":"default"}],"logocolored":[],"landingpage":"\/auto-kaufen\/PORSCHE","link":"\/auto-kaufen\/PORSCHE","filter":"\/auto-kaufen\/PORSCHE"},{"localId":50,"apiBrandId":50,"name":"RENAULT","alias":"","logo":[{"publicUrl":"https:\/\/review.cms.emilfrey.carmato.io\/library\/brand\/renault_unisize1.svg","properties":{"title":"Renault Markenlogo","alternative":"Renault Markenlogo","description":"Renault Markenlogo","mimeType":"image\/svg+xml","type":"image","filename":"renault_unisize1.svg","originalUrl":"\/library\/brand\/renault_unisize1.svg","uidLocal":7747,"fileReferenceUid":28724,"size":"12 KB","link":null,"dimensions":{"width":68,"height":36},"cropDimensions":{"width":68,"height":36},"crop":{"brand_logo":{"cropArea":{"x":3.999999999973529,"y":0,"width":9.00000000005294,"height":9},"selectedRatio":"17:9","focusArea":null}},"autoplay":0,"extension":"svg","actions":null,"overlay_toggle":0},"breakpoint":"default"}],"logocustomsized":[{"publicUrl":"https:\/\/review.cms.emilfrey.carmato.io\/library\/brand\/renault_customsize1.svg","properties":{"title":"Renault Markenlogo","alternative":"Renault Markenlogo","description":"Renault Markenlogo","mimeType":"image\/svg+xml","type":"image","filename":"renault_customsize1.svg","originalUrl":"\/library\/brand\/renault_customsize1.svg","uidLocal":7746,"fileReferenceUid":28725,"size":"12 KB","link":null,"dimensions":{"width":44,"height":35},"cropDimensions":{"width":44,"height":35},"crop":{"default":{"cropArea":{"x":0,"y":0,"width":1,"height":1},"selectedRatio":"NaN","focusArea":null}},"autoplay":0,"extension":"svg","actions":null,"overlay_toggle":0},"breakpoint":"default"}],"logocolored":[{"publicUrl":"https:\/\/review.cms.emilfrey.carmato.io\/library\/brand\/renault_customsize1.svg","properties":{"title":"Renault Markenlogo","alternative":"Renault Markenlogo","description":"Renault Markenlogo","mimeType":"image\/svg+xml","type":"image","filename":"renault_customsize1.svg","originalUrl":"\/library\/brand\/renault_customsize1.svg","uidLocal":7746,"fileReferenceUid":28726,"size":"12 KB","link":null,"dimensions":{"width":44,"height":35},"cropDimensions":{"width":44,"height":35},"crop":{"default":{"cropArea":{"x":0,"y":0,"width":1,"height":1},"selectedRatio":"NaN","focusArea":null}},"autoplay":0,"extension":"svg","actions":null,"overlay_toggle":0},"breakpoint":"default"}],"landingpage":"\/markenwelt\/renault","link":"\/markenwelt\/renault","filter":""},{"localId":151,"apiBrandId":0,"name":"Renault Pro+","alias":"Renault Pro+","logo":[{"publicUrl":"https:\/\/review.cms.emilfrey.carmato.io\/library\/brand\/renault_Pro_unisize.svg","properties":{"title":"Renault Pro Markenlogo","alternative":"Renault Pro Markenlogo","description":"Renault Pro Markenlogo","mimeType":"image\/svg+xml","type":"image","filename":"renault_Pro_unisize.svg","originalUrl":"\/library\/brand\/renault_Pro_unisize.svg","uidLocal":7886,"fileReferenceUid":29380,"size":"5 KB","link":null,"dimensions":{"width":68,"height":36},"cropDimensions":{"width":68,"height":36},"crop":{"brand_logo":{"cropArea":{"x":3.999999999973529,"y":0,"width":9.00000000005294,"height":9},"selectedRatio":"17:9","focusArea":null}},"autoplay":0,"extension":"svg","actions":null,"overlay_toggle":0},"breakpoint":"default"}],"logocustomsized":[{"publicUrl":"https:\/\/review.cms.emilfrey.carmato.io\/library\/brand\/renault_Pro_customsize.svg","properties":{"title":"Renault Pro Markenlogo","alternative":"Renault Pro Markenlogo","description":"Renault Pro Markenlogo","mimeType":"image\/svg+xml","type":"image","filename":"renault_Pro_customsize.svg","originalUrl":"\/library\/brand\/renault_Pro_customsize.svg","uidLocal":7885,"fileReferenceUid":29381,"size":"5 KB","link":null,"dimensions":{"width":68,"height":9},"cropDimensions":{"width":68,"height":9},"crop":{"default":{"cropArea":{"x":0,"y":0,"width":1,"height":1},"selectedRatio":"NaN","focusArea":null}},"autoplay":0,"extension":"svg","actions":null,"overlay_toggle":0},"breakpoint":"default"}],"logocolored":[{"publicUrl":"https:\/\/review.cms.emilfrey.carmato.io\/library\/brand\/renault_Pro_unisize.svg","properties":{"title":"Renault Pro Markenlogo","alternative":"Renault Pro Markenlogo","description":"Renault Pro Markenlogo","mimeType":"image\/svg+xml","type":"image","filename":"renault_Pro_unisize.svg","originalUrl":"\/library\/brand\/renault_Pro_unisize.svg","uidLocal":7886,"fileReferenceUid":29382,"size":"5 KB","link":null,"dimensions":{"width":68,"height":36},"cropDimensions":{"width":68,"height":36},"crop":{"default":{"cropArea":{"x":0,"y":0,"width":1,"height":1},"selectedRatio":"NaN","focusArea":null}},"autoplay":0,"extension":"svg","actions":null,"overlay_toggle":0},"breakpoint":"default"}],"landingpage":"\/auto-kaufen\/renault?product_group_name=nutzfahrzeuge","link":"\/auto-kaufen\/renault?product_group_name=nutzfahrzeuge","filter":"\/auto-kaufen\/renault"},{"localId":53,"apiBrandId":53,"name":"SEAT","alias":"","logo":[{"publicUrl":"https:\/\/review.cms.emilfrey.carmato.io\/library\/brand\/seat_unisize.svg","properties":{"title":"Seat Markenlogo","alternative":"Seat Markenlogo","description":"Seat Markenlogo","mimeType":"image\/svg+xml","type":"image","filename":"seat_unisize.svg","originalUrl":"\/library\/brand\/seat_unisize.svg","uidLocal":98,"fileReferenceUid":1768,"size":"4 KB","link":null,"dimensions":{"width":68,"height":36},"cropDimensions":{"width":68,"height":36},"crop":{"brand_logo":{"cropArea":{"x":3.999999999973529,"y":0,"width":9.00000000005294,"height":9},"selectedRatio":"17:9","focusArea":null}},"autoplay":0,"extension":"svg","actions":null,"overlay_toggle":0},"breakpoint":"default"}],"logocustomsized":[{"publicUrl":"https:\/\/review.cms.emilfrey.carmato.io\/library\/brand\/seat_customsize.svg","properties":{"title":"Seat Markenlogo","alternative":"Seat Markenlogo","description":"Seat Markenlogo","mimeType":"image\/svg+xml","type":"image","filename":"seat_customsize.svg","originalUrl":"\/library\/brand\/seat_customsize.svg","uidLocal":82,"fileReferenceUid":1769,"size":"4 KB","link":null,"dimensions":{"width":40,"height":32},"cropDimensions":{"width":40,"height":32},"crop":{"default":{"cropArea":{"x":0,"y":0,"width":1,"height":1},"selectedRatio":"NaN","focusArea":null}},"autoplay":0,"extension":"svg","actions":null,"overlay_toggle":0},"breakpoint":"default"}],"logocolored":[{"publicUrl":"https:\/\/review.cms.emilfrey.carmato.io\/library\/brand\/seat_unisize.svg","properties":{"title":"Seat Markenlogo","alternative":"Seat Markenlogo","description":"Seat Markenlogo","mimeType":"image\/svg+xml","type":"image","filename":"seat_unisize.svg","originalUrl":"\/library\/brand\/seat_unisize.svg","uidLocal":98,"fileReferenceUid":21866,"size":"4 KB","link":null,"dimensions":{"width":68,"height":36},"cropDimensions":{"width":68,"height":36},"crop":{"default":{"cropArea":{"x":0,"y":0,"width":1,"height":1},"selectedRatio":"NaN","focusArea":null}},"autoplay":0,"extension":"svg","actions":null,"overlay_toggle":0},"breakpoint":"default"}],"landingpage":"\/markenwelt\/seat","link":"\/markenwelt\/seat","filter":"\/auto-kaufen?manufacturer_name=SEAT"},{"localId":54,"apiBrandId":54,"name":"\u0160koda","alias":"\u0160koda","logo":[{"publicUrl":"https:\/\/review.cms.emilfrey.carmato.io\/library\/brand\/skoda_unisize-neu.svg","properties":{"title":"Skoda Markenlogo","alternative":"Skoda Markenlogo","description":"Skoda Markenlogo","mimeType":"image\/svg+xml","type":"image","filename":"skoda_unisize-neu.svg","originalUrl":"\/library\/brand\/skoda_unisize-neu.svg","uidLocal":6338,"fileReferenceUid":21785,"size":"2 KB","link":null,"dimensions":{"width":68,"height":36},"cropDimensions":{"width":68,"height":36},"crop":{"brand_logo":{"cropArea":{"x":3.999999999973529,"y":0,"width":9.00000000005294,"height":9},"selectedRatio":"17:9","focusArea":null}},"autoplay":0,"extension":"svg","actions":null,"overlay_toggle":0},"breakpoint":"default"}],"logocustomsized":[{"publicUrl":"https:\/\/review.cms.emilfrey.carmato.io\/library\/brand\/skoda_customsize-neu.svg","properties":{"title":"Skoda Markenlogo","alternative":"Skoda Markenlogo","description":"Skoda Markenlogo","mimeType":"image\/svg+xml","type":"image","filename":"skoda_customsize-neu.svg","originalUrl":"\/library\/brand\/skoda_customsize-neu.svg","uidLocal":6337,"fileReferenceUid":21786,"size":"2 KB","link":null,"dimensions":{"width":68,"height":10},"cropDimensions":{"width":68,"height":10},"crop":{"default":{"cropArea":{"x":0,"y":0,"width":1,"height":1},"selectedRatio":"NaN","focusArea":null}},"autoplay":0,"extension":"svg","actions":null,"overlay_toggle":0},"breakpoint":"default"}],"logocolored":[{"publicUrl":"https:\/\/review.cms.emilfrey.carmato.io\/library\/brand\/skodaGruen_unisize.svg","properties":{"title":"Skoda Markenlogo","alternative":"Skoda Markenlogo","description":"Skoda Markenlogo","mimeType":"image\/svg+xml","type":"image","filename":"skodaGruen_unisize.svg","originalUrl":"\/library\/brand\/skodaGruen_unisize.svg","uidLocal":6340,"fileReferenceUid":21787,"size":"2 KB","link":null,"dimensions":{"width":68,"height":34},"cropDimensions":{"width":68,"height":34},"crop":{"default":{"cropArea":{"x":0,"y":0,"width":1,"height":1},"selectedRatio":"NaN","focusArea":null}},"autoplay":0,"extension":"svg","actions":null,"overlay_toggle":0},"breakpoint":"default"}],"landingpage":"\/markenwelt\/skoda","link":"\/markenwelt\/skoda","filter":"\/auto-kaufen\/SKODA"},{"localId":55,"apiBrandId":55,"name":"SMART","alias":"","logo":[{"publicUrl":"https:\/\/review.cms.emilfrey.carmato.io\/library\/brand\/smart_unisize2.svg","properties":{"title":"Smart Markenlogo","alternative":"Smart Markenlogo","description":"Smart Markenlogo","mimeType":"image\/svg+xml","type":"image","filename":"smart_unisize2.svg","originalUrl":"\/library\/brand\/smart_unisize2.svg","uidLocal":6260,"fileReferenceUid":21663,"size":"8 KB","link":null,"dimensions":{"width":68,"height":36},"cropDimensions":{"width":68,"height":36},"crop":{"brand_logo":{"cropArea":{"x":3.999999999973529,"y":0,"width":9.00000000005294,"height":9},"selectedRatio":"17:9","focusArea":null}},"autoplay":0,"extension":"svg","actions":null,"overlay_toggle":0},"breakpoint":"default"}],"logocustomsized":[{"publicUrl":"https:\/\/review.cms.emilfrey.carmato.io\/library\/brand\/smart_customsize2.svg","properties":{"title":"Smart Markenlogo","alternative":"Smart Markenlogo","description":"Smart Markenlogo","mimeType":"image\/svg+xml","type":"image","filename":"smart_customsize2.svg","originalUrl":"\/library\/brand\/smart_customsize2.svg","uidLocal":6263,"fileReferenceUid":21664,"size":"8 KB","link":null,"dimensions":{"width":28,"height":36},"cropDimensions":{"width":28,"height":36},"crop":{"default":{"cropArea":{"x":0,"y":0,"width":1,"height":1},"selectedRatio":"NaN","focusArea":null}},"autoplay":0,"extension":"svg","actions":null,"overlay_toggle":0},"breakpoint":"default"}],"logocolored":[{"publicUrl":"https:\/\/review.cms.emilfrey.carmato.io\/library\/brand\/smart_unisize2.svg","properties":{"title":"Smart Markenlogo","alternative":"Smart Markenlogo","description":"Smart Markenlogo","mimeType":"image\/svg+xml","type":"image","filename":"smart_unisize2.svg","originalUrl":"\/library\/brand\/smart_unisize2.svg","uidLocal":6260,"fileReferenceUid":21865,"size":"8 KB","link":null,"dimensions":{"width":68,"height":36},"cropDimensions":{"width":68,"height":36},"crop":{"default":{"cropArea":{"x":0,"y":0,"width":1,"height":1},"selectedRatio":"NaN","focusArea":null}},"autoplay":0,"extension":"svg","actions":null,"overlay_toggle":0},"breakpoint":"default"}],"landingpage":"\/markenwelt\/smart","link":"\/markenwelt\/smart","filter":"\/auto-kaufen\/smart"},{"localId":3,"apiBrandId":3,"name":"Subaru","alias":"","logo":[{"publicUrl":"https:\/\/review.cms.emilfrey.carmato.io\/library\/brand\/subaru_unisize.svg","properties":{"title":"Subaru Markenlogo","alternative":"Subaru Markenlogo","description":"Subaru Markenlogo","mimeType":"image\/svg+xml","type":"image","filename":"subaru_unisize.svg","originalUrl":"\/library\/brand\/subaru_unisize.svg","uidLocal":195,"fileReferenceUid":546,"size":"11 KB","link":null,"dimensions":{"width":68,"height":36},"cropDimensions":{"width":68,"height":36},"crop":{"brand_logo":{"cropArea":{"x":3.999999999973529,"y":0,"width":9.00000000005294,"height":9},"selectedRatio":"17:9","focusArea":null}},"autoplay":0,"extension":"svg","actions":null,"overlay_toggle":0},"breakpoint":"default"}],"logocustomsized":[{"publicUrl":"https:\/\/review.cms.emilfrey.carmato.io\/library\/brand\/subaru_customsize.svg","properties":{"title":"Subaru Markenlogo","alternative":"Subaru Markenlogo","description":"Subaru Markenlogo","mimeType":"image\/svg+xml","type":"image","filename":"subaru_customsize.svg","originalUrl":"\/library\/brand\/subaru_customsize.svg","uidLocal":127,"fileReferenceUid":547,"size":"11 KB","link":null,"dimensions":{"width":52,"height":31},"cropDimensions":{"width":52,"height":31},"crop":{"default":{"cropArea":{"x":0,"y":0,"width":1,"height":1},"selectedRatio":"NaN","focusArea":null}},"autoplay":0,"extension":"svg","actions":null,"overlay_toggle":0},"breakpoint":"default"}],"logocolored":[],"landingpage":"\/markenwelt\/subaru","link":"\/markenwelt\/subaru","filter":"\/auto-kaufen?manufacturer_name=SUBARU"},{"localId":1,"apiBrandId":1,"name":"Toyota","alias":"","logo":[{"publicUrl":"https:\/\/review.cms.emilfrey.carmato.io\/library\/brand\/toyota_unisize.svg","properties":{"title":"Toyota Markenlogo","alternative":"Toyota Markenlogo","description":"Toyota Markenlogo","mimeType":"image\/svg+xml","type":"image","filename":"toyota_unisize.svg","originalUrl":"\/library\/brand\/toyota_unisize.svg","uidLocal":91,"fileReferenceUid":101,"size":"9 KB","link":null,"dimensions":{"width":68,"height":36},"cropDimensions":{"width":68,"height":36},"crop":{"brand_logo":{"cropArea":{"x":3.999999999973529,"y":0,"width":9.00000000005294,"height":9},"selectedRatio":"17:9","focusArea":null}},"autoplay":0,"extension":"svg","actions":null,"overlay_toggle":0},"breakpoint":"default"}],"logocustomsized":[{"publicUrl":"https:\/\/review.cms.emilfrey.carmato.io\/library\/brand\/toyota_customsize.svg","properties":{"title":"Toyota Markenlogo","alternative":"Toyota Markenlogo","description":"Toyota Markenlogo","mimeType":"image\/svg+xml","type":"image","filename":"toyota_customsize.svg","originalUrl":"\/library\/brand\/toyota_customsize.svg","uidLocal":100,"fileReferenceUid":102,"size":"9 KB","link":null,"dimensions":{"width":38,"height":31},"cropDimensions":{"width":38,"height":31},"crop":{"default":{"cropArea":{"x":0,"y":0,"width":1,"height":1},"selectedRatio":"NaN","focusArea":null}},"autoplay":0,"extension":"svg","actions":null,"overlay_toggle":0},"breakpoint":"default"}],"logocolored":[],"landingpage":"\/markenwelt\/toyota","link":"\/markenwelt\/toyota","filter":"\/auto-kaufen?manufacturer_name=TOYOTA"},{"localId":57,"apiBrandId":57,"name":"VOLVO","alias":"","logo":[{"publicUrl":"https:\/\/review.cms.emilfrey.carmato.io\/library\/brand\/volvo_unisize.svg","properties":{"title":"Volvo Markenlogo","alternative":"Volvo Markenlogo","description":"Volvo Markenlogo","mimeType":"image\/svg+xml","type":"image","filename":"volvo_unisize.svg","originalUrl":"\/library\/brand\/volvo_unisize.svg","uidLocal":214,"fileReferenceUid":1746,"size":"2 KB","link":null,"dimensions":{"width":68,"height":36},"cropDimensions":{"width":68,"height":36},"crop":{"brand_logo":{"cropArea":{"x":3.999999999973529,"y":0,"width":9.00000000005294,"height":9},"selectedRatio":"17:9","focusArea":null}},"autoplay":0,"extension":"svg","actions":null,"overlay_toggle":0},"breakpoint":"default"}],"logocustomsized":[{"publicUrl":"https:\/\/review.cms.emilfrey.carmato.io\/library\/brand\/volvo_customsize.svg","properties":{"title":"Volvo Markenlogo","alternative":"Volvo Markenlogo","description":"Volvo Markenlogo","mimeType":"image\/svg+xml","type":"image","filename":"volvo_customsize.svg","originalUrl":"\/library\/brand\/volvo_customsize.svg","uidLocal":149,"fileReferenceUid":1747,"size":"2 KB","link":null,"dimensions":{"width":68,"height":6},"cropDimensions":{"width":68,"height":6},"crop":{"default":{"cropArea":{"x":0,"y":0,"width":1,"height":1},"selectedRatio":"NaN","focusArea":null}},"autoplay":0,"extension":"svg","actions":null,"overlay_toggle":0},"breakpoint":"default"}],"logocolored":[{"publicUrl":"https:\/\/review.cms.emilfrey.carmato.io\/library\/brand\/volvo_unisize.svg","properties":{"title":"Volvo Markenlogo","alternative":"Volvo Markenlogo","description":"Volvo Markenlogo","mimeType":"image\/svg+xml","type":"image","filename":"volvo_unisize.svg","originalUrl":"\/library\/brand\/volvo_unisize.svg","uidLocal":214,"fileReferenceUid":21864,"size":"2 KB","link":null,"dimensions":{"width":68,"height":36},"cropDimensions":{"width":68,"height":36},"crop":{"default":{"cropArea":{"x":0,"y":0,"width":1,"height":1},"selectedRatio":"NaN","focusArea":null}},"autoplay":0,"extension":"svg","actions":null,"overlay_toggle":0},"breakpoint":"default"}],"landingpage":"\/markenwelt\/volvo","link":"\/markenwelt\/volvo","filter":"\/auto-kaufen\/VOLVO"},{"localId":58,"apiBrandId":58,"name":"VOLKSWAGEN","alias":"vw","logo":[{"publicUrl":"https:\/\/review.cms.emilfrey.carmato.io\/library\/brand\/volkswagen_unisize.svg","properties":{"title":"Volkswagen Markenlogo","alternative":"Volkswagen Markenlogo","description":"Volkswagen Markenlogo","mimeType":"image\/svg+xml","type":"image","filename":"volkswagen_unisize.svg","originalUrl":"\/library\/brand\/volkswagen_unisize.svg","uidLocal":95,"fileReferenceUid":1766,"size":"1 KB","link":null,"dimensions":{"width":68,"height":36},"cropDimensions":{"width":68,"height":36},"crop":{"brand_logo":{"cropArea":{"x":3.999999999973529,"y":0,"width":9.00000000005294,"height":9},"selectedRatio":"17:9","focusArea":null}},"autoplay":0,"extension":"svg","actions":null,"overlay_toggle":0},"breakpoint":"default"}],"logocustomsized":[{"publicUrl":"https:\/\/review.cms.emilfrey.carmato.io\/library\/brand\/volkswagen_customsize.svg","properties":{"title":"Volkswagen Markenlogo","alternative":"Volkswagen Markenlogo","description":"Volkswagen Markenlogo","mimeType":"image\/svg+xml","type":"image","filename":"volkswagen_customsize.svg","originalUrl":"\/library\/brand\/volkswagen_customsize.svg","uidLocal":81,"fileReferenceUid":1767,"size":"1 KB","link":null,"dimensions":{"width":32,"height":32},"cropDimensions":{"width":32,"height":32},"crop":{"default":{"cropArea":{"x":0,"y":0,"width":1,"height":1},"selectedRatio":"NaN","focusArea":null}},"autoplay":0,"extension":"svg","actions":null,"overlay_toggle":0},"breakpoint":"default"}],"logocolored":[{"publicUrl":"https:\/\/review.cms.emilfrey.carmato.io\/library\/brand\/volkswagen_customsize-farbig.svg","properties":{"title":"Volkswagen Markenlogo","alternative":"Volkswagen Markenlogo","description":"Volkswagen Markenlogo","mimeType":"image\/svg+xml","type":"image","filename":"volkswagen_customsize-farbig.svg","originalUrl":"\/library\/brand\/volkswagen_customsize-farbig.svg","uidLocal":6343,"fileReferenceUid":21791,"size":"1 KB","link":null,"dimensions":{"width":32,"height":32},"cropDimensions":{"width":32,"height":32},"crop":{"default":{"cropArea":{"x":0,"y":0,"width":1,"height":1},"selectedRatio":"NaN","focusArea":null}},"autoplay":0,"extension":"svg","actions":null,"overlay_toggle":0},"breakpoint":"default"}],"landingpage":"\/markenwelt\/volkswagen","link":"\/markenwelt\/volkswagen","filter":"\/auto-kaufen\/Volkswagen"},{"localId":64,"apiBrandId":64,"name":"Volkswagen Nutzfahrzeuge","alias":"Volkswagen Nutzfahrzeuge","logo":[{"publicUrl":"https:\/\/review.cms.emilfrey.carmato.io\/library\/brand\/volkswagen_nutzfahrzeuge_unisize.svg","properties":{"title":"Volkswagen Nutzfahrzeuge Markenlogo","alternative":"Volkswagen Nutzfahrzeuge Markenlogo","description":"Volkswagen Nutzfahrzeuge Markenlogo","mimeType":"image\/svg+xml","type":"image","filename":"volkswagen_nutzfahrzeuge_unisize.svg","originalUrl":"\/library\/brand\/volkswagen_nutzfahrzeuge_unisize.svg","uidLocal":3598,"fileReferenceUid":9400,"size":"14 KB","link":null,"dimensions":{"width":68,"height":48},"cropDimensions":{"width":68,"height":48},"crop":{"brand_logo":{"cropArea":{"x":2.499999999964706,"y":0,"width":12.000000000070587,"height":9},"selectedRatio":"17:9","focusArea":null}},"autoplay":0,"extension":"svg","actions":null,"overlay_toggle":0},"breakpoint":"default"}],"logocustomsized":[{"publicUrl":"https:\/\/review.cms.emilfrey.carmato.io\/library\/brand\/volkswagen_nutzfahrzeuge_customsize.svg","properties":{"title":"Volkswagen Nutzfahrzeuge Markenlogo","alternative":"Volkswagen Nutzfahrzeuge Markenlogo","description":"Volkswagen Nutzfahrzeuge Markenlogo","mimeType":"image\/svg+xml","type":"image","filename":"volkswagen_nutzfahrzeuge_customsize.svg","originalUrl":"\/library\/brand\/volkswagen_nutzfahrzeuge_customsize.svg","uidLocal":3608,"fileReferenceUid":9401,"size":"14 KB","link":null,"dimensions":{"width":53,"height":47},"cropDimensions":{"width":53,"height":47},"crop":{"default":{"cropArea":{"x":0,"y":0,"width":1,"height":1},"selectedRatio":"NaN","focusArea":null}},"autoplay":0,"extension":"svg","actions":null,"overlay_toggle":0},"breakpoint":"default"}],"logocolored":[{"publicUrl":"https:\/\/review.cms.emilfrey.carmato.io\/library\/brand\/volkswagen_nutzfahrzeuge_unisize.svg","properties":{"title":"Volkswagen Nutzfahrzeuge Markenlogo","alternative":"Volkswagen Nutzfahrzeuge Markenlogo","description":"Volkswagen Nutzfahrzeuge Markenlogo","mimeType":"image\/svg+xml","type":"image","filename":"volkswagen_nutzfahrzeuge_unisize.svg","originalUrl":"\/library\/brand\/volkswagen_nutzfahrzeuge_unisize.svg","uidLocal":3598,"fileReferenceUid":21862,"size":"14 KB","link":null,"dimensions":{"width":68,"height":48},"cropDimensions":{"width":68,"height":48},"crop":{"default":{"cropArea":{"x":0,"y":0,"width":1,"height":1},"selectedRatio":"NaN","focusArea":null}},"autoplay":0,"extension":"svg","actions":null,"overlay_toggle":0},"breakpoint":"default"}],"landingpage":"\/markenwelt\/vw-nutzfahrzeuge","link":"\/markenwelt\/vw-nutzfahrzeuge","filter":"\/auto-kaufen?product_group_name=Nutzfahrzeuge"}],"actions":[{"id":24317,"pid":1,"type":"a_01_01__action","content":{"text":"Zur Markenwelt","link":"\/markenwelt","layout":"button-primary-default","variant":"small","icon":{"name":null,"filename":null,"uri":null,"position":null,"variant":null}}}]}},{"id":16782,"type":"o_04_04__jumping_cards","colPos":0,"categories":"","appearance":{"layout":"default","frameClass":"default","spaceBefore":"small","spaceAfter":"medium"},"context":{"ctype":"o_04_04__jumping_cards","cid":"O0404JumpingCards","task":"14074822"},"content":{"settings":{"variant":"cols3","variantCards":"minimal_cards","theme":"light"},"header":{"text":"Privatkunden Km-Leasingangebote","layout":3},"cards":[{"id":6786,"pid":1,"type":"m_01_02_02__minimal_card","content":{"header":{"text":"Renault Capture Evolution ab 149 \u20ac mtl.\u2074","layout":5},"wltp":"WLTP Kraftstoffverbrauch kombiniert: 5,9 l\/100\u202fkm; WLTP CO\u2082-Emissionen kombiniert in g\/km: 133; CO\u2082-Klasse: D","actions":[{"id":34881,"pid":1,"type":"a_01_01__action","content":{"text":"Zum Angebot","link":"\/ahz\/renault-captur","layout":"hyperlink-primary","variant":"large","icon":{"name":null,"filename":null,"uri":null,"position":null,"variant":null}}}],"image":{"publicUrl":"https:\/\/review.cms.emilfrey.carmato.io\/fileadmin\/_processed_\/c\/a\/csm_renault_capturez26v4_R-DAM_1550315_ebb8f745b6.jpg","properties":{"title":"Renault Captur","alternative":"Renault Captur vor rotem Hintergrund","description":null,"mimeType":"image\/jpeg","type":"image","filename":"csm_renault_capturez26v4_R-DAM_1550315_ebb8f745b6.jpg","originalUrl":"\/fileadmin\/Hersteller-Mediapool\/Ranault\/renault_capturez26v4_R-DAM_1550315.jpg","uidLocal":8793,"fileReferenceUid":33939,"size":"97 KB","link":null,"dimensions":{"width":800,"height":450},"cropDimensions":{"width":800,"height":450},"crop":{"default":{"cropArea":{"x":0.20900000000000002,"y":0.056838365896980464,"width":0.79,"height":0.8206039076376554},"selectedRatio":"NaN","focusArea":null},"mobile":{"cropArea":{"x":0.299,"y":0.0905861456483126,"width":0.6,"height":0.822380106571936},"selectedRatio":"NaN","focusArea":null}},"autoplay":null,"extension":"jpg","actions":null,"overlay_toggle":1},"breakpoint":"default"},"logo":[]}},{"id":6787,"pid":1,"type":"m_01_02_02__minimal_card","content":{"header":{"text":"Renault 4 E-Tech ab 209 \u20ac mtl.\u2075","layout":5},"wltp":"WLTP Energieverbrauch kombiniert: 14,7 KWh\/100km; WLTP CO\u2082-Emissionen kombiniert: 0 g\/km; CO2-Klasse:A","actions":[{"id":34882,"pid":1,"type":"a_01_01__action","content":{"text":"Zum Angebot","link":"\/sehner-automobile\/renault-4-e-tech","layout":"hyperlink-primary","variant":"large","icon":{"name":null,"filename":null,"uri":null,"position":null,"variant":null}}}],"image":{"publicUrl":"https:\/\/review.cms.emilfrey.carmato.io\/fileadmin\/Hersteller-Mediapool\/Ranault\/02.jpg","properties":{"title":"Renault 4 E-Tech","alternative":"Renault 4 E-Tech vor blauem Hintergrund","description":null,"mimeType":"image\/jpeg","type":"image","filename":null,"originalUrl":"\/fileadmin\/Hersteller-Mediapool\/Ranault\/02.jpg","uidLocal":8807,"fileReferenceUid":33940,"size":"363 KB","link":null,"dimensions":{"width":800,"height":800},"cropDimensions":{"width":800,"height":800},"crop":{"default":{"cropArea":{"x":0,"y":0,"width":1,"height":1},"selectedRatio":"NaN","focusArea":null},"mobile":{"cropArea":{"x":0,"y":0,"width":1,"height":1},"selectedRatio":"NaN","focusArea":null}},"autoplay":null,"extension":"jpg","actions":null,"overlay_toggle":1},"breakpoint":"default"},"logo":[]}}]}},{"id":17431,"type":"o_04_04__jumping_cards","colPos":0,"categories":"","appearance":{"layout":"default","frameClass":"default","spaceBefore":"small","spaceAfter":"medium"},"context":{"ctype":"o_04_04__jumping_cards","cid":"O0404JumpingCards","task":"14074822"},"content":{"settings":{"variant":"cols3","variantCards":"minimal_cards","theme":"light"},"header":{"text":"Privatkunden Finanzierungsangebote","layout":3},"cards":[{"id":7012,"pid":1,"type":"m_01_02_02__minimal_card","content":{"header":{"text":"MG3 ab 145 \u20ac mtl.\u2076","layout":5},"wltp":"Kraftstoffverbrauch kombiniert (WLTP): 4,4 l\/100 km; CO\u2082-Emissionen kombiniert (WLTP): 100 g\/km; Energieeffizienzklasse: A.","actions":[{"id":35212,"pid":1,"type":"a_01_01__action","content":{"text":"Zum Angebot","link":"\/sehner-automobile\/mg-3","layout":"hyperlink-primary","variant":"large","icon":{"name":null,"filename":null,"uri":null,"position":null,"variant":null}}}],"image":{"publicUrl":"https:\/\/review.cms.emilfrey.carmato.io\/fileadmin\/Hersteller-Mediapool\/MG\/MG3\/mg-motor_mg3-hybrid-plus_luxury_161.jpg","properties":{"title":null,"alternative":null,"description":null,"mimeType":"image\/jpeg","type":"image","filename":null,"originalUrl":"\/fileadmin\/Hersteller-Mediapool\/MG\/MG3\/mg-motor_mg3-hybrid-plus_luxury_161.jpg","uidLocal":8961,"fileReferenceUid":34544,"size":"301 KB","link":null,"dimensions":{"width":800,"height":533},"cropDimensions":{"width":800,"height":533},"crop":{"default":{"cropArea":{"height":1,"width":1,"x":0,"y":0},"selectedRatio":"NaN","focusArea":null},"mobile":{"cropArea":{"x":0,"y":0,"width":1,"height":1},"selectedRatio":"NaN","focusArea":null}},"autoplay":null,"extension":"jpg","actions":null,"overlay_toggle":1},"breakpoint":"default"},"logo":[]}},{"id":7013,"pid":1,"type":"m_01_02_02__minimal_card","content":{"header":{"text":"MG ZS ab 181 \u20ac mtl.\u2076","layout":5},"wltp":"Kraftstoffverbrauch kombiniert (WLTP): 5,8 l\/100 km; CO\u2082-Emissionen kombiniert (WLTP): 130 g\/km; Energieeffizienzklasse: B.","actions":[{"id":35213,"pid":1,"type":"a_01_01__action","content":{"text":"Zum Angebot","link":"\/sehner-automobile\/mg-zs","layout":"hyperlink-primary","variant":"large","icon":{"name":null,"filename":null,"uri":null,"position":null,"variant":null}}}],"image":{"publicUrl":"https:\/\/review.cms.emilfrey.carmato.io\/fileadmin\/Hersteller-Mediapool\/MG\/ZS\/mg-motor_mg-zs-hybrid-plus_luxury_49.jpg","properties":{"title":null,"alternative":null,"description":null,"mimeType":"image\/jpeg","type":"image","filename":null,"originalUrl":"\/fileadmin\/Hersteller-Mediapool\/MG\/ZS\/mg-motor_mg-zs-hybrid-plus_luxury_49.jpg","uidLocal":8960,"fileReferenceUid":34545,"size":"295 KB","link":null,"dimensions":{"width":800,"height":533},"cropDimensions":{"width":800,"height":533},"crop":{"default":{"cropArea":{"x":0,"y":0,"width":1,"height":1},"selectedRatio":"NaN","focusArea":null},"mobile":{"cropArea":{"x":0,"y":0,"width":1,"height":1},"selectedRatio":"NaN","focusArea":null}},"autoplay":null,"extension":"jpg","actions":null,"overlay_toggle":1},"breakpoint":"default"},"logo":[]}},{"id":7014,"pid":1,"type":"m_01_02_02__minimal_card","content":{"header":{"text":"MG HS ab 274 \u20ac mtl.\u2076","layout":5},"wltp":"Kraftstoffverbrauch kombiniert (WLTP): 7,4 l\/100 km; CO\u2082-Emissionen kombiniert (WLTP): 168 g\/km; Energieeffizienzklasse E.","actions":[{"id":35214,"pid":1,"type":"a_01_01__action","content":{"text":"Zum Angebot","link":"\/sehner-automobile\/mg-hs","layout":"hyperlink-primary","variant":"large","icon":{"name":null,"filename":null,"uri":null,"position":null,"variant":null}}}],"image":{"publicUrl":"https:\/\/review.cms.emilfrey.carmato.io\/fileadmin\/Hersteller-Mediapool\/MG\/HS\/mg-motor_mg-hs-luxury_12.jpg","properties":{"title":null,"alternative":null,"description":null,"mimeType":"image\/jpeg","type":"image","filename":null,"originalUrl":"\/fileadmin\/Hersteller-Mediapool\/MG\/HS\/mg-motor_mg-hs-luxury_12.jpg","uidLocal":8958,"fileReferenceUid":34546,"size":"258 KB","link":null,"dimensions":{"width":800,"height":533},"cropDimensions":{"width":800,"height":533},"crop":{"default":{"cropArea":{"x":0,"y":0,"width":1,"height":1},"selectedRatio":"NaN","focusArea":null},"mobile":{"cropArea":{"x":0,"y":0,"width":1,"height":1},"selectedRatio":"NaN","focusArea":null}},"autoplay":null,"extension":"jpg","actions":null,"overlay_toggle":1},"breakpoint":"default"},"logo":[]}}]}},{"id":16784,"type":"o_04_04__jumping_cards","colPos":0,"categories":"","appearance":{"layout":"default","frameClass":"default","spaceBefore":"small","spaceAfter":"medium"},"context":{"ctype":"o_04_04__jumping_cards","cid":"O0404JumpingCards","task":"14074822"},"content":{"settings":{"variant":"cols3","variantCards":"minimal_cards","theme":"light"},"header":{"text":"Gewerbekunden Km-Leasingangebote","layout":3},"cards":[{"id":6612,"pid":1,"type":"m_01_02_02__minimal_card","content":{"header":{"text":"Ford Transit Custom Kasten ab 177 \u20ac mtl.\u00b9","layout":5},"wltp":"WLTP Energieverbrauch kombiniert: 19,6 kWh\/100 km; WLTP CO2-Emissionen kombiniert: 36 g\/km; CO2-Klasse: B","actions":[{"id":34695,"pid":1,"type":"a_01_01__action","content":{"text":"Zum Angebot","link":"\/leasing\/ford-transit-custom-kasten-plug-in-hybrid","layout":"hyperlink-primary","variant":"large","icon":{"name":null,"filename":null,"uri":null,"position":null,"variant":null}}}],"image":{"publicUrl":"https:\/\/review.cms.emilfrey.carmato.io\/fileadmin\/Hersteller-Mediapool\/Ford\/Transit_Custom_Plug-In-Hybrid\/FordTransitCustom_Limited_Van_MultiCab_Moondust_Silver_8.jpg","properties":{"title":null,"alternative":null,"description":null,"mimeType":"image\/jpeg","type":"image","filename":null,"originalUrl":"\/fileadmin\/Hersteller-Mediapool\/Ford\/Transit_Custom_Plug-In-Hybrid\/FordTransitCustom_Limited_Van_MultiCab_Moondust_Silver_8.jpg","uidLocal":8615,"fileReferenceUid":33426,"size":"2 MB","link":null,"dimensions":{"width":800,"height":533},"cropDimensions":{"width":800,"height":533},"crop":{"default":{"cropArea":{"x":0,"y":0,"width":1,"height":1},"selectedRatio":"NaN","focusArea":null},"mobile":{"cropArea":{"x":0,"y":0,"width":1,"height":1},"selectedRatio":"NaN","focusArea":null}},"autoplay":null,"extension":"jpg","actions":null,"overlay_toggle":1},"breakpoint":"default"},"logo":[]}}]}},{"id":16845,"type":"o_03_08__text","colPos":0,"categories":"","appearance":{"layout":"default","frameClass":"default","spaceBefore":"extra-small","spaceAfter":"small"},"context":{"ctype":"o_03_08__text","cid":"O 03-08 Text","task":"14073201"},"content":{"settings":{"variant":"cols3","position":"left","theme":"light","fontsize":"small"},"actions":[],"header":{"text":"","layout":2},"subheader":{"text":"","layout":4},"col1":{"bodytext":"<p><sup>1<\/sup>Fahrzeugabbildungen zeigen ggf. Sonderausstattungen gegen Mehrpreis. Stand 08\/2025. Zwischenverkauf, \u00c4nderungen und Irrt\u00fcmer vorbehalten. Angebot g\u00fcltig bis 15-10-2025. Beispielfoto eines Fahrzeuges der Baureihe. Die Ausstattungsmerkmale des abgebildeten Fahrzeuges sind nicht Bestandteil des Angebotes. Gilt f\u00fcr einen Ford Transit Custom 320 L1H1 Trend, Kastenwagen, 171 kW \/ 233 PS, Plug-In-Hybrid, 1-Gang-Automatikgetriebe. So lange der Vorrat reicht. Wir sind f\u00fcr mehrere bestimmte Darlehensgeber t\u00e4tig und handeln nicht als unabh\u00e4ngiger Darlehensvermittler. Ford Lease ist ein Produkt der ALD AutoLeasing D GmbH, Nedderfeld 95, 22529 Hamburg, f\u00fcr Gewerbekunden. Ist der Leasingnehmer Verbraucher, besteht nach Vertragsschluss ein Widerrufsrecht. Bitte sprechen Sie uns f\u00fcr weitere Details an. Finanzleasing mit Kilometereinstufung und Service Dienstleistungen. Nachbelastungssatz f\u00fcr Mehr-km (Finance) 0,1132 \u20ac\/km, Nachbelastungssatz f\u00fcr Mehr-km (Service) 0,0482 \u20ac\/km, Erstattungssatz Minder-km (Finance) 0,0373 \u20ac\/km, Erstattungssatz Minder-km (Service) 0,0043 \u20ac\/km. Bereitstellungskosten werden separat in Rechnung gestellt. Beschaffung durch den Leasingnehmer.<\/p>","list_layout":"bullet","list":[]},"col2":{"bodytext":"<p><sup>4<\/sup>Renault Captur Evolution TCe 90: Fahrzeugpreis: 21.339,26 \u20ac. Monatsrate: 149 \u20ac. Gesamtbetrag: 18.349,26 \u20ac. Ein Finanzierungsangebot von Mobilize Financial Services, Gesch\u00e4ftsbereich der RCI Banque S.A. Niederlassung Deutschland, Jagenbergstr. 1, 41468 Neuss. G\u00fcltig f\u00fcr Privatkund\/-innen mit Zulassung bis zum 31.03.2026. Bei allen teilnehmenden Renault Partnern.<\/p>\n<p>&nbsp;<\/p>\n<p><sup>6<\/sup>Ein&nbsp;<strong>unverbindliches Finanzierungsangebot<\/strong>&nbsp;zzgl. \u00dcberf\u00fchrung i. H. v. 999,00 \u20ac inkl. MwSt. (separate Berechnung).&nbsp;Alle Preise verstehen sich inkl. MwSt.&nbsp;<strong>Vermittlung erfolgt ausschlie\u00dflich f\u00fcr den Kreditgeber BNP Paribas S.A. Niederlassung Deutschland, R\u00fcdesheimer Stra\u00dfe 1, 80686 M\u00fcnchen. Das Finanzierungsangebot entspricht dem Beispiel nach \u00a7 17 Abs. 4 PAngV.&nbsp;Angebot gilt nur bei Bestelldatum im Zeitraum vom 01.09.2025 bis 31.10.2025 und nur bei teilnehmenden MG-Vertriebspartnern. Informationen zu individuellen Preisen und Finanzangeboten erhalten Sie bei MG Motor Deutschland oder Ihren teilnehmenden MG-Vertriebspartnern.&nbsp;<\/strong>Widerrufsrecht: Der Darlehensnehmer kann seine Vertragserkl\u00e4rung innerhalb von 14 Tagen ohne Angabe von Gr\u00fcnden widerrufen. Zur Wahrung der Widerrufsfrist gen\u00fcgt die rechtzeitige Absendung des Widerrufs, wenn die Erkl\u00e4rung auf einem dauerhaften Datentr\u00e4ger (z. B. Brief, Telefax, E-Mail) erfolgt. Der Widerruf ist zu richten an: BNP Paribas S.A. Niederlassung Deutschland, Wuhanstra\u00dfe 5, 47051 Duisburg (Fax: 02 03\/34 69 54-09; Tel.: 02 03\/34 69 54-02; E- Mail:&nbsp;<a href=\"mailto:widerruf@consorsfinanz.de)\">widerruf@consorsfinanz.de)<\/a>.<\/p>","list_layout":"bullet","list":null},"col3":{"bodytext":"<p><sup>5<\/sup>Leasing: Renault 4 E-Tech elektrisch Evolution 120 Urban Range: 26.519 \u20ac. Leasingsonderzahlung: 4.100 \u20ac. Laufzeit: 48 Monate. Gesamtlaufleistung: 40.000 km. Monatsrate: 199 \u20ac. Gesamtbetrag: 13.652 \u20ac. Ein Kilometerleasing-Angebot von Mobilize Financial Services, Gesch\u00e4ftsbereich der RCI Banque S.A. Niederlassung Deutschland, Jagenbergstr. 1, 41468 Neuss, zzgl. \u00dcberf\u00fchrungskosten. G\u00fcltig f\u00fcr Privatkund\/-innen mit Leasingvertrag bis zum 30.09.2025 und Zulassung bis zum 31.12.2025. Bei allen teilnehmenden Renault Partnern.<\/p>","list_layout":"bullet","list":null}}},{"id":17020,"type":"o_03_08__text","colPos":0,"categories":"","appearance":{"layout":"default","frameClass":"default","spaceBefore":"extra-small","spaceAfter":"small"},"context":{"ctype":"o_03_08__text","cid":"O 03-08 Text","task":"14073201"},"content":{"settings":{"variant":"cols3","position":"left","theme":"light","fontsize":"small"},"actions":[],"header":{"text":"","layout":2},"subheader":{"text":"","layout":4},"col1":{"bodytext":"","list_layout":"bullet","list":[]},"col2":{"bodytext":"","list_layout":"bullet","list":null},"col3":{"bodytext":"","list_layout":"bullet","list":null}}},{"id":16096,"type":"o_05_04__slim_slider","colPos":0,"categories":"","appearance":{"layout":"default","frameClass":"default","spaceBefore":"medium","spaceAfter":""},"context":{"ctype":"o_05_04__slim_slider","cid":"O 05-04 Slim Slider","task":"14074826"},"content":{"settings":{"theme":"light"},"overline":"","cards":{"id":5987,"pid":1,"type":"m_01_03__newscard","content":{"headline":"Emil Frey K\u00e4uferschutz","paragraph":"Ob Phishing oder gef\u00e4lschte Rechnungen: Betrugsversuche rund ums Bezahlen nehmen zu. Mit unserem IBAN-Checker geben wir Ihnen ein einfaches Tool an die Hand, um verd\u00e4chtige Kontodaten vor einer \u00dcberweisung zu pr\u00fcfen \u2013 f\u00fcr ein sicheres Gef\u00fchl beim Bezahlen.","action":[{"id":33908,"pid":1,"type":"a_01_01__action","content":{"text":"Mehr erfahren","link":"\/kaeuferschutz","layout":"hyperlink-primary","variant":"small","icon":{"name":null,"filename":null,"uri":null,"position":null,"variant":null}}}],"image":{"publicUrl":"https:\/\/review.cms.emilfrey.carmato.io\/fileadmin\/Landesebene\/Unternehmen\/AdobeStock_174969112.jpg","properties":{"title":"K\u00e4uferschutz ","alternative":"K\u00e4uferschutz","description":null,"mimeType":"image\/jpeg","type":"image","filename":null,"originalUrl":"\/fileadmin\/Landesebene\/Unternehmen\/AdobeStock_174969112.jpg","uidLocal":8420,"fileReferenceUid":32049,"size":"75 KB","link":null,"dimensions":{"width":534,"height":268},"cropDimensions":{"width":534,"height":268},"crop":{"o_05_04__slim_slider":{"cropArea":{"x":0.00021729682746632014,"y":0.17372881355932204,"width":0.9995654063450674,"height":0.7062146892655368},"selectedRatio":"2:1","focusArea":null}},"autoplay":null,"extension":"jpg","actions":null,"overlay_toggle":0},"breakpoint":"default"}}}}},{"id":15216,"type":"o_03_03__cta_breaker","colPos":0,"categories":"","appearance":{"layout":"default","frameClass":"default","spaceBefore":"","spaceAfter":""},"context":{"ctype":"o_03_03__cta_breaker","cid":"O 03-03 CTA Breaker","task":"14074812"},"content":{"settings":{"variant":"text","theme":"light"},"actions":[{"id":32578,"pid":1,"type":"a_01_01__action","content":{"text":"Jetzt Termin vereinbaren","link":"\/terminvereinbarung","layout":"button-secondary-default","variant":"small","icon":{"name":null,"filename":null,"uri":null,"position":null,"variant":null}}}],"header":{"text":"Servicetermin vereinbaren","layout":2},"position":"center","bodytext":"<p>Vereinbaren Sie jetzt Ihren Wunschtermin ganz einfach und online. Mit nur wenigen Angaben k\u00f6nnen Sie rund um die Uhr einen passenden Zeitpunkt f\u00fcr Ihren n\u00e4chsten Servicetermin planen.<\/p>","images":[],"offer":[],"newsletter":{"action":"https:\/\/www.xcampaign.ch\/dispatcher\/service","data":[{"name":"ac","value":"reg","type":"hidden"},{"name":"clientCode","value":"KALgMibsie8lGKLbEA","type":"hidden"},{"name":"doubleOptin","value":1,"type":"hidden"},{"name":"xp_sendBackParams","value":0,"type":"hidden"},{"name":"trackId","value":null,"type":"hidden"},{"name":"language_code","value":"de","type":"hidden"},{"name":"herkunft","value":"formular_1","type":"hidden"},{"name":"email","label":"email"},{"name":"krit_110","label":"Anrede","options":[{"value":"101","label":"Frau"},{"value":"102","label":"Herr"},{"value":"unbekannt","label":"Divers"}]},{"name":"vorname","label":"Vorname"},{"name":"nachname","label":"Nachname"},{"name":"newsletter","label":"Ja, ich m\u00f6chte den Newsletter erhalten"}]}}},{"id":2951,"type":"o_03_10__accordion","colPos":0,"categories":"","appearance":{"layout":"default","frameClass":"default","spaceBefore":"","spaceAfter":""},"context":{"ctype":"o_03_10__accordion","cid":"O 03-10 Accordion","task":"14074818"},"content":{"settings":{"variant":"minimal","theme":"light"},"header":{"text":"Weitere Gesch\u00e4ftsfelder","layout":4,"paragraph":"","actions":[]},"tabs":[{"pid":1,"sorting":1,"content":{"label":"Emil Frey Finanzdienstleistungen","header":"","header_layout":2,"bodytext":"<p>Auto-Leidenschaft verbindet. Deshalb schaffen wir die Grundlage daf\u00fcr, dass Sie Ihren ganz pers\u00f6nlichen Traum von Mobilit\u00e4t leben und in vollen Z\u00fcgen genie\u00dfen k\u00f6nnen:<\/p>\r\n<p><strong>Bezahlbar <\/strong>mit unseren attraktiven Finanzierungs- und Leasingangeboten f\u00fcr Neu- und Gebrauchtwagen.<br \/> <strong>Sicher <\/strong>durch unsere verl\u00e4sslichen Versicherungsl\u00f6sungen rund ums Auto.<br \/> Und ganz <strong>entspannt <\/strong>durch unseren flexiblen, kundenorientierten Service.<\/p>","images":[],"bodytext2":"","subheader":"Wir lassen Tr\u00e4ume wahr werden.","actions":[{"id":10348,"pid":1,"type":"a_01_01__action","content":{"text":"Mehr erfahren","link":"\/weitere-informationen\/emil-frey-finanzdienstleistungen","layout":"button-secondary-default","variant":"small","icon":{"name":null,"filename":null,"uri":null,"position":null,"variant":null}}}],"subheader_layout":6},"id":1942,"type":"m_02_04__accordion_item"},{"pid":1,"sorting":2,"content":{"label":"Emil Frey Versicherungsdienste","header":"","header_layout":2,"bodytext":"<p>Bei der EF Versicherungsdienst GmbH dreht sich alles um Sie. Unsere Kunden profitieren von pers\u00f6nlichem Service und unserer Expertise bei Versicherungsdienstleistungen aller Art. Als ein Unternehmen von Emil Frey Deutschland&nbsp;sichert die EF Versicherungsdienst GmbH Sie umfassend ab.<\/p>","images":[],"bodytext2":"","subheader":"Finden Sie hier Ihren Partner fu\u0308r Versicherungsdienstleistungen.","actions":[{"id":10349,"pid":1,"type":"a_01_01__action","content":{"text":"Mehr erfahren","link":"\/weitere-informationen\/emil-frey-versicherungsdienst","layout":"button-secondary-default","variant":"small","icon":{"name":null,"filename":null,"uri":null,"position":null,"variant":null}}}],"subheader_layout":6},"id":1943,"type":"m_02_04__accordion_item"},{"pid":1,"sorting":3,"content":{"label":"Emil Frey Fleet","header":"","header_layout":2,"bodytext":"<p>Mit der Implementierung der neuen Ebene Emil Frey Fleet innerhalb von&nbsp;Emil Frey Deutschland wird das Flottengesch\u00e4ft zentral gesteuert und koordiniert.<\/p>","images":[],"bodytext2":"","subheader":"Unsere St\u00e4rken sind Ihr Erfolg!","actions":[{"id":10350,"pid":1,"type":"a_01_01__action","content":{"text":"Mehr erfahren","link":"\/fleet","layout":"button-secondary-default","variant":"small","icon":{"name":null,"filename":null,"uri":null,"position":null,"variant":null}}}],"subheader_layout":6},"id":1944,"type":"m_02_04__accordion_item"},{"pid":1,"sorting":4,"content":{"label":"Emil Frey Gewerbekunden","header":"","header_layout":2,"bodytext":"<p>Unabh\u00e4ngig davon, ob Sie einen Handwerksbetrieb f\u00fchren oder schlichtweg ein Gewerbetreibender sind: Wir haben f\u00fcr jeden das passende Angebot. Sie sind der Experte in Ihrem Fach. Darum freuen wir uns auf ein gemeinsames Gespr\u00e4ch, um mit Ihnen die zu Ihnen passenden Konditionen zu finden.<\/p>","images":[],"bodytext2":"","subheader":"Bei uns ist Ihr Gewerbe in den richtigen H\u00e4nden.","actions":[{"id":10351,"pid":1,"type":"a_01_01__action","content":{"text":"Mehr erfahren","link":"\/weitere-informationen\/gewerbekunden","layout":"button-secondary-default","variant":"small","icon":{"name":null,"filename":null,"uri":null,"position":null,"variant":null}}}],"subheader_layout":6},"id":1945,"type":"m_02_04__accordion_item"},{"pid":1,"sorting":5,"content":{"label":"Emil Frey Select","header":"","header_layout":2,"bodytext":"<p>Bei Emil Frey Select finden Sie den passenden Gebrauchten. Sie haben die Auswahl aus \u00fcber 6.000 verschiedenen Fahrzeugen von \u00fcber 36 Marken. Finden Sie jetzt Ihren Top-Gebrauchten.<\/p>","images":[],"bodytext2":"","subheader":"Bei uns finden Sie junge Gebrauchte mit Qualit\u00e4t.","actions":[{"id":10352,"pid":1,"type":"a_01_01__action","content":{"text":"Mehr erfahren","link":"\/emil-frey-select","layout":"button-secondary-default","variant":"small","icon":{"name":null,"filename":null,"uri":null,"position":null,"variant":null}}}],"subheader_layout":6},"id":1946,"type":"m_02_04__accordion_item"},{"pid":1,"sorting":6,"content":{"label":"Emil Frey Import","header":"","header_layout":2,"bodytext":"<p>Wir sind exklusiver&nbsp;Importeur&nbsp;von Fahrzeugen der Marken Subaru, ORA und Mitsubishi Motors.<\/p>","images":[],"bodytext2":"","subheader":"Fahrzeugimport von Subaru und Mitsubishi.","actions":[{"id":10353,"pid":1,"type":"a_01_01__action","content":{"text":"Mehr erfahren","link":"\/weitere-informationen\/fahrzeugimport","layout":"button-secondary-default","variant":"small","icon":{"name":null,"filename":null,"uri":null,"position":null,"variant":null}}}],"subheader_layout":6},"id":1947,"type":"m_02_04__accordion_item"},{"pid":1,"sorting":7,"content":{"label":"Emil Frey Autoteilewelt","header":"","header_layout":2,"bodytext":"<p>Neben dem Handel mit Automobilersatzteilen bietet die EFA Autoteilewelt GmbH ein umfangreiches Sortiment an erg\u00e4nzenden Produkten f\u00fcr viele Fahrzeugmarken.&nbsp;<\/p>","images":[],"bodytext2":"","subheader":"\u00dcber unser Gro\u00dfhandelsgesch\u00e4ft versorgen wir Sie mit Automobilersatzteilen.","actions":[{"id":10354,"pid":1,"type":"a_01_01__action","content":{"text":"Mehr erfahren","link":"\/weitere-informationen\/autoteilewelt","layout":"button-secondary-default","variant":"small","icon":{"name":null,"filename":null,"uri":null,"position":null,"variant":null}}}],"subheader_layout":6},"id":1948,"type":"m_02_04__accordion_item"},{"pid":1,"sorting":8,"content":{"label":"Emil Frey Remarketing","header":"","header_layout":2,"bodytext":"<p>Emil Frey&nbsp;Remarketing&nbsp;geh\u00f6rt mittlerweile zu den bedeutendsten Gebrauchtwagen H\u00e4ndlern in Deutschland. Unser Fokus liegt klar und ausschlie\u00dflich im H\u00e4ndlergesch\u00e4ft.&nbsp;So bieten wir Ihnen - neben Fahrzeugen - auch L\u00f6sungen f\u00fcr&nbsp;<strong>Transport<\/strong>,&nbsp;<strong>Logistik<\/strong>,&nbsp;<strong>Aufbereitung<\/strong>,&nbsp;<strong>Reparatur<\/strong>, etc.&nbsp;&nbsp;<\/p>","images":[],"bodytext2":"","subheader":"","actions":[{"id":25917,"pid":1,"type":"a_01_01__action","content":{"text":"Mehr erfahren","link":"\/remarketing","layout":"button-primary-default","variant":"small","icon":{"name":null,"filename":null,"uri":null,"position":null,"variant":null}}}],"subheader_layout":6},"id":3017,"type":"m_02_04__accordion_item"}]}}]},"i18n":[{"languageId":0,"locale":"de_DE.UTF-8","title":"German","navigationTitle":"Deutsch","twoLetterIsoCode":"de","hreflang":"de-DE","direction":"ltr","flag":"flags-de","link":"\/","active":1,"current":0,"available":1}],"structure":{"navigation":{"context":{"uid":41,"pid":1},"content":{"settings":{"theme":"blue","showSearch":"0","service_level":"0"},"header":{"logo":[[{"publicUrl":"https:\/\/review.cms.emilfrey.carmato.io\/fileadmin\/Landesebene\/Logos\/Emil_Frey_Deutschland_Logo_Horizontal_White_220x50.svg","properties":{"title":null,"alternative":null,"description":null,"mimeType":"image\/svg+xml","type":"image","filename":"Emil_Frey_Deutschland_Logo_Horizontal_White_220x50.svg","originalUrl":"\/fileadmin\/Landesebene\/Logos\/Emil_Frey_Deutschland_Logo_Horizontal_White_220x50.svg","uidLocal":6198,"fileReferenceUid":21783,"size":"21 KB","link":null,"dimensions":{"width":100,"height":100},"cropDimensions":{"width":100,"height":100},"crop":{"o_01_01__main_navigation":{"cropArea":{"x":0,"y":0,"width":1,"height":1},"selectedRatio":"NaN","focusArea":null}},"autoplay":0,"extension":"svg","actions":null,"overlay_toggle":0},"breakpoint":"default"}]],"logoMobile":[[{"publicUrl":"https:\/\/review.cms.emilfrey.carmato.io\/fileadmin\/Landesebene\/Logos\/Emil_Frey_Deutschland_Logo_Vertikal_White_52x54.svg","properties":{"title":null,"alternative":null,"description":null,"mimeType":"image\/svg+xml","type":"image","filename":"Emil_Frey_Deutschland_Logo_Vertikal_White_52x54.svg","originalUrl":"\/fileadmin\/Landesebene\/Logos\/Emil_Frey_Deutschland_Logo_Vertikal_White_52x54.svg","uidLocal":6197,"fileReferenceUid":21784,"size":"17 KB","link":null,"dimensions":{"width":100,"height":100},"cropDimensions":{"width":100,"height":100},"crop":{"o_01_01__main_navigation":{"cropArea":{"x":0,"y":0,"width":1,"height":1},"selectedRatio":"NaN","focusArea":null}},"autoplay":0,"extension":"svg","actions":null,"overlay_toggle":0},"breakpoint":"default"}]],"linkToHome":"\/"},"navigationMain":[{"title":"E-Mobilit\u00e4t","link":"\/elektromobilitaet","target":"","active":0,"current":0,"spacer":0,"hasSubpages":0,"dropdown":{"topics":{"headline":"","action":[]},"searchlinks":{"headline":""},"brandlinks":{"headline":""}},"children":[]},{"title":"Auto finden","link":"\/auto-kaufen","target":"","active":0,"current":0,"spacer":0,"hasSubpages":1,"children":[{"title":"Alle Fahrzeuge","link":"\/auto-kaufen","target":"","active":0,"current":0,"spacer":0,"hasSubpages":0,"icon":"null"},{"title":"Probefahrt","link":"\/probefahrt","target":"","active":0,"current":0,"spacer":0,"hasSubpages":0,"icon":"null"},{"title":"Markenwelt","link":"\/markenwelt","target":"","active":0,"current":0,"spacer":0,"hasSubpages":1,"icon":"null"},{"title":"Konfigurator","link":"\/konfigurator","target":"","active":0,"current":0,"spacer":0,"hasSubpages":0,"icon":"null"},{"title":"Reisemobile","link":"\/reisemobile","target":"","active":0,"current":0,"spacer":0,"hasSubpages":1,"icon":"null"},{"title":"Sonderfahrzeuge","link":"\/sonderfahrzeuge","target":"","active":0,"current":0,"spacer":0,"hasSubpages":1,"icon":"null"},{"title":"Gewerbekunden","link":"\/gewerbekunden","target":"","active":0,"current":0,"spacer":0,"hasSubpages":0,"icon":"null"}],"dropdown":{"topics":{"headline":"Aktuelle Informationen","action":[]},"searchlinks":{"headline":"Fahrzeugart","actions":[{"id":26860,"pid":1,"type":"a_01_01__action","content":{"text":"SUV","link":"\/auto-kaufen?vehicle_type=SUV&sorting=random&page=1","layout":""}},{"id":26859,"pid":1,"type":"a_01_01__action","content":{"text":"Elektro","link":"\/auto-kaufen?fuel=Plug-in-Hybrid,Elektro,Hybrid&sorting=random&page=1","layout":""}},{"id":26861,"pid":1,"type":"a_01_01__action","content":{"text":"Kleinwagen","link":"\/auto-kaufen?sorting=random&page=1&vehicle_type=Kleinwagen","layout":""}},{"id":26862,"pid":1,"type":"a_01_01__action","content":{"text":"Kombi","link":"\/auto-kaufen?sorting=random&page=1&vehicle_type=Kombi","layout":""}},{"id":26863,"pid":1,"type":"a_01_01__action","content":{"text":"Cabrio","link":"\/auto-kaufen?sorting=random&page=1&vehicle_type=Cabrio","layout":""}},{"id":26864,"pid":1,"type":"a_01_01__action","content":{"text":"Reisemobile","link":"\/reisemobile","layout":""}},{"id":26865,"pid":1,"type":"a_01_01__action","content":{"text":"Nutzfahrzeuge","link":"\/auto-kaufen?product_group_name=Nutzfahrzeuge&sorting=random&page=1","layout":""}}]},"brandlinks":{"headline":"Fahrzeuge bei Emil Frey","brands":[{"localId":13,"apiBrandId":13,"name":"BMW","alias":"","logo":[{"publicUrl":"https:\/\/review.cms.emilfrey.carmato.io\/library\/brand\/bmw_unisize.svg","properties":{"title":"BMW Markenlogo","alternative":"BMW Markenlogo","description":"BMW Markenlogo","mimeType":"image\/svg+xml","type":"image","filename":"bmw_unisize.svg","originalUrl":"\/library\/brand\/bmw_unisize.svg","uidLocal":23,"fileReferenceUid":562,"size":"3 KB","link":null,"dimensions":{"width":68,"height":36},"cropDimensions":{"width":68,"height":36},"crop":{"brand_logo":{"cropArea":{"x":3.999999999973529,"y":0,"width":9.00000000005294,"height":9},"selectedRatio":"17:9","focusArea":null}},"autoplay":0,"extension":"svg","actions":null,"overlay_toggle":0},"breakpoint":"default"}],"logocustomsized":[{"publicUrl":"https:\/\/review.cms.emilfrey.carmato.io\/library\/brand\/bmw_customsize.svg","properties":{"title":"BMW Markenlogo","alternative":"BMW Logo in Schwarz-Weiss","description":"BMW Markenlogo","mimeType":"image\/svg+xml","type":"image","filename":"bmw_customsize.svg","originalUrl":"\/library\/brand\/bmw_customsize.svg","uidLocal":24,"fileReferenceUid":563,"size":"3 KB","link":null,"dimensions":{"width":31,"height":31},"cropDimensions":{"width":31,"height":31},"crop":{"default":{"cropArea":{"x":0,"y":0,"width":1,"height":1},"selectedRatio":"NaN","focusArea":null}},"autoplay":0,"extension":"svg","actions":null,"overlay_toggle":0},"breakpoint":"default"}],"logocolored":[{"publicUrl":"https:\/\/review.cms.emilfrey.carmato.io\/library\/brand\/bmw_customsize-farbig.png","properties":{"title":"BMW Markenlogo","alternative":"BMW Logo in Farbe","description":"BMW Markenlogo","mimeType":"image\/png","type":"image","filename":"bmw_customsize-farbig.png","originalUrl":"\/library\/brand\/bmw_customsize-farbig.png","uidLocal":5410,"fileReferenceUid":18684,"size":"68 KB","link":null,"dimensions":{"width":1573,"height":1595},"cropDimensions":{"width":1573,"height":1595},"crop":{"default":{"cropArea":{"x":0,"y":0,"width":1,"height":1},"selectedRatio":"NaN","focusArea":null}},"autoplay":null,"extension":"png","actions":null,"overlay_toggle":0},"breakpoint":"default"}],"landingpage":"\/markenwelt\/bmw","link":"\/markenwelt\/bmw","filter":"\/auto-kaufen\/BMW"},{"localId":66,"apiBrandId":66,"name":"CUPRA","alias":"","logo":[{"publicUrl":"https:\/\/review.cms.emilfrey.carmato.io\/library\/brand\/cupra_unisize.svg","properties":{"title":"Cupra Markenlogo","alternative":"Cupra Markenlogo","description":"Cupra Markenlogo","mimeType":"image\/svg+xml","type":"image","filename":"cupra_unisize.svg","originalUrl":"\/library\/brand\/cupra_unisize.svg","uidLocal":38,"fileReferenceUid":1770,"size":"7 KB","link":null,"dimensions":{"width":68,"height":36},"cropDimensions":{"width":68,"height":36},"crop":{"brand_logo":{"cropArea":{"x":3.999999999973529,"y":0,"width":9.00000000005294,"height":9},"selectedRatio":"17:9","focusArea":null}},"autoplay":0,"extension":"svg","actions":null,"overlay_toggle":0},"breakpoint":"default"}],"logocustomsized":[{"publicUrl":"https:\/\/review.cms.emilfrey.carmato.io\/library\/brand\/cupra_customsize.svg","properties":{"title":"Cupra Markenlogo","alternative":"Cupra Markenlogo","description":"Cupra Markenlogo","mimeType":"image\/svg+xml","type":"image","filename":"cupra_customsize.svg","originalUrl":"\/library\/brand\/cupra_customsize.svg","uidLocal":46,"fileReferenceUid":1771,"size":"7 KB","link":null,"dimensions":{"width":46,"height":31},"cropDimensions":{"width":46,"height":31},"crop":{"default":{"cropArea":{"x":0,"y":0,"width":1,"height":1},"selectedRatio":"NaN","focusArea":null}},"autoplay":0,"extension":"svg","actions":null,"overlay_toggle":0},"breakpoint":"default"}],"logocolored":[{"publicUrl":"https:\/\/review.cms.emilfrey.carmato.io\/library\/brand\/cupra_unisize.svg","properties":{"title":"Cupra Markenlogo","alternative":"Cupra Markenlogo","description":"Cupra Markenlogo","mimeType":"image\/svg+xml","type":"image","filename":"cupra_unisize.svg","originalUrl":"\/library\/brand\/cupra_unisize.svg","uidLocal":38,"fileReferenceUid":21861,"size":"7 KB","link":null,"dimensions":{"width":68,"height":36},"cropDimensions":{"width":68,"height":36},"crop":{"default":{"cropArea":{"x":0,"y":0,"width":1,"height":1},"selectedRatio":"NaN","focusArea":null}},"autoplay":0,"extension":"svg","actions":null,"overlay_toggle":0},"breakpoint":"default"}],"landingpage":"\/markenwelt\/cupra","link":"\/markenwelt\/cupra","filter":"\/auto-kaufen\/CUPRA"},{"localId":29,"apiBrandId":29,"name":"FORD","alias":"","logo":[{"publicUrl":"https:\/\/review.cms.emilfrey.carmato.io\/library\/brand\/ford_unisize.svg","properties":{"title":"Ford Markenlogo","alternative":"Ford Markenlogo","description":"Ford Markenlogo","mimeType":"image\/svg+xml","type":"image","filename":"ford_unisize.svg","originalUrl":"\/library\/brand\/ford_unisize.svg","uidLocal":51,"fileReferenceUid":591,"size":"7 KB","link":null,"dimensions":{"width":68,"height":36},"cropDimensions":{"width":68,"height":36},"crop":{"brand_logo":{"cropArea":{"x":3.999999999973529,"y":0,"width":9.00000000005294,"height":9},"selectedRatio":"17:9","focusArea":null}},"autoplay":0,"extension":"svg","actions":null,"overlay_toggle":0},"breakpoint":"default"}],"logocustomsized":[{"publicUrl":"https:\/\/review.cms.emilfrey.carmato.io\/library\/brand\/ford_customsize.svg","properties":{"title":"Ford Markenlogo","alternative":"Ford Markenlogo","description":"Ford Markenlogo","mimeType":"image\/svg+xml","type":"image","filename":"ford_customsize.svg","originalUrl":"\/library\/brand\/ford_customsize.svg","uidLocal":43,"fileReferenceUid":592,"size":"7 KB","link":null,"dimensions":{"width":43,"height":17},"cropDimensions":{"width":43,"height":17},"crop":{"default":{"cropArea":{"x":0,"y":0,"width":1,"height":1},"selectedRatio":"NaN","focusArea":null}},"autoplay":0,"extension":"svg","actions":null,"overlay_toggle":0},"breakpoint":"default"}],"logocolored":[{"publicUrl":"https:\/\/review.cms.emilfrey.carmato.io\/library\/brand\/ford_customsize-farbig.svg","properties":{"title":"Ford Markenlogo","alternative":"Ford Markenlogo","description":"Ford Markenlogo","mimeType":"image\/svg+xml","type":"image","filename":"ford_customsize-farbig.svg","originalUrl":"\/library\/brand\/ford_customsize-farbig.svg","uidLocal":6345,"fileReferenceUid":21793,"size":"4 KB","link":null,"dimensions":{"width":43,"height":17},"cropDimensions":{"width":43,"height":17},"crop":{"default":{"cropArea":{"x":0,"y":0,"width":1,"height":1},"selectedRatio":"NaN","focusArea":null}},"autoplay":0,"extension":"svg","actions":null,"overlay_toggle":0},"breakpoint":"default"}],"landingpage":"\/markenwelt\/ford","link":"\/markenwelt\/ford","filter":"\/auto-kaufen\/FORD"},{"localId":6,"apiBrandId":6,"name":"Jaguar","alias":"","logo":[{"publicUrl":"https:\/\/review.cms.emilfrey.carmato.io\/library\/brand\/jaguar_unisize-neu.svg","properties":{"title":"Jaguar Markenlogo","alternative":"Jaguar Markenlogo","description":"Jaguar Markenlogo","mimeType":"image\/svg+xml","type":"image","filename":"jaguar_unisize-neu.svg","originalUrl":"\/library\/brand\/jaguar_unisize-neu.svg","uidLocal":6342,"fileReferenceUid":21788,"size":"4 KB","link":null,"dimensions":{"width":68,"height":36},"cropDimensions":{"width":68,"height":36},"crop":{"brand_logo":{"cropArea":{"x":3.999999999973529,"y":0,"width":9.00000000005294,"height":9},"selectedRatio":"17:9","focusArea":null}},"autoplay":0,"extension":"svg","actions":null,"overlay_toggle":0},"breakpoint":"default"}],"logocustomsized":[{"publicUrl":"https:\/\/review.cms.emilfrey.carmato.io\/library\/brand\/jaguar_customsize-neu.svg","properties":{"title":"Jaguar Markenlogo","alternative":"Jaguar Markenlogo","description":"Jaguar Markenlogo","mimeType":"image\/svg+xml","type":"image","filename":"jaguar_customsize-neu.svg","originalUrl":"\/library\/brand\/jaguar_customsize-neu.svg","uidLocal":6341,"fileReferenceUid":21789,"size":"4 KB","link":null,"dimensions":{"width":68,"height":6},"cropDimensions":{"width":68,"height":6},"crop":{"default":{"cropArea":{"x":0,"y":0,"width":1,"height":1},"selectedRatio":"NaN","focusArea":null}},"autoplay":0,"extension":"svg","actions":null,"overlay_toggle":0},"breakpoint":"default"}],"logocolored":[{"publicUrl":"https:\/\/review.cms.emilfrey.carmato.io\/library\/brand\/jaguar_customsize-neu.svg","properties":{"title":"Jaguar Markenlogo","alternative":"Jaguar Markenlogo","description":"Jaguar Markenlogo","mimeType":"image\/svg+xml","type":"image","filename":"jaguar_customsize-neu.svg","originalUrl":"\/library\/brand\/jaguar_customsize-neu.svg","uidLocal":6341,"fileReferenceUid":21790,"size":"4 KB","link":null,"dimensions":{"width":68,"height":6},"cropDimensions":{"width":68,"height":6},"crop":{"default":{"cropArea":{"x":0,"y":0,"width":1,"height":1},"selectedRatio":"NaN","focusArea":null}},"autoplay":0,"extension":"svg","actions":null,"overlay_toggle":0},"breakpoint":"default"}],"landingpage":"\/markenwelt\/jaguar","link":"\/markenwelt\/jaguar","filter":"\/auto-kaufen\/JAGUAR"},{"localId":7,"apiBrandId":7,"name":"Land Rover","alias":"","logo":[{"publicUrl":"https:\/\/review.cms.emilfrey.carmato.io\/library\/brand\/land-rover_unisize.svg","properties":{"title":null,"alternative":null,"description":null,"mimeType":"image\/svg+xml","type":"image","filename":"land-rover_unisize.svg","originalUrl":"\/library\/brand\/land-rover_unisize.svg","uidLocal":9071,"fileReferenceUid":34557,"size":"6 KB","link":null,"dimensions":{"width":68,"height":37},"cropDimensions":{"width":68,"height":37},"crop":{"brand_logo":{"cropArea":{"x":3.8749999999727947,"y":0,"width":9.250000000054412,"height":9},"selectedRatio":"17:9","focusArea":null}},"autoplay":0,"extension":"svg","actions":null,"overlay_toggle":0},"breakpoint":"default"}],"logocustomsized":[{"publicUrl":"https:\/\/review.cms.emilfrey.carmato.io\/library\/brand\/land-rover_customsize.svg","properties":{"title":null,"alternative":null,"description":null,"mimeType":"image\/svg+xml","type":"image","filename":"land-rover_customsize.svg","originalUrl":"\/library\/brand\/land-rover_customsize.svg","uidLocal":9072,"fileReferenceUid":34558,"size":"6 KB","link":null,"dimensions":{"width":53,"height":29},"cropDimensions":{"width":53,"height":29},"crop":{"default":{"cropArea":{"x":0,"y":0,"width":1,"height":1},"selectedRatio":"NaN","focusArea":null}},"autoplay":0,"extension":"svg","actions":null,"overlay_toggle":0},"breakpoint":"default"}],"logocolored":[],"landingpage":"\/markenwelt\/land-rover","link":"\/markenwelt\/land-rover","filter":"\/auto-kaufen\/LAND_ROVER"},{"localId":42,"apiBrandId":42,"name":"Mercedes","alias":"Mercedes-Benz","logo":[{"publicUrl":"https:\/\/review.cms.emilfrey.carmato.io\/library\/brand\/mercedes_unisize2.svg","properties":{"title":"Mercedes Markenlogo","alternative":"Mercedes Markenlogo","description":"Mercedes Markenlogo","mimeType":"image\/svg+xml","type":"image","filename":"mercedes_unisize2.svg","originalUrl":"\/library\/brand\/mercedes_unisize2.svg","uidLocal":6258,"fileReferenceUid":21659,"size":"8 KB","link":null,"dimensions":{"width":68,"height":36},"cropDimensions":{"width":68,"height":36},"crop":{"brand_logo":{"cropArea":{"x":3.999999999973529,"y":0,"width":9.00000000005294,"height":9},"selectedRatio":"17:9","focusArea":null}},"autoplay":0,"extension":"svg","actions":null,"overlay_toggle":0},"breakpoint":"default"}],"logocustomsized":[{"publicUrl":"https:\/\/review.cms.emilfrey.carmato.io\/library\/brand\/mercedes_customsize2.svg","properties":{"title":"Mercedes Markenlogo","alternative":"Mercedes Markenlogo","description":"Mercedes Markenlogo","mimeType":"image\/svg+xml","type":"image","filename":"mercedes_customsize2.svg","originalUrl":"\/library\/brand\/mercedes_customsize2.svg","uidLocal":6262,"fileReferenceUid":21660,"size":"8 KB","link":null,"dimensions":{"width":31,"height":31},"cropDimensions":{"width":31,"height":31},"crop":{"default":{"cropArea":{"x":0,"y":0,"width":1,"height":1},"selectedRatio":"NaN","focusArea":null}},"autoplay":0,"extension":"svg","actions":null,"overlay_toggle":0},"breakpoint":"default"}],"logocolored":[],"landingpage":"\/markenwelt\/mercedes-benz","link":"\/markenwelt\/mercedes-benz","filter":"\/auto-kaufen\/MERCEDES_BENZ"},{"localId":5,"apiBrandId":5,"name":"Mitsubishi","alias":"MMC","logo":[{"publicUrl":"https:\/\/review.cms.emilfrey.carmato.io\/library\/brand\/mitsubishi_type_unisize.svg","properties":{"title":"Mitsubishi Markenlogo","alternative":"Mitsubishi Markenlogo","description":"Mitsubishi Markenlogo","mimeType":"image\/svg+xml","type":"image","filename":"mitsubishi_type_unisize.svg","originalUrl":"\/library\/brand\/mitsubishi_type_unisize.svg","uidLocal":4633,"fileReferenceUid":16172,"size":"5 KB","link":null,"dimensions":{"width":68,"height":53},"cropDimensions":{"width":68,"height":53},"crop":{"brand_logo":{"cropArea":{"x":1.8749999999610296,"y":0,"width":13.250000000077941,"height":9},"selectedRatio":"17:9","focusArea":null}},"autoplay":0,"extension":"svg","actions":null,"overlay_toggle":0},"breakpoint":"default"}],"logocustomsized":[{"publicUrl":"https:\/\/review.cms.emilfrey.carmato.io\/library\/brand\/mitsubishi_type_customsize.svg","properties":{"title":"Mitsubishi Markenlogo","alternative":"Mitsubishi Markenlogo","description":"Mitsubishi Markenlogo","mimeType":"image\/svg+xml","type":"image","filename":"mitsubishi_type_customsize.svg","originalUrl":"\/library\/brand\/mitsubishi_type_customsize.svg","uidLocal":4632,"fileReferenceUid":16173,"size":"5 KB","link":null,"dimensions":{"width":49,"height":53},"cropDimensions":{"width":49,"height":53},"crop":{"default":{"cropArea":{"x":0,"y":0,"width":1,"height":1},"selectedRatio":"NaN","focusArea":null}},"autoplay":0,"extension":"svg","actions":null,"overlay_toggle":0},"breakpoint":"default"}],"logocolored":[{"publicUrl":"https:\/\/review.cms.emilfrey.carmato.io\/library\/brand\/mitsubishi_type_unisize-farbe.svg","properties":{"title":"Mitsubishi Markenlogo","alternative":"Mitsubishi Markenlogo","description":"Mitsubishi Markenlogo","mimeType":"image\/svg+xml","type":"image","filename":"mitsubishi_type_unisize-farbe.svg","originalUrl":"\/library\/brand\/mitsubishi_type_unisize-farbe.svg","uidLocal":6354,"fileReferenceUid":21872,"size":"3 KB","link":null,"dimensions":{"width":52,"height":53},"cropDimensions":{"width":52,"height":53},"crop":{"default":{"cropArea":{"height":0.9933333333333333,"width":0.7604166666666666,"x":0.11458333333333333,"y":0},"selectedRatio":"NaN","focusArea":null}},"autoplay":0,"extension":"svg","actions":null,"overlay_toggle":0},"breakpoint":"default"}],"landingpage":"\/markenwelt\/mitsubishi","link":"\/markenwelt\/mitsubishi","filter":"\/auto-kaufen\/MITSUBISHI"},{"localId":45,"apiBrandId":45,"name":"NISSAN","alias":"","logo":[{"publicUrl":"https:\/\/review.cms.emilfrey.carmato.io\/library\/brand\/Brand_Nissan__type_unisize.svg","properties":{"title":"Nissan Markenlogo","alternative":"Nissan Markenlogo","description":"Nissan Markenlogo","mimeType":"image\/svg+xml","type":"image","filename":"Brand_Nissan__type_unisize.svg","originalUrl":"\/library\/brand\/Brand_Nissan__type_unisize.svg","uidLocal":5423,"fileReferenceUid":18816,"size":"3 KB","link":null,"dimensions":{"width":68,"height":36},"cropDimensions":{"width":68,"height":36},"crop":{"brand_logo":{"cropArea":{"x":3.999999999973529,"y":0,"width":9.00000000005294,"height":9},"selectedRatio":"17:9","focusArea":null}},"autoplay":0,"extension":"svg","actions":null,"overlay_toggle":0},"breakpoint":"default"}],"logocustomsized":[{"publicUrl":"https:\/\/review.cms.emilfrey.carmato.io\/library\/brand\/Brand_Nissan__type_customsize.svg","properties":{"title":"Nissan Markenlogo","alternative":"Nissan Markenlogo","description":"Nissan Markenlogo","mimeType":"image\/svg+xml","type":"image","filename":"Brand_Nissan__type_customsize.svg","originalUrl":"\/library\/brand\/Brand_Nissan__type_customsize.svg","uidLocal":5424,"fileReferenceUid":18817,"size":"3 KB","link":null,"dimensions":{"width":52,"height":36},"cropDimensions":{"width":52,"height":36},"crop":{"default":{"cropArea":{"x":0,"y":0,"width":1,"height":1},"selectedRatio":"NaN","focusArea":null}},"autoplay":0,"extension":"svg","actions":null,"overlay_toggle":0},"breakpoint":"default"}],"logocolored":[],"landingpage":"\/markenwelt\/nissan","link":"\/markenwelt\/nissan","filter":"\/auto-kaufen\/nissan"},{"localId":54,"apiBrandId":54,"name":"\u0160koda","alias":"\u0160koda","logo":[{"publicUrl":"https:\/\/review.cms.emilfrey.carmato.io\/library\/brand\/skoda_unisize-neu.svg","properties":{"title":"Skoda Markenlogo","alternative":"Skoda Markenlogo","description":"Skoda Markenlogo","mimeType":"image\/svg+xml","type":"image","filename":"skoda_unisize-neu.svg","originalUrl":"\/library\/brand\/skoda_unisize-neu.svg","uidLocal":6338,"fileReferenceUid":21785,"size":"2 KB","link":null,"dimensions":{"width":68,"height":36},"cropDimensions":{"width":68,"height":36},"crop":{"brand_logo":{"cropArea":{"x":3.999999999973529,"y":0,"width":9.00000000005294,"height":9},"selectedRatio":"17:9","focusArea":null}},"autoplay":0,"extension":"svg","actions":null,"overlay_toggle":0},"breakpoint":"default"}],"logocustomsized":[{"publicUrl":"https:\/\/review.cms.emilfrey.carmato.io\/library\/brand\/skoda_customsize-neu.svg","properties":{"title":"Skoda Markenlogo","alternative":"Skoda Markenlogo","description":"Skoda Markenlogo","mimeType":"image\/svg+xml","type":"image","filename":"skoda_customsize-neu.svg","originalUrl":"\/library\/brand\/skoda_customsize-neu.svg","uidLocal":6337,"fileReferenceUid":21786,"size":"2 KB","link":null,"dimensions":{"width":68,"height":10},"cropDimensions":{"width":68,"height":10},"crop":{"default":{"cropArea":{"x":0,"y":0,"width":1,"height":1},"selectedRatio":"NaN","focusArea":null}},"autoplay":0,"extension":"svg","actions":null,"overlay_toggle":0},"breakpoint":"default"}],"logocolored":[{"publicUrl":"https:\/\/review.cms.emilfrey.carmato.io\/library\/brand\/skodaGruen_unisize.svg","properties":{"title":"Skoda Markenlogo","alternative":"Skoda Markenlogo","description":"Skoda Markenlogo","mimeType":"image\/svg+xml","type":"image","filename":"skodaGruen_unisize.svg","originalUrl":"\/library\/brand\/skodaGruen_unisize.svg","uidLocal":6340,"fileReferenceUid":21787,"size":"2 KB","link":null,"dimensions":{"width":68,"height":34},"cropDimensions":{"width":68,"height":34},"crop":{"default":{"cropArea":{"x":0,"y":0,"width":1,"height":1},"selectedRatio":"NaN","focusArea":null}},"autoplay":0,"extension":"svg","actions":null,"overlay_toggle":0},"breakpoint":"default"}],"landingpage":"\/markenwelt\/skoda","link":"\/markenwelt\/skoda","filter":"\/auto-kaufen\/SKODA"},{"localId":57,"apiBrandId":57,"name":"VOLVO","alias":"","logo":[{"publicUrl":"https:\/\/review.cms.emilfrey.carmato.io\/library\/brand\/volvo_unisize.svg","properties":{"title":"Volvo Markenlogo","alternative":"Volvo Markenlogo","description":"Volvo Markenlogo","mimeType":"image\/svg+xml","type":"image","filename":"volvo_unisize.svg","originalUrl":"\/library\/brand\/volvo_unisize.svg","uidLocal":214,"fileReferenceUid":1746,"size":"2 KB","link":null,"dimensions":{"width":68,"height":36},"cropDimensions":{"width":68,"height":36},"crop":{"brand_logo":{"cropArea":{"x":3.999999999973529,"y":0,"width":9.00000000005294,"height":9},"selectedRatio":"17:9","focusArea":null}},"autoplay":0,"extension":"svg","actions":null,"overlay_toggle":0},"breakpoint":"default"}],"logocustomsized":[{"publicUrl":"https:\/\/review.cms.emilfrey.carmato.io\/library\/brand\/volvo_customsize.svg","properties":{"title":"Volvo Markenlogo","alternative":"Volvo Markenlogo","description":"Volvo Markenlogo","mimeType":"image\/svg+xml","type":"image","filename":"volvo_customsize.svg","originalUrl":"\/library\/brand\/volvo_customsize.svg","uidLocal":149,"fileReferenceUid":1747,"size":"2 KB","link":null,"dimensions":{"width":68,"height":6},"cropDimensions":{"width":68,"height":6},"crop":{"default":{"cropArea":{"x":0,"y":0,"width":1,"height":1},"selectedRatio":"NaN","focusArea":null}},"autoplay":0,"extension":"svg","actions":null,"overlay_toggle":0},"breakpoint":"default"}],"logocolored":[{"publicUrl":"https:\/\/review.cms.emilfrey.carmato.io\/library\/brand\/volvo_unisize.svg","properties":{"title":"Volvo Markenlogo","alternative":"Volvo Markenlogo","description":"Volvo Markenlogo","mimeType":"image\/svg+xml","type":"image","filename":"volvo_unisize.svg","originalUrl":"\/library\/brand\/volvo_unisize.svg","uidLocal":214,"fileReferenceUid":21864,"size":"2 KB","link":null,"dimensions":{"width":68,"height":36},"cropDimensions":{"width":68,"height":36},"crop":{"default":{"cropArea":{"x":0,"y":0,"width":1,"height":1},"selectedRatio":"NaN","focusArea":null}},"autoplay":0,"extension":"svg","actions":null,"overlay_toggle":0},"breakpoint":"default"}],"landingpage":"\/markenwelt\/volvo","link":"\/markenwelt\/volvo","filter":"\/auto-kaufen\/VOLVO"},{"localId":58,"apiBrandId":58,"name":"VOLKSWAGEN","alias":"vw","logo":[{"publicUrl":"https:\/\/review.cms.emilfrey.carmato.io\/library\/brand\/volkswagen_unisize.svg","properties":{"title":"Volkswagen Markenlogo","alternative":"Volkswagen Markenlogo","description":"Volkswagen Markenlogo","mimeType":"image\/svg+xml","type":"image","filename":"volkswagen_unisize.svg","originalUrl":"\/library\/brand\/volkswagen_unisize.svg","uidLocal":95,"fileReferenceUid":1766,"size":"1 KB","link":null,"dimensions":{"width":68,"height":36},"cropDimensions":{"width":68,"height":36},"crop":{"brand_logo":{"cropArea":{"x":3.999999999973529,"y":0,"width":9.00000000005294,"height":9},"selectedRatio":"17:9","focusArea":null}},"autoplay":0,"extension":"svg","actions":null,"overlay_toggle":0},"breakpoint":"default"}],"logocustomsized":[{"publicUrl":"https:\/\/review.cms.emilfrey.carmato.io\/library\/brand\/volkswagen_customsize.svg","properties":{"title":"Volkswagen Markenlogo","alternative":"Volkswagen Markenlogo","description":"Volkswagen Markenlogo","mimeType":"image\/svg+xml","type":"image","filename":"volkswagen_customsize.svg","originalUrl":"\/library\/brand\/volkswagen_customsize.svg","uidLocal":81,"fileReferenceUid":1767,"size":"1 KB","link":null,"dimensions":{"width":32,"height":32},"cropDimensions":{"width":32,"height":32},"crop":{"default":{"cropArea":{"x":0,"y":0,"width":1,"height":1},"selectedRatio":"NaN","focusArea":null}},"autoplay":0,"extension":"svg","actions":null,"overlay_toggle":0},"breakpoint":"default"}],"logocolored":[{"publicUrl":"https:\/\/review.cms.emilfrey.carmato.io\/library\/brand\/volkswagen_customsize-farbig.svg","properties":{"title":"Volkswagen Markenlogo","alternative":"Volkswagen Markenlogo","description":"Volkswagen Markenlogo","mimeType":"image\/svg+xml","type":"image","filename":"volkswagen_customsize-farbig.svg","originalUrl":"\/library\/brand\/volkswagen_customsize-farbig.svg","uidLocal":6343,"fileReferenceUid":21791,"size":"1 KB","link":null,"dimensions":{"width":32,"height":32},"cropDimensions":{"width":32,"height":32},"crop":{"default":{"cropArea":{"x":0,"y":0,"width":1,"height":1},"selectedRatio":"NaN","focusArea":null}},"autoplay":0,"extension":"svg","actions":null,"overlay_toggle":0},"breakpoint":"default"}],"landingpage":"\/markenwelt\/volkswagen","link":"\/markenwelt\/volkswagen","filter":"\/auto-kaufen\/Volkswagen"}],"action":{"id":26854,"pid":1,"type":"a_01_01__action","content":{"text":"Alle Marken","link":"https:\/\/www.emilfrey.de\/auto-kaufen","layout":""}}}}},{"title":"Auto verkaufen","link":"\/autoankauf","target":"","active":0,"current":0,"spacer":0,"hasSubpages":0,"dropdown":{"topics":{"headline":"","action":[]},"searchlinks":{"headline":""},"brandlinks":{"headline":""}},"children":[]},{"title":"Standorte","link":"\/standorte","target":"","active":0,"current":0,"spacer":0,"hasSubpages":0,"dropdown":{"topics":{"headline":"","action":[]},"searchlinks":{"headline":""},"brandlinks":{"headline":""}},"children":[]},{"title":"Service und Zubeh\u00f6r","link":"\/service-und-zubehoer\/teile-und-zubehoer","target":"","active":0,"current":0,"spacer":0,"hasSubpages":1,"children":[{"title":"Service","link":"\/service-und-zubehoer\/service","target":"","active":0,"current":0,"spacer":0,"hasSubpages":0,"icon":"null"},{"title":"Terminvereinbarung","link":"\/terminvereinbarung","target":"_blank","active":0,"current":0,"spacer":0,"hasSubpages":0,"icon":"null"},{"title":"Teile und Zubeh\u00f6r","link":"\/service-und-zubehoer\/teile-und-zubehoer","target":"","active":0,"current":0,"spacer":0,"hasSubpages":0,"icon":"null"},{"title":"Aktionen und Angebote","link":"\/service\/aktionen-und-angebote","target":"","active":0,"current":0,"spacer":0,"hasSubpages":0,"icon":"null"}],"dropdown":{"topics":{"headline":"","action":[]},"searchlinks":{"headline":""},"brandlinks":{"headline":""}}}],"navigationSub":{"message":[],"toplinks":[{"id":26856,"pid":1,"type":"a_01_01__action","content":{"text":"<b>Ihr Fachmann<\/b> seit 1924","link":"\/ueber-emil-frey","icon":{"name":"experience","filename":"experience.svg","uri":"https:\/\/review.cms.emilfrey.carmato.io\/_assets\/958eaeec355dd4ee2749415835d6fe8d\/Images\/actions\/icons\/experience.svg","position":"","variant":""}}},{"id":26857,"pid":1,"type":"a_01_01__action","content":{"text":"<b>Mehr als 10.000 Fahrzeuge<\/b> sofort verf\u00fcgbar","link":"\/auto-kaufen","icon":{"name":"star","filename":"star.svg","uri":"https:\/\/review.cms.emilfrey.carmato.io\/_assets\/958eaeec355dd4ee2749415835d6fe8d\/Images\/actions\/icons\/star.svg","position":"","variant":""}}},{"id":26858,"pid":1,"type":"a_01_01__action","content":{"text":"<b>100 Standorte<\/b> deutschlandweit","link":"\/standorte","icon":{"name":"location","filename":"location.svg","uri":"https:\/\/review.cms.emilfrey.carmato.io\/_assets\/958eaeec355dd4ee2749415835d6fe8d\/Images\/actions\/icons\/location.svg","position":"","variant":""}}}],"pages":[{"id":416,"pid":1,"type":"a_01_01__action","content":{"text":"\u00dcber Emil Frey","link":"\/ueber-emil-frey","layout":"nav-item"}},{"id":470,"pid":1,"type":"a_01_01__action","content":{"text":"K\u00e4uferschutz","link":"\/kaeuferschutz","layout":"nav-item"}},{"id":469,"pid":1,"type":"a_01_01__action","content":{"text":"Karriere","link":"https:\/\/jobs.emilfrey.de\/","layout":"nav-item"}}]},"cards":[{"variant":"textlink","text":"Emil Frey Schutzbrief","image":[[{"publicUrl":"https:\/\/review.cms.emilfrey.carmato.io\/fileadmin\/Landesebene\/Kampagnen\/Schutzbrief\/Schutzbrief_offer166-1.png","properties":{"title":null,"alternative":null,"description":null,"mimeType":"image\/png","type":"image","filename":null,"originalUrl":"\/fileadmin\/Landesebene\/Kampagnen\/Schutzbrief\/Schutzbrief_offer166-1.png","uidLocal":6308,"fileReferenceUid":32114,"size":"2 MB","link":null,"dimensions":{"width":260,"height":174},"cropDimensions":{"width":260,"height":174},"crop":{"image260":{"cropArea":{"height":1,"width":0.9,"x":0.1,"y":0},"selectedRatio":"3:2","focusArea":null},"image100":{"cropArea":{"x":0.2001795332136445,"y":0,"width":0.599640933572711,"height":1},"selectedRatio":"1:1","focusArea":null}},"autoplay":null,"extension":"png","actions":null,"overlay_toggle":0},"breakpoint":"desktop"},{"publicUrl":"https:\/\/review.cms.emilfrey.carmato.io\/fileadmin\/Landesebene\/Kampagnen\/Schutzbrief\/Schutzbrief_offer166-1.png","properties":{"title":null,"alternative":null,"description":null,"mimeType":"image\/png","type":"image","filename":null,"originalUrl":"\/fileadmin\/Landesebene\/Kampagnen\/Schutzbrief\/Schutzbrief_offer166-1.png","uidLocal":6308,"fileReferenceUid":32114,"size":"2 MB","link":null,"dimensions":{"width":200,"height":200},"cropDimensions":{"width":200,"height":200},"crop":{"image260":{"cropArea":{"height":1,"width":0.9,"x":0.1,"y":0},"selectedRatio":"3:2","focusArea":null},"image100":{"cropArea":{"x":0.2001795332136445,"y":0,"width":0.599640933572711,"height":1},"selectedRatio":"1:1","focusArea":null}},"autoplay":null,"extension":"png","actions":null,"overlay_toggle":0},"breakpoint":"mobile"},{"publicUrl":"https:\/\/review.cms.emilfrey.carmato.io\/fileadmin\/Landesebene\/Kampagnen\/Schutzbrief\/Schutzbrief_offer166-1.png","properties":{"title":null,"alternative":null,"description":null,"mimeType":"image\/png","type":"image","filename":null,"originalUrl":"\/fileadmin\/Landesebene\/Kampagnen\/Schutzbrief\/Schutzbrief_offer166-1.png","uidLocal":6308,"fileReferenceUid":32114,"size":"2 MB","link":null,"dimensions":{"width":260,"height":174},"cropDimensions":{"width":260,"height":174},"crop":{"image260":{"cropArea":{"height":1,"width":0.9,"x":0.1,"y":0},"selectedRatio":"3:2","focusArea":null},"image100":{"cropArea":{"x":0.2001795332136445,"y":0,"width":0.599640933572711,"height":1},"selectedRatio":"1:1","focusArea":null}},"autoplay":null,"extension":"png","actions":null,"overlay_toggle":0},"breakpoint":"default"}]],"action":"\/schutzbrief"}],"breadcrumbs":[{"title":"Emil Frey Deutschland","link":"\/","target":"","active":1,"current":1,"spacer":0,"hasSubpages":1}]}},"footer":{"context":{"uid":20,"pid":1},"content":{"settings":{"theme":"blue"},"header":{"text":"<p>Emil Frey&nbsp;Deutschland<\/p>","logo":[[{"publicUrl":"https:\/\/review.cms.emilfrey.carmato.io\/library\/brand\/emilfrey.svg","properties":{"title":"Emil Frey Rugel","alternative":"Emil Frey Logo","description":"Emil Frey Rugel","mimeType":"image\/svg+xml","type":"image","filename":"emilfrey.svg","originalUrl":"\/library\/brand\/emilfrey.svg","uidLocal":9,"fileReferenceUid":9,"size":"7 KB","link":null,"dimensions":{"width":500,"height":500},"cropDimensions":{"width":500,"height":500},"crop":{"o_01_03__footer_logo":{"cropArea":{"x":0,"y":0.006865558375032689,"width":0.9932885906040267,"height":0.9862688832499347},"selectedRatio":"1:1","focusArea":null}},"autoplay":0,"extension":"svg","actions":null,"overlay_toggle":0},"breakpoint":"default"}]]},"pages":[{"id":69,"pid":41,"type":"a_01_01__action","content":{"text":"Auto verkaufen","link":"\/autoankauf","layout":"footer-link"}},{"id":72,"pid":41,"type":"a_01_01__action","content":{"text":"Elektromobilit\u00e4t","link":"\/elektromobilitaet","layout":"footer-link"}},{"id":148,"pid":41,"type":"a_01_01__action","content":{"text":"Teile und Zubeh\u00f6r","link":"\/service-und-zubehoer\/teile-und-zubehoer","layout":"footer-link"}},{"id":180,"pid":41,"type":"a_01_01__action","content":{"text":"Online Terminvereinbarung","link":"\/terminvereinbarung","layout":"footer-link"}},{"id":73,"pid":41,"type":"a_01_01__action","content":{"text":"Markenwelt","link":"\/markenwelt","layout":"footer-link"}},{"id":459,"pid":41,"type":"a_01_01__action","content":{"text":"Standorte","link":"\/standorte","layout":"footer-link"}},{"id":80,"pid":41,"type":"a_01_01__action","content":{"text":"\u00dcber Emil Frey","link":"\/ueber-emil-frey","layout":"footer-link"}},{"id":2,"pid":1,"type":"a_01_01__action","content":{"text":"Auto kaufen","link":"\/auto-kaufen","layout":"footer-link"}},{"id":2622,"pid":1,"type":"a_01_01__action","content":{"text":"WEITERE GESCH\u00c4FTSFELDER","link":"\/weitere-informationen","layout":"footer-link"}},{"id":11,"pid":1,"type":"a_01_01__action","content":{"text":"Karriere","link":"https:\/\/jobs.emilfrey.de\/","layout":"footer-link"}},{"id":460,"pid":1,"type":"a_01_01__action","content":{"text":"Kontakt","link":"\/kontakt","layout":"footer-link"}},{"id":32968,"pid":1,"type":"a_01_01__action","content":{"text":"K\u00e4uferschutz","link":"\/kaeuferschutz","layout":"footer-link"}},{"id":33930,"pid":1,"type":"a_01_01__action","content":{"text":"Nachhaltigkeit","link":"https:\/\/www.sgp-cura.de\/de\/app\/emil-frey\/","layout":"footer-link"}},{"id":34998,"pid":1,"type":"a_01_01__action","content":{"text":"EU Data Act","link":"\/eu-data-act","layout":"footer-link"}}],"newsletter":{"title":"Newsletter","teaser":"Registrieren Sie sich jetzt f\u00fcr den Emil Frey Deutschland Newsletter und verpassen Sie keine Neuigkeiten mehr.","placeholder":"E-Mail Adresse"},"socialmedia":[{"id":198,"pid":41,"type":"a_01_01__action","content":{"text":"LinkedIn","link":"https:\/\/www.linkedin.com\/company\/emilfreydeutschland","layout":"icon-secondary-default","variant":"","icon":{"name":"linkedin","filename":"linkedin.svg","uri":"https:\/\/review.cms.emilfrey.carmato.io\/_assets\/958eaeec355dd4ee2749415835d6fe8d\/Images\/socialmedia\/icons\/linkedin.svg"}}},{"id":203,"pid":41,"type":"a_01_01__action","content":{"text":"YouTube","link":"https:\/\/www.youtube.com\/emilfreydeutschland","layout":"icon-secondary-default","variant":"","icon":{"name":"youtube","filename":"youtube.svg","uri":"https:\/\/review.cms.emilfrey.carmato.io\/_assets\/958eaeec355dd4ee2749415835d6fe8d\/Images\/socialmedia\/icons\/youtube.svg"}}},{"id":15,"pid":1,"type":"a_01_01__action","content":{"text":"Facebook","link":"https:\/\/www.facebook.com\/emilfrey.de","layout":"icon-secondary-default","variant":"","icon":{"name":"facebook","filename":"facebook.svg","uri":"https:\/\/review.cms.emilfrey.carmato.io\/_assets\/958eaeec355dd4ee2749415835d6fe8d\/Images\/socialmedia\/icons\/facebook.svg"}}},{"id":16,"pid":1,"type":"a_01_01__action","content":{"text":"Instagram","link":"https:\/\/www.instagram.com\/emilfrey.de","layout":"icon-secondary-default","variant":"","icon":{"name":"instagram","filename":"instagram.svg","uri":"https:\/\/review.cms.emilfrey.carmato.io\/_assets\/958eaeec355dd4ee2749415835d6fe8d\/Images\/socialmedia\/icons\/instagram.svg"}}}],"legal":[{"id":214,"pid":41,"type":"a_01_01__action","content":{"text":"Datenschutz","link":"\/datenschutz","layout":"footer-link-small"}},{"id":219,"pid":41,"type":"a_01_01__action","content":{"text":"Cookies","link":"\/cookies","layout":"footer-link-small"}},{"id":19,"pid":1,"type":"a_01_01__action","content":{"text":"Impressum","link":"\/impressum","layout":"footer-link-small"}},{"id":20,"pid":1,"type":"a_01_01__action","content":{"text":"AGB","link":"\/allgemeine-geschaeftsbedingungen","layout":"footer-link-small"}},{"id":27612,"pid":1,"type":"a_01_01__action","content":{"text":"Hinweisgeber","link":"\/hinweisgeber","layout":"footer-link-small"}},{"id":28601,"pid":1,"type":"a_01_01__action","content":{"text":"Barrierefreiheit","link":"\/barrierefreiheit","layout":"footer-link-small"}}],"trustsymbols":[{"image":{"publicUrl":"https:\/\/review.cms.emilfrey.carmato.io\/fileadmin\/Landesebene\/Autohaus_Award.svg","properties":{"title":null,"alternative":null,"description":null,"mimeType":"image\/svg+xml","type":"image","filename":"Autohaus_Award.svg","originalUrl":"\/fileadmin\/Landesebene\/Autohaus_Award.svg","uidLocal":9077,"fileReferenceUid":34588,"size":"18 KB","link":"\/auto-motor-sport","dimensions":{"width":168,"height":120},"cropDimensions":{"width":168,"height":120},"crop":{"trustsymbol_desktop":{"cropArea":{"x":0,"y":0,"width":1,"height":1},"selectedRatio":"NaN","focusArea":null},"trustsymbol_mobile":{"cropArea":{"x":0,"y":0,"width":1,"height":1},"selectedRatio":"NaN","focusArea":null}},"autoplay":0,"extension":"svg","actions":null,"overlay_toggle":0},"breakpoint":"default"},"link":"\/auto-motor-sport"},{"image":{"publicUrl":"https:\/\/review.cms.emilfrey.carmato.io\/fileadmin\/Landesebene\/AuBi_AH2026_Logo_EmilFrey_Var03.svg","properties":{"title":null,"alternative":null,"description":null,"mimeType":"image\/svg+xml","type":"image","filename":"AuBi_AH2026_Logo_EmilFrey_Var03.svg","originalUrl":"\/fileadmin\/Landesebene\/AuBi_AH2026_Logo_EmilFrey_Var03.svg","uidLocal":9079,"fileReferenceUid":34593,"size":"22 KB","link":null,"dimensions":{"width":172,"height":301},"cropDimensions":{"width":172,"height":301},"crop":{"trustsymbol_desktop":{"cropArea":{"x":0,"y":0,"width":1,"height":1},"selectedRatio":"NaN","focusArea":null},"trustsymbol_mobile":{"cropArea":{"x":0,"y":0,"width":1,"height":1},"selectedRatio":"NaN","focusArea":null}},"autoplay":0,"extension":"svg","actions":null,"overlay_toggle":0},"breakpoint":"default"},"link":null}],"legalNotice":{"col1":{"header":"*HINWEIS ZU KRAFTSTOFFVERBRAUCH UND CO\u2082-EMISSIONEN","text":"<p>Die angegebenen Werte wurden nach dem vorgeschriebenen Messverfahren [VO (EG) 715\/2007 und VO (EG) 692\/2008 in der jeweils geltenden Fassung] ermittelt. Die Angaben beziehen sich nicht auf ein einzelnes Fahrzeug und sind nicht Bestandteil des Angebotes, sondern dienen allein Vergleichszwecken zwischen den verschiedenen Fahrzeugtypen.<\/p>"},"col2":{"header":"*HINWEIS NACH RICHTLINIE 1999\/94\/EG","text":"<p>Der Kraftstoffverbrauch und die CO<sub>2<\/sub>-Emissionen eines Fahrzeugs h\u00e4ngen nicht nur von der effizienten Ausnutzung des Kraftstoffs durch das Fahrzeug ab, sondern werden auch vom Fahrverhalten und anderen nichttechnischen Faktoren beeinflusst. CO<sub>2<\/sub>&nbsp;ist das f\u00fcr die Erderw\u00e4rmung haupts\u00e4chlich verantwortliche Treibhausgas.<\/p>"},"col3":{"header":"","text":"<p>Weitere Informationen zum offiziellen&nbsp;Kraftstoffverbrauch und den offiziellen spezifischen CO<sub>2<\/sub>-Emissionen neuer Personenkraftwagen k\u00f6nnen dem&nbsp;<a href=\"https:\/\/www.dat.de\/co2\/\" target=\"_blank\" rel=\"noreferrer\">'Leitfaden \u00fcber den Kraftstoffverbrauch<\/a>, die CO<sub>2<\/sub>-Emissionen und den Stromverbrauch neuer Personenkraftwagen' entnommen werden, der an allen Verkaufsstellen und bei&nbsp;<a href=\"http:\/\/www.dat.de\/\" target=\"_blank\" rel=\"noreferrer\">http:\/\/www.dat.de<\/a>&nbsp;unentgeltlich erh\u00e4ltlich ist. F\u00fcr weitere Informationen siehe&nbsp;<a href=\"http:\/\/www.gesetze-im-internet.de\/pkw-envkv\/index.html\" target=\"_blank\" rel=\"noreferrer\">Pkw - Energieverbrauchskennzeichnungsverordnung \u2013 Pkw-EnVKV.<\/a><\/p>\n\n<p>**Insgesamt wurden 13 Niederlassungen der AHZ Automobil Handels Zentrum GmbH, Auto-Fiegl GmbH, Autohaus am Handweiser GmbH, Avalon Premium Cars GmbH, Emil Frey Kassel\/G\u00f6ttingen GmbH, Emil Frey K\u00fcstengarage GmbH, Emil Frey Mainfranken GmbH und Schwabengarage GmbH ausgezeichnet. Eine detaillierte Auflistung dieser Filialen ist unter emilfrey.de\/auto-motor-sport abrufbar.<\/p>"}}}}},"page":{"style_mode":"emilfrey","socialMedia":{"ogTitle":"Emil Frey Deutschland: Rund um das Automobil bestens betreut","ogDescription":"Vom Neuwagen \u00fcber die Tageszulassung bis hin zum Gebrauchtwagen steht Ihnen Emil Frey mit einer Auswahl von \u00fcber 10.000 Fahrzeugen zur Seite.","ogImage":[{"publicUrl":"https:\/\/review.cms.emilfrey.carmato.io\/home\/emilfrey-carmato-typo3\/webapps\/emilfrey-carmato-typo3-stage\/releases\/1773916380791\/vendor\/extmage\/contentprovider\/Resources\/Public\/Images\/socialmedia\/emilFrey_opengraph.jpg","properties":[]}],"twitterTitle":"Emil Frey Deutschland: Rund um das Automobil bestens betreut","twitterDescription":"Vom Neuwagen \u00fcber die Tageszulassung bis hin zum Gebrauchtwagen steht Ihnen Emil Frey mit einer Auswahl von \u00fcber 10.000 Fahrzeugen zur Seite.","twitterCard":"summary","twitterImage":[{"publicUrl":"https:\/\/review.cms.emilfrey.carmato.io\/home\/emilfrey-carmato-typo3\/webapps\/emilfrey-carmato-typo3-stage\/releases\/1773916380791\/vendor\/extmage\/contentprovider\/Resources\/Public\/Images\/socialmedia\/emilFrey_opengraph.jpg","properties":[]}]}}}